{"id":16492,"date":"2024-04-17T11:20:04","date_gmt":"2024-04-17T09:20:04","guid":{"rendered":"https:\/\/www.ada.at\/?post_type=product&#038;p=16492"},"modified":"2026-03-23T14:15:51","modified_gmt":"2026-03-23T13:15:51","slug":"raimo","status":"publish","type":"product","link":"https:\/\/www.ada.at\/hu\/produkte\/lakik\/kanapek\/raimo\/","title":{"rendered":"Raimo"},"content":{"rendered":"<p><div class=\"fusion-fullwidth fullwidth-box fusion-builder-row-1 fusion-flex-container has-pattern-background has-mask-background nonhundred-percent-fullwidth non-hundred-percent-height-scrolling cp-2images\" style=\"--awb-border-radius-top-left:0px;--awb-border-radius-top-right:0px;--awb-border-radius-bottom-right:0px;--awb-border-radius-bottom-left:0px;--awb-flex-wrap:wrap;\" ><div class=\"fusion-builder-row fusion-row fusion-flex-align-items-flex-start fusion-flex-content-wrap\" style=\"max-width:1248px;margin-left: calc(-4% \/ 2 );margin-right: calc(-4% \/ 2 );\"><div class=\"fusion-layout-column fusion_builder_column fusion-builder-column-0 fusion_builder_column_1_2 1_2 fusion-flex-column top100\" style=\"--awb-padding-top:30px;--awb-bg-size:cover;--awb-width-large:50%;--awb-margin-top-large:0px;--awb-spacing-right-large:3.84%;--awb-margin-bottom-large:20px;--awb-spacing-left-large:3.84%;--awb-width-medium:50%;--awb-order-medium:0;--awb-spacing-right-medium:3.84%;--awb-spacing-left-medium:3.84%;--awb-width-small:100%;--awb-order-small:0;--awb-spacing-right-small:1.92%;--awb-spacing-left-small:1.92%;\" data-scroll-devices=\"small-visibility,medium-visibility,large-visibility\"><div class=\"fusion-column-wrapper fusion-column-has-shadow fusion-flex-justify-content-flex-start fusion-content-layout-column\"><div class=\"fusion-image-element \" style=\"--awb-caption-title-font-family:var(--h2_typography-font-family);--awb-caption-title-font-weight:var(--h2_typography-font-weight);--awb-caption-title-font-style:var(--h2_typography-font-style);--awb-caption-title-size:var(--h2_typography-font-size);--awb-caption-title-transform:var(--h2_typography-text-transform);--awb-caption-title-line-height:var(--h2_typography-line-height);--awb-caption-title-letter-spacing:var(--h2_typography-letter-spacing);\"><span class=\" fusion-imageframe imageframe-none imageframe-1 hover-type-none\" style=\"border-radius:8px;\"><img decoding=\"async\" width=\"1013\" height=\"1400\" alt=\"Sofa RAIMO in rot braunem Leder von ADA M\u00f6bel mit Nackenverstellung und Vorziehbank\" title=\"4xl-Raimo_EVI157_D14\" src=\"https:\/\/www.ada.at\/wp-content\/uploads\/2024\/04\/4xl-Raimo_EVI157_D14.png\" class=\"img-responsive wp-image-16498\"\/><\/span><\/div><\/div><\/div><div class=\"fusion-layout-column fusion_builder_column fusion-builder-column-1 fusion_builder_column_1_2 1_2 fusion-flex-column top200\" style=\"--awb-bg-size:cover;--awb-width-large:50%;--awb-margin-top-large:0px;--awb-spacing-right-large:3.84%;--awb-margin-bottom-large:20px;--awb-spacing-left-large:3.84%;--awb-width-medium:50%;--awb-order-medium:0;--awb-spacing-right-medium:3.84%;--awb-spacing-left-medium:3.84%;--awb-width-small:100%;--awb-order-small:0;--awb-spacing-right-small:1.92%;--awb-spacing-left-small:1.92%;\" data-scroll-devices=\"small-visibility,medium-visibility,large-visibility\"><div class=\"fusion-column-wrapper fusion-column-has-shadow fusion-flex-justify-content-flex-start fusion-content-layout-column\"><div class=\"fusion-image-element \" style=\"--awb-caption-title-font-family:var(--h2_typography-font-family);--awb-caption-title-font-weight:var(--h2_typography-font-weight);--awb-caption-title-font-style:var(--h2_typography-font-style);--awb-caption-title-size:var(--h2_typography-font-size);--awb-caption-title-transform:var(--h2_typography-text-transform);--awb-caption-title-line-height:var(--h2_typography-line-height);--awb-caption-title-letter-spacing:var(--h2_typography-letter-spacing);\"><span class=\" fusion-imageframe imageframe-none imageframe-2 hover-type-none\" style=\"border-radius:8px;\"><img decoding=\"async\" width=\"1200\" height=\"1600\" alt=\"Sofa RAIMO in rot braunem Leder von ADA M\u00f6bel mit Nackenverstellung und Vorziehbank\" title=\"4xl-Raimo_EVI157_D_8\" src=\"https:\/\/www.ada.at\/wp-content\/uploads\/2024\/04\/4xl-Raimo_EVI157_D_8.png\" class=\"img-responsive wp-image-16501\"\/><\/span><\/div><\/div><\/div><\/div><\/div><div class=\"fusion-fullwidth fullwidth-box fusion-builder-row-2 fusion-flex-container has-pattern-background has-mask-background fusion-parallax-none nonhundred-percent-fullwidth non-hundred-percent-height-scrolling cp-nachhaltigkeitselement cp-textlogos top-200 bg-gruen\" style=\"--awb-border-radius-top-left:0px;--awb-border-radius-top-right:0px;--awb-border-radius-bottom-right:0px;--awb-border-radius-bottom-left:0px;--awb-padding-bottom:0px;--awb-margin-bottom:0px;--awb-background-image:url(&quot;\/wp-content\/uploads\/2023\/08\/Ada-Hintergrund_dgrau_2.jpg&quot;);--awb-background-size:cover;--awb-flex-wrap:wrap;\" ><div class=\"fusion-builder-row fusion-row fusion-flex-align-items-flex-start fusion-flex-content-wrap\" style=\"max-width:1248px;margin-left: calc(-4% \/ 2 );margin-right: calc(-4% \/ 2 );\"><div class=\"fusion-layout-column fusion_builder_column fusion-builder-column-2 fusion_builder_column_1_3 1_3 fusion-flex-column\" style=\"--awb-padding-top:84px;--awb-bg-size:cover;--awb-width-large:33.333333333333%;--awb-margin-top-large:19px;--awb-spacing-right-large:5.76%;--awb-margin-bottom-large:20px;--awb-spacing-left-large:5.76%;--awb-width-medium:33.333333333333%;--awb-order-medium:0;--awb-spacing-right-medium:5.76%;--awb-spacing-left-medium:5.76%;--awb-width-small:100%;--awb-order-small:0;--awb-spacing-right-small:1.92%;--awb-spacing-left-small:1.92%;\"><div class=\"fusion-column-wrapper fusion-column-has-shadow fusion-flex-justify-content-flex-start fusion-content-layout-column\"><div class=\"fusion-title title fusion-title-1 fusion-sep-none fusion-title-text fusion-title-size-two\" style=\"--awb-text-color:var(--awb-color5);--awb-margin-top-small:10px;--awb-margin-right-small:0px;--awb-margin-bottom-small:10px;--awb-margin-left-small:0px;\"><h2 class=\"fusion-title-heading title-heading-left\" style=\"margin:0;\">Kapcsoljon ki &#8211; \u00e9s hagyja a vil\u00e1got k\u00edv\u00fcl<\/h2><\/div><\/div><\/div><div class=\"fusion-layout-column fusion_builder_column fusion-builder-column-3 fusion_builder_column_2_3 2_3 fusion-flex-column\" style=\"--awb-padding-top:152px;--awb-bg-size:cover;--awb-width-large:66.666666666667%;--awb-margin-top-large:0px;--awb-spacing-right-large:2.88%;--awb-margin-bottom-large:20px;--awb-spacing-left-large:2.88%;--awb-width-medium:66.666666666667%;--awb-order-medium:0;--awb-spacing-right-medium:2.88%;--awb-spacing-left-medium:2.88%;--awb-width-small:100%;--awb-order-small:0;--awb-spacing-right-small:1.92%;--awb-spacing-left-small:1.92%;\" data-scroll-devices=\"small-visibility,medium-visibility,large-visibility\"><div class=\"fusion-column-wrapper fusion-column-has-shadow fusion-flex-justify-content-flex-start fusion-content-layout-column\"><div class=\"fusion-text fusion-text-1\" style=\"--awb-text-color:var(--awb-color1);\"><p><span style=\"color: #333333;\">Csak nyugodtan. A szem\u00e9lyes id\u0151k\u00e9r\u00e9sed. J\u00f6jj\u00f6n haza, s\u00fcllyedjen a nagy \u00fcl\u00e9sekbe, d\u0151lj\u00f6n h\u00e1tra \u00e9s vegyen egy m\u00e9ly l\u00e9legzetet &#8211; csod\u00e1latos! A fejt\u00e1ml\u00e1k az \u00d6n sz\u00e1m\u00e1ra legk\u00e9nyelmesebb poz\u00edci\u00f3ba \u00e1ll\u00edthat\u00f3k. Szeretne felegyenesedve \u00fclni \u00e9s elmer\u00fclni egy k\u00f6nyvben? Mozgassa felfel\u00e9 a fejt\u00e1ml\u00e1kat. Ha ink\u00e1bb a kanap\u00e9n heny\u00e9lne, hagyja \u0151ket leengedve.<\/span><\/p>\n<p><span style=\"color: #333333;\">A karf\u00e1t illet\u0151en is van v\u00e1laszt\u00e1si lehet\u0151s\u00e9ge: felfel\u00e9 vagy lefel\u00e9 hajtva? \u00d6n v\u00e1laszt &#8211; \u00e9s a v\u00e1laszt\u00e1s lehet\u0151s\u00e9ge az igazi \u00e9letmin\u0151s\u00e9g r\u00e9sze. Egy\u00e9bk\u00e9nt: a RAIMO-n\u00e1l extrak\u00e9nt hozz\u00e1adhatja a motoros el\u0151reh\u00fazhat\u00f3 padot. Az \u00fcl\u00e9s egy gombnyom\u00e1sra finoman el\u0151re mozog. \u00cdgy m\u00e9g t\u00f6bb hely \u00e1ll rendelkez\u00e9sre, hogy k\u00e9nyelmesen pihentesse a l\u00e1b\u00e1t a kanap\u00e9n, \u00e9s \u00e9lvezze az elm\u00e9s perceket. Amikor a percek \u00f3r\u00e1kk\u00e1 v\u00e1lnak? Ann\u00e1l jobb.<\/span><\/p>\n<\/div><\/div><\/div><\/div><\/div><div class=\"fusion-fullwidth fullwidth-box fusion-builder-row-3 fusion-flex-container has-pattern-background has-mask-background nonhundred-percent-fullwidth non-hundred-percent-height-scrolling top-50\" style=\"--awb-border-radius-top-left:0px;--awb-border-radius-top-right:0px;--awb-border-radius-bottom-right:0px;--awb-border-radius-bottom-left:0px;--awb-flex-wrap:wrap;\" ><div class=\"fusion-builder-row fusion-row fusion-flex-align-items-flex-start fusion-flex-content-wrap\" style=\"max-width:1248px;margin-left: calc(-4% \/ 2 );margin-right: calc(-4% \/ 2 );\"><div class=\"fusion-layout-column fusion_builder_column fusion-builder-column-4 fusion_builder_column_1_1 1_1 fusion-flex-column top-50\" style=\"--awb-padding-top:10px;--awb-bg-size:cover;--awb-width-large:100%;--awb-margin-top-large:0px;--awb-spacing-right-large:1.92%;--awb-margin-bottom-large:20px;--awb-spacing-left-large:1.92%;--awb-width-medium:100%;--awb-order-medium:0;--awb-spacing-right-medium:1.92%;--awb-spacing-left-medium:1.92%;--awb-width-small:100%;--awb-order-small:0;--awb-spacing-right-small:1.92%;--awb-spacing-left-small:1.92%;\"><div class=\"fusion-column-wrapper fusion-column-has-shadow fusion-flex-justify-content-flex-start fusion-content-layout-column\"><div class=\"fusion-image-element \" style=\"--awb-caption-title-font-family:var(--h2_typography-font-family);--awb-caption-title-font-weight:var(--h2_typography-font-weight);--awb-caption-title-font-style:var(--h2_typography-font-style);--awb-caption-title-size:var(--h2_typography-font-size);--awb-caption-title-transform:var(--h2_typography-text-transform);--awb-caption-title-line-height:var(--h2_typography-line-height);--awb-caption-title-letter-spacing:var(--h2_typography-letter-spacing);\"><span class=\" fusion-imageframe imageframe-none imageframe-3 hover-type-none\" style=\"border-radius:8px;\"><img decoding=\"async\" width=\"1400\" height=\"800\" alt=\"Sofa RAIMO in rot braunem Leder von ADA M\u00f6bel mit Nackenverstellung und Vorziehbank\" title=\"4xl-Raimo_EVI157_D12\" src=\"https:\/\/www.ada.at\/wp-content\/uploads\/2024\/04\/4xl-Raimo_EVI157_D12.png\" class=\"img-responsive wp-image-16495\"\/><\/span><\/div><\/div><\/div><\/div><\/div><div class=\"fusion-fullwidth fullwidth-box fusion-builder-row-4 fusion-flex-container has-pattern-background has-mask-background nonhundred-percent-fullwidth non-hundred-percent-height-scrolling cp-textlogos\" style=\"--awb-border-radius-top-left:0px;--awb-border-radius-top-right:0px;--awb-border-radius-bottom-right:0px;--awb-border-radius-bottom-left:0px;--awb-padding-top:50px;--awb-padding-bottom:50px;--awb-flex-wrap:wrap;\" ><div class=\"fusion-builder-row fusion-row fusion-flex-align-items-center fusion-flex-justify-content-center fusion-flex-content-wrap\" style=\"max-width:1248px;margin-left: calc(-4% \/ 2 );margin-right: calc(-4% \/ 2 );\"><div class=\"fusion-layout-column fusion_builder_column fusion-builder-column-5 fusion_builder_column_1_3 1_3 fusion-flex-column fusion-flex-align-self-flex-start\" style=\"--awb-bg-color:var(--awb-color1);--awb-bg-color-hover:var(--awb-color1);--awb-bg-size:cover;--awb-width-large:33.333333333333%;--awb-margin-top-large:0px;--awb-spacing-right-large:5.76%;--awb-margin-bottom-large:20px;--awb-spacing-left-large:5.76%;--awb-width-medium:33.333333333333%;--awb-order-medium:0;--awb-spacing-right-medium:5.76%;--awb-spacing-left-medium:5.76%;--awb-width-small:100%;--awb-order-small:0;--awb-spacing-right-small:1.92%;--awb-spacing-left-small:1.92%;\" data-scroll-devices=\"small-visibility,medium-visibility,large-visibility\"><div class=\"fusion-column-wrapper fusion-column-has-shadow fusion-flex-justify-content-flex-start fusion-content-layout-column\"><div class=\"fusion-title title fusion-title-2 fusion-sep-none fusion-title-text fusion-title-size-two\" style=\"--awb-text-color:var(--awb-color5);--awb-margin-top-small:10px;--awb-margin-right-small:0px;--awb-margin-bottom-small:10px;--awb-margin-left-small:0px;\"><h2 class=\"fusion-title-heading title-heading-left\" style=\"margin:0;\">Wow &#8211; a szemet gy\u00f6ny\u00f6rk\u00f6dtet\u0151!<\/h2><\/div><\/div><\/div><div class=\"fusion-layout-column fusion_builder_column fusion-builder-column-6 fusion_builder_column_2_3 2_3 fusion-flex-column fusion-flex-align-self-flex-start\" style=\"--awb-bg-size:cover;--awb-width-large:66.666666666667%;--awb-margin-top-large:0px;--awb-spacing-right-large:2.88%;--awb-margin-bottom-large:20px;--awb-spacing-left-large:2.88%;--awb-width-medium:66.666666666667%;--awb-order-medium:0;--awb-spacing-right-medium:2.88%;--awb-spacing-left-medium:2.88%;--awb-width-small:100%;--awb-order-small:0;--awb-spacing-right-small:1.92%;--awb-spacing-left-small:1.92%;\" data-scroll-devices=\"small-visibility,medium-visibility,large-visibility\"><div class=\"fusion-column-wrapper fusion-column-has-shadow fusion-flex-justify-content-flex-start fusion-content-layout-column\"><div class=\"fusion-text fusion-text-2\" style=\"--awb-text-color:var(--awb-color5);\"><p><span style=\"color: #333333;\">Azt m\u00e1r tudja, hogy a RAIMO laz\u00edt\u00e1sra \u00e9s kikapcsol\u00f3d\u00e1sra h\u00edvja \u00d6nt. Hogy a kanap\u00e9j\u00e1nak is szem\u00e9lyre szabott k\u00fcls\u0151t adhat, tal\u00e1n m\u00e9g nem. V\u00e1lasszon, legyen k\u00edv\u00e1ncsi \u00e9s d\u00f6nts\u00f6n: hogyan szeretn\u00e9 hangs\u00falyozni a RAIMO eleg\u00e1ns, modern diz\u00e1jnj\u00e1t? Melyik bor\u00edt\u00f3 hangs\u00falyozza a steppelt megjelen\u00e9st? A sz\u00f6vetek \u00e9s b\u0151r\u00f6k v\u00e1laszt\u00e9ka sz\u00e1mos term\u00e9szetes sz\u00ednben hatalmas. H\u00e1romf\u00e9le \u00fcl\u00e9smin\u0151s\u00e9g \u00e9s n\u00e9gyf\u00e9le kivitelben \u00e9s k\u00e9tf\u00e9le sz\u00ednben (kr\u00f3m vagy fekete) v\u00e1laszthat a kanap\u00e9 l\u00e1bai k\u00f6z\u00fcl. \u00c9s &#8211; felfedezte a RAIMO-ban rejl\u0151 lehet\u0151s\u00e9geket, mint lehets\u00e9ges kedvenc hely?<\/span><\/p>\n<\/div><\/div><\/div><\/div><\/div><div class=\"fusion-fullwidth fullwidth-box fusion-builder-row-5 fusion-flex-container has-pattern-background has-mask-background nonhundred-percent-fullwidth non-hundred-percent-height-scrolling top-50\" style=\"--awb-border-radius-top-left:0px;--awb-border-radius-top-right:0px;--awb-border-radius-bottom-right:0px;--awb-border-radius-bottom-left:0px;--awb-flex-wrap:wrap;\" ><div class=\"fusion-builder-row fusion-row fusion-flex-align-items-flex-start fusion-flex-content-wrap\" style=\"max-width:1248px;margin-left: calc(-4% \/ 2 );margin-right: calc(-4% \/ 2 );\"><div class=\"fusion-layout-column fusion_builder_column fusion-builder-column-7 fusion_builder_column_1_1 1_1 fusion-flex-column top-50\" style=\"--awb-padding-top:10px;--awb-bg-size:cover;--awb-width-large:100%;--awb-margin-top-large:0px;--awb-spacing-right-large:1.92%;--awb-margin-bottom-large:20px;--awb-spacing-left-large:1.92%;--awb-width-medium:100%;--awb-order-medium:0;--awb-spacing-right-medium:1.92%;--awb-spacing-left-medium:1.92%;--awb-width-small:100%;--awb-order-small:0;--awb-spacing-right-small:1.92%;--awb-spacing-left-small:1.92%;\"><div class=\"fusion-column-wrapper fusion-column-has-shadow fusion-flex-justify-content-flex-start fusion-content-layout-column\"><div class=\"fusion-image-element \" style=\"--awb-caption-title-font-family:var(--h2_typography-font-family);--awb-caption-title-font-weight:var(--h2_typography-font-weight);--awb-caption-title-font-style:var(--h2_typography-font-style);--awb-caption-title-size:var(--h2_typography-font-size);--awb-caption-title-transform:var(--h2_typography-text-transform);--awb-caption-title-line-height:var(--h2_typography-line-height);--awb-caption-title-letter-spacing:var(--h2_typography-letter-spacing);\"><span class=\" fusion-imageframe imageframe-none imageframe-4 hover-type-none\" style=\"border-radius:8px;\"><img decoding=\"async\" width=\"1400\" height=\"800\" alt=\"Sofa RAIMO in rot braunem Leder von ADA M\u00f6bel mit Nackenverstellung und Vorziehbank\" title=\"4xl-Raimo_EVI157_QF_AT Funktion_Model\" src=\"https:\/\/www.ada.at\/wp-content\/uploads\/2024\/04\/4xl-Raimo_EVI157_QF_AT-Funktion_Model.png\" class=\"img-responsive wp-image-16522\"\/><\/span><\/div><\/div><\/div><\/div><\/div><div class=\"fusion-fullwidth fullwidth-box fusion-builder-row-6 fusion-flex-container has-pattern-background has-mask-background nonhundred-percent-fullwidth non-hundred-percent-height-scrolling fusion-no-small-visibility cp-vergleichstabelle top100 bottom100\" style=\"--awb-border-radius-top-left:0px;--awb-border-radius-top-right:0px;--awb-border-radius-bottom-right:0px;--awb-border-radius-bottom-left:0px;--awb-flex-wrap:wrap;\" ><div class=\"fusion-builder-row fusion-row fusion-flex-align-items-flex-start fusion-flex-content-wrap\" style=\"max-width:1248px;margin-left: calc(-4% \/ 2 );margin-right: calc(-4% \/ 2 );\"><div class=\"fusion-layout-column fusion_builder_column fusion-builder-column-8 fusion_builder_column_1_1 1_1 fusion-flex-column table-compare-hl\" style=\"--awb-bg-size:cover;--awb-width-large:100%;--awb-margin-top-large:0px;--awb-spacing-right-large:1.92%;--awb-margin-bottom-large:20px;--awb-spacing-left-large:1.92%;--awb-width-medium:100%;--awb-order-medium:0;--awb-spacing-right-medium:1.92%;--awb-spacing-left-medium:1.92%;--awb-width-small:100%;--awb-order-small:0;--awb-spacing-right-small:1.92%;--awb-spacing-left-small:1.92%;\" data-scroll-devices=\"small-visibility,medium-visibility,large-visibility\"><div class=\"fusion-column-wrapper fusion-column-has-shadow fusion-flex-justify-content-flex-start fusion-content-layout-column\"><div class=\"fusion-title title fusion-title-3 fusion-sep-none fusion-title-center fusion-title-text fusion-title-size-three\" style=\"--awb-text-color:var(--awb-color5);--awb-margin-top-small:10px;--awb-margin-right-small:0px;--awb-margin-bottom-small:10px;--awb-margin-left-small:0px;\"><h3 class=\"fusion-title-heading title-heading-center\" style=\"margin:0;\">Hasonl\u00edtsa \u00f6ssze a RAIMO-t m\u00e1s kanap\u00e9inkkal<\/h3><\/div><\/div><\/div><div class=\"fusion-layout-column fusion_builder_column fusion-builder-column-9 fusion_builder_column_1_1 1_1 fusion-flex-column table-compare-box\" style=\"--awb-bg-size:cover;--awb-width-large:100%;--awb-margin-top-large:0px;--awb-spacing-right-large:1.92%;--awb-margin-bottom-large:20px;--awb-spacing-left-large:1.92%;--awb-width-medium:100%;--awb-order-medium:0;--awb-spacing-right-medium:1.92%;--awb-spacing-left-medium:1.92%;--awb-width-small:100%;--awb-order-small:0;--awb-spacing-right-small:1.92%;--awb-spacing-left-small:1.92%;\" data-scroll-devices=\"small-visibility,medium-visibility,large-visibility\"><div class=\"fusion-column-wrapper fusion-column-has-shadow fusion-flex-justify-content-flex-start fusion-content-layout-column\">\n<div class=\"table-1 table-compare\">\n<table style=\"width: 100%; height: 552px;\" width=\"100%\">\n<thead>\n<tr style=\"height: 87px;\">\n<th style=\"width: 11.4065%; height: 87px;\" align=\"left\"><\/th>\n<th style=\"width: 20.3259%; height: 87px;\" align=\"left\"><a href=\"https:\/\/www.ada.at\/wp-content\/uploads\/2024\/04\/4xl-Raimo_EVI157_F9.png\"><img decoding=\"async\" class=\"alignnone wp-image-16517 size-full\" src=\"https:\/\/www.ada.at\/wp-content\/uploads\/2024\/04\/4xl-Raimo_EVI157_F9.png\" alt=\"RAIMO kanap\u00e9 piros barna b\u0151rb\u0151l az ADA M\u00f6bel-t\u0151l, nyakbe\u00e1ll\u00edt\u00e1ssal \u00e9s kih\u00fazhat\u00f3 paddal\" width=\"1200\" height=\"720\" \/><\/a><\/th>\n<th style=\"width: 37.2984%; height: 87px;\" align=\"left\"><img decoding=\"async\" class=\"alignnone wp-image-8440 size-full\" src=\"https:\/\/www.ada.at\/wp-content\/uploads\/2023\/11\/sofa-alemere.jpg\" alt=\"kanap\u00e9 ADA alemere\" width=\"300\" height=\"150\" \/><\/th>\n<th style=\"width: 29.9401%; height: 87px;\" align=\"left\"><img decoding=\"async\" src=\"https:\/\/www.ada.at\/wp-content\/uploads\/2023\/11\/couch-asarina.jpg\" alt=\"\" \/><\/th>\n<\/tr>\n<\/thead>\n<tbody>\n<tr style=\"height: 24px;\">\n<td style=\"width: 11.4065%; height: 24px;\" align=\"left\"><strong>Modell<\/strong><\/td>\n<td style=\"width: 20.3259%; height: 24px;\" align=\"left\">Raimo<\/td>\n<td style=\"width: 37.2984%; height: 24px;\" align=\"left\">Almere<\/td>\n<td style=\"width: 29.9401%; height: 24px;\" align=\"left\">Asarina<\/td>\n<\/tr>\n<tr style=\"height: 216px;\">\n<td style=\"width: 11.4065%; height: 216px;\"><strong>R\u00f6vid le\u00edr\u00e1s<\/strong><\/td>\n<td style=\"width: 20.3259%; height: 216px;\">A RAIMO st\u00edlusos \u00e9s szuper rugalmas. A fejt\u00e1ml\u00e1k \u00e9s a kart\u00e1maszok \u00e1ll\u00edthat\u00f3ak, az \u00fcl\u00e9s pedig motorral is m\u0171k\u00f6dtethet\u0151, \u00edgy el\u0151re h\u00fazhat\u00f3 padot hozhat l\u00e9tre.<\/td>\n<td style=\"width: 37.2984%; height: 216px;\">Az ALMERE kanap\u00e9 egyes\u00edti a k\u00e9nyelmet \u00e9s a funkcionalit\u00e1st, puha, t\u00e1mogat\u00f3 k\u00e1rpitoz\u00e1ssal, \u00e1ll\u00edthat\u00f3 elemekkel az optim\u00e1lis pihen\u00e9s\u00e9rt, egy h\u00edvogat\u00f3 nyug\u00e1gyhossz\u00fas\u00e1ggal \u00e9s a kering\u00e9st t\u00e1mogat\u00f3 sz\u00edvpoz\u00edci\u00f3val.<\/td>\n<td style=\"width: 29.9401%; height: 216px;\">Az ASARINA kanap\u00e9 egyes\u00edti a testreszabhat\u00f3 cs\u00facskateg\u00f3ri\u00e1s funkci\u00f3kat a letisztult diz\u00e1jnnal, \u00e1ll\u00edthat\u00f3 h\u00e1tt\u00e1ml\u00e1t \u00e9s nyug\u00e1gyat k\u00edn\u00e1l a v\u00e9gs\u0151 k\u00e9nyelem \u00e9rdek\u00e9ben, integr\u00e1lt otthoni irodai lehet\u0151s\u00e9geket, ugyanakkor hangs\u00falyozza a fenntarthat\u00f3s\u00e1got \u00e9s a tart\u00f3ss\u00e1got.<\/td>\n<\/tr>\n<tr style=\"height: 176px;\">\n<td style=\"height: 176px; width: 11.4065%;\"><strong>K\u00fcl\u00f6nleges jellemz\u0151k<\/strong><\/td>\n<td style=\"height: 176px; width: 20.3259%;\">\n<ul>\n<li>H\u00e1tt\u00e1mla nyakbe\u00e1ll\u00edt\u00e1ssal<\/li>\n<li>Motoros h\u00faz\u00f3pad<\/li>\n<li>Fokozatmentesen \u00e1ll\u00edthat\u00f3 kart\u00e1masz<\/li>\n<li>karcs\u00fa, modern design<\/li>\n<li>Steppelt megjelen\u00e9s<\/li>\n<li>Kanap\u00e9 l\u00e1bak 4 v\u00e1ltozatban \u00e9s 2 sz\u00ednben<\/li>\n<\/ul>\n<\/td>\n<td style=\"height: 176px; width: 37.2984%;\">\n<ul>\n<li>\u00c1ll\u00edthat\u00f3 h\u00e1tt\u00e1mla \u00e9s nyakt\u00e1masz<\/li>\n<li>Massz\u00edv fa polc az otthoni irod\u00e1ban val\u00f3 munkav\u00e9gz\u00e9shez<\/li>\n<li>Praktikus t\u00e1rol\u00f3rekesz USB t\u00f6lt\u0151porttal<\/li>\n<\/ul>\n<\/td>\n<td style=\"height: 176px; width: 29.9401%;\">\n<ul>\n<li>High-end relax funkci\u00f3k<\/li>\n<li>\u00c1ll\u00edthat\u00f3 h\u00e1tt\u00e1mla nyakt\u00e1masszal<\/li>\n<li>Kihajthat\u00f3 asztal az otthoni irod\u00e1ban val\u00f3 munkav\u00e9gz\u00e9shez<\/li>\n<\/ul>\n<\/td>\n<\/tr>\n<tr style=\"height: 24px;\">\n<td style=\"width: 11.4065%; height: 24px;\"><\/td>\n<td style=\"width: 20.3259%; height: 24px;\"><\/td>\n<td style=\"width: 37.2984%; height: 24px; text-align: left;\"><a class=\"button\" href=\"https:\/\/www.ada.at\/en\/produkte\/sleeping\/beds\/bed-with-slatted-base\/calabria\/\">A term\u00e9khez<\/a><\/td>\n<td style=\"width: 29.9401%; height: 24px; text-align: left;\"><a class=\"button\" href=\"https:\/\/www.ada.at\/hu\/produkte\/lakik\/kanapek\/i-forma\/asarina\/\">A term\u00e9khez<\/a><\/td>\n<\/tr>\n<\/tbody>\n<\/table>\n<\/div>\n<\/div><\/div><\/div><\/div><\/p>\n","protected":false},"excerpt":{"rendered":"<p>Igen, term\u00e9szetesen a kanap\u00e9 az otthonod, a nappalid r\u00e9sze. Ez lesz a szem\u00e9lyes kedvenc helye? A RAIMO-ban mindenk\u00e9ppen megvan erre a lehet\u0151s\u00e9g! El\u0151sz\u00f6r is, rugalmas elemeinek k\u00f6sz\u00f6nhet\u0151en szuper-k\u00e9nyelmes: A nyakr\u00e9sz \u00e9s a kart\u00e1masz \u00e1ll\u00edthat\u00f3, \u00e9s az \u00fcl\u00e9s is k\u00e9nyelmesen el\u0151re tolhat\u00f3. A RAIMO k\u00f6nnyen alkalmazkodik az \u00d6n \u00e9letm\u00f3dj\u00e1hoz \u00e9s \u00e9letst\u00edlus\u00e1hoz. M\u00e1sodszor, a RAIMO rendk\u00edv\u00fcl vonz\u00f3 trendteremt\u0151, nagy \u00fcl\u00e9sekkel \u00e9s felt\u0171n\u0151 steppel\u00e9ssel.<\/p>\n<ul>\n<li>H\u00e1tt\u00e1mla nyakbe\u00e1ll\u00edt\u00e1ssal<\/li>\n<li>Motoros h\u00faz\u00f3pad<\/li>\n<li>Fokozatmentesen \u00e1ll\u00edthat\u00f3 kart\u00e1masz<\/li>\n<li>karcs\u00fa, modern design<\/li>\n<li>Steppelt megjelen\u00e9s<\/li>\n<li>Kanap\u00e9 l\u00e1bak 4 v\u00e1ltozatban \u00e9s 2 sz\u00ednben<\/li>\n<\/ul>\n","protected":false},"featured_media":16519,"template":"","meta":{"_acf_changed":false},"product_brand":[],"product_cat":[331,520,517,518,519],"product_tag":[532,533,629,522,528,527,545,523,521,524],"class_list":{"0":"post-16492","1":"product","2":"type-product","3":"status-publish","4":"has-post-thumbnail","6":"product_cat-ada-hu","7":"product_cat-i-forma","8":"product_cat-kanapek","9":"product_cat-l-forma","10":"product_cat-u-forma","11":"product_tag-130cm-hu","12":"product_tag-140cm-hu","13":"product_tag-allithato-kartamasz","14":"product_tag-bor","15":"product_tag-kemeny","16":"product_tag-koezepes","17":"product_tag-mozgathato-fejtamaszok","18":"product_tag-textil-hu","19":"product_tag-uelogarniturak","20":"product_tag-vegan-bor","21":"post-status-publish","23":"first","24":"instock","25":"shipping-taxable","26":"product-type-simple","27":"add-to-wishlist-before_image"},"acf":[],"_links":{"self":[{"href":"https:\/\/www.ada.at\/hu\/wp-json\/wp\/v2\/product\/16492","targetHints":{"allow":["GET"]}}],"collection":[{"href":"https:\/\/www.ada.at\/hu\/wp-json\/wp\/v2\/product"}],"about":[{"href":"https:\/\/www.ada.at\/hu\/wp-json\/wp\/v2\/types\/product"}],"version-history":[{"count":5,"href":"https:\/\/www.ada.at\/hu\/wp-json\/wp\/v2\/product\/16492\/revisions"}],"predecessor-version":[{"id":26160,"href":"https:\/\/www.ada.at\/hu\/wp-json\/wp\/v2\/product\/16492\/revisions\/26160"}],"wp:featuredmedia":[{"embeddable":true,"href":"https:\/\/www.ada.at\/hu\/wp-json\/wp\/v2\/media\/16519"}],"wp:attachment":[{"href":"https:\/\/www.ada.at\/hu\/wp-json\/wp\/v2\/media?parent=16492"}],"wp:term":[{"taxonomy":"product_brand","embeddable":true,"href":"https:\/\/www.ada.at\/hu\/wp-json\/wp\/v2\/product_brand?post=16492"},{"taxonomy":"product_cat","embeddable":true,"href":"https:\/\/www.ada.at\/hu\/wp-json\/wp\/v2\/product_cat?post=16492"},{"taxonomy":"product_tag","embeddable":true,"href":"https:\/\/www.ada.at\/hu\/wp-json\/wp\/v2\/product_tag?post=16492"}],"curies":[{"name":"wp","href":"https:\/\/api.w.org\/{rel}","templated":true}]}}