{"id":16394,"date":"2024-04-17T08:03:24","date_gmt":"2024-04-17T06:03:24","guid":{"rendered":"https:\/\/www.ada.at\/?post_type=product&#038;p=16394"},"modified":"2025-11-05T15:14:19","modified_gmt":"2025-11-05T14:14:19","slug":"valentino","status":"publish","type":"product","link":"https:\/\/www.ada.at\/hu\/produkte\/lakik\/kanapek\/valentino\/","title":{"rendered":"Valentino"},"content":{"rendered":"<p><div class=\"fusion-fullwidth fullwidth-box fusion-builder-row-1 fusion-flex-container has-pattern-background has-mask-background nonhundred-percent-fullwidth non-hundred-percent-height-scrolling top50 bottom-200\" style=\"--awb-border-radius-top-left:0px;--awb-border-radius-top-right:0px;--awb-border-radius-bottom-right:0px;--awb-border-radius-bottom-left:0px;--awb-padding-bottom:90px;--awb-flex-wrap:wrap;\" ><div class=\"fusion-builder-row fusion-row fusion-flex-align-items-flex-start fusion-flex-content-wrap\" style=\"max-width:1248px;margin-left: calc(-4% \/ 2 );margin-right: calc(-4% \/ 2 );\"><div class=\"fusion-layout-column fusion_builder_column fusion-builder-column-0 fusion_builder_column_1_1 1_1 fusion-flex-column\" style=\"--awb-bg-size:cover;--awb-width-large:100%;--awb-margin-top-large:0px;--awb-spacing-right-large:1.92%;--awb-margin-bottom-large:20px;--awb-spacing-left-large:1.92%;--awb-width-medium:100%;--awb-order-medium:0;--awb-spacing-right-medium:1.92%;--awb-spacing-left-medium:1.92%;--awb-width-small:100%;--awb-order-small:0;--awb-spacing-right-small:1.92%;--awb-spacing-left-small:1.92%;\"><div class=\"fusion-column-wrapper fusion-column-has-shadow fusion-flex-justify-content-flex-start fusion-content-layout-column\"><div class=\"fusion-image-element \" style=\"--awb-caption-title-font-family:var(--h2_typography-font-family);--awb-caption-title-font-weight:var(--h2_typography-font-weight);--awb-caption-title-font-style:var(--h2_typography-font-style);--awb-caption-title-size:var(--h2_typography-font-size);--awb-caption-title-transform:var(--h2_typography-text-transform);--awb-caption-title-line-height:var(--h2_typography-line-height);--awb-caption-title-letter-spacing:var(--h2_typography-letter-spacing);\"><span class=\" fusion-imageframe imageframe-none imageframe-1 hover-type-none\" style=\"border-radius:8px;\"><img decoding=\"async\" width=\"1400\" height=\"800\" alt=\"Couch VALENTINO in rostbraun und Cord von ADA M\u00f6bel\" title=\"4xl-VALENTINO-4\" src=\"https:\/\/www.ada.at\/wp-content\/uploads\/2024\/04\/4xl-VALENTINO-4-1.png\" class=\"img-responsive wp-image-16443\"\/><\/span><\/div><\/div><\/div><\/div><\/div><div class=\"fusion-fullwidth fullwidth-box fusion-builder-row-2 fusion-flex-container has-pattern-background has-mask-background fusion-parallax-none nonhundred-percent-fullwidth non-hundred-percent-height-scrolling cp-nachhaltigkeitselement cp-textlogos \" style=\"--awb-border-radius-top-left:0px;--awb-border-radius-top-right:0px;--awb-border-radius-bottom-right:0px;--awb-border-radius-bottom-left:0px;--awb-background-image:url(&quot;\/wp-content\/uploads\/2023\/08\/Ada-Hintergrund_dgrau_2.jpg&quot;);--awb-background-size:cover;--awb-flex-wrap:wrap;\" ><div class=\"fusion-builder-row fusion-row fusion-flex-align-items-flex-start fusion-flex-content-wrap\" style=\"max-width:1248px;margin-left: calc(-4% \/ 2 );margin-right: calc(-4% \/ 2 );\"><div class=\"fusion-layout-column fusion_builder_column fusion-builder-column-1 fusion_builder_column_1_3 1_3 fusion-flex-column\" style=\"--awb-padding-top:90px;--awb-bg-size:cover;--awb-width-large:33.333333333333%;--awb-margin-top-large:0px;--awb-spacing-right-large:5.76%;--awb-margin-bottom-large:20px;--awb-spacing-left-large:5.76%;--awb-width-medium:33.333333333333%;--awb-order-medium:0;--awb-spacing-right-medium:5.76%;--awb-spacing-left-medium:5.76%;--awb-width-small:100%;--awb-order-small:0;--awb-spacing-right-small:1.92%;--awb-spacing-left-small:1.92%;\"><div class=\"fusion-column-wrapper fusion-column-has-shadow fusion-flex-justify-content-flex-start fusion-content-layout-column\"><div class=\"fusion-title title fusion-title-1 fusion-sep-none fusion-title-text fusion-title-size-two\" style=\"--awb-text-color:var(--awb-color1);--awb-margin-top-small:10px;--awb-margin-right-small:0px;--awb-margin-bottom-small:10px;--awb-margin-left-small:0px;\"><h2 class=\"fusion-title-heading title-heading-left\" style=\"margin:0;\">A kanap\u00e9 \u00ednyenceknek<\/h2><\/div><\/div><\/div><div class=\"fusion-layout-column fusion_builder_column fusion-builder-column-2 fusion_builder_column_2_3 2_3 fusion-flex-column bottom350\" style=\"--awb-padding-top:90px;--awb-bg-size:cover;--awb-width-large:66.666666666667%;--awb-margin-top-large:0px;--awb-spacing-right-large:2.88%;--awb-margin-bottom-large:20px;--awb-spacing-left-large:2.88%;--awb-width-medium:66.666666666667%;--awb-order-medium:0;--awb-spacing-right-medium:2.88%;--awb-spacing-left-medium:2.88%;--awb-width-small:100%;--awb-order-small:0;--awb-spacing-right-small:1.92%;--awb-spacing-left-small:1.92%;\" data-scroll-devices=\"small-visibility,medium-visibility,large-visibility\"><div class=\"fusion-column-wrapper fusion-column-has-shadow fusion-flex-justify-content-flex-start fusion-content-layout-column\"><div class=\"fusion-text fusion-text-1\" style=\"--awb-text-color:var(--awb-color1);\"><p>A VALENTINO a l\u00e9nyegre \u00f6sszpontos\u00edt. Ugyanakkor biztons\u00e1g\u00e9rzetet ad azokban a pillanatokban, amikor tudatosan meg akarsz \u00e1llni egy pillanatra. A puha p\u00e1rn\u00e1k a testhez illeszkednek, megtartanak, ugyanakkor rugalmasak is. Helyezd a h\u00e1tp\u00e1rn\u00e1kat b\u00e1rhov\u00e1 a kanap\u00e9n, oda, ahov\u00e1 kedved tartja, ahol a legk\u00e9nyelmesebb sz\u00e1modra. A funkcion\u00e1lis h\u00e1tp\u00e1rna is megfelel\u0151 lehet. A nyak- \u00e9s v\u00e1llt\u00e1j\u00e9kon a kedvenc poz\u00edci\u00f3j\u00e1hoz \u00e1ll\u00edthat\u00f3 &#8211; f\u00fcggetlen\u00fcl att\u00f3l, hogy a nyug\u00e1gyon szeretn\u00e9l-e ink\u00e1bb laz\u00edtani, a padon a legjobb bar\u00e1tokkal telefonon besz\u00e9lgetni, vagy a k\u00e9nyelmes takar\u00f3ddal k\u00e9nyelembe helyezni magad, hogy gondolataid a napl\u00f3j\u00e1ba r\u00f6gz\u00edtsd. Egy\u00e9bk\u00e9nt a h\u00e1tp\u00e1rn\u00e1k mindk\u00e9t v\u00e1ltozat\u00e1t kombin\u00e1lhatod. Szereted a term\u00e9szetet? Akkor im\u00e1dni fogod a VALENTINO sz\u00ednv\u00e1laszt\u00e9k\u00e1t. Ez a lak\u00f3t\u00e9r term\u00e9szetes sz\u00edn\u0171 sz\u00f6vetek \u00e9s b\u0151r\u00f6k hatalmas v\u00e1laszt\u00e9k\u00e1t k\u00edn\u00e1lja. V\u00e1laszthatsz mogyor\u00f3barna, almaz\u00f6ld, b\u00fazavir\u00e1gk\u00e9k, b\u00fazas\u00e1rga, hibiszkuszv\u00f6r\u00f6s \u00e9s sok m\u00e1s sz\u00edn k\u00f6z\u00fcl. Gyakorlatilag a kezedben van az ecset, hogy \u00fagy alak\u00edtsd ki otthonodat, ahogyan szereted.<\/p>\n<\/div><\/div><\/div><\/div><\/div><div class=\"fusion-fullwidth fullwidth-box fusion-builder-row-3 fusion-flex-container has-pattern-background has-mask-background nonhundred-percent-fullwidth non-hundred-percent-height-scrolling cp-2images\" style=\"--awb-border-radius-top-left:0px;--awb-border-radius-top-right:0px;--awb-border-radius-bottom-right:0px;--awb-border-radius-bottom-left:0px;--awb-flex-wrap:wrap;\" ><div class=\"fusion-builder-row fusion-row fusion-flex-align-items-flex-start fusion-flex-content-wrap\" style=\"max-width:1248px;margin-left: calc(-4% \/ 2 );margin-right: calc(-4% \/ 2 );\"><div class=\"fusion-layout-column fusion_builder_column fusion-builder-column-3 fusion_builder_column_1_2 1_2 fusion-flex-column top-400\" style=\"--awb-bg-size:cover;--awb-width-large:50%;--awb-margin-top-large:0px;--awb-spacing-right-large:3.84%;--awb-margin-bottom-large:20px;--awb-spacing-left-large:3.84%;--awb-width-medium:50%;--awb-order-medium:0;--awb-spacing-right-medium:3.84%;--awb-spacing-left-medium:3.84%;--awb-width-small:100%;--awb-order-small:0;--awb-spacing-right-small:1.92%;--awb-spacing-left-small:1.92%;\" data-scroll-devices=\"small-visibility,medium-visibility,large-visibility\"><div class=\"fusion-column-wrapper fusion-column-has-shadow fusion-flex-justify-content-flex-start fusion-content-layout-column\"><div class=\"fusion-image-element \" style=\"--awb-caption-title-font-family:var(--h2_typography-font-family);--awb-caption-title-font-weight:var(--h2_typography-font-weight);--awb-caption-title-font-style:var(--h2_typography-font-style);--awb-caption-title-size:var(--h2_typography-font-size);--awb-caption-title-transform:var(--h2_typography-text-transform);--awb-caption-title-line-height:var(--h2_typography-line-height);--awb-caption-title-letter-spacing:var(--h2_typography-letter-spacing);\"><span class=\" fusion-imageframe imageframe-none imageframe-2 hover-type-none\" style=\"border-radius:8px;\"><img decoding=\"async\" width=\"1200\" height=\"1600\" alt=\"Couch VALENTINO in rostbraun und Cord von ADA M\u00f6bel\" title=\"4xl-VALENTINO-11\" src=\"https:\/\/www.ada.at\/wp-content\/uploads\/2024\/04\/4xl-VALENTINO-11.png\" class=\"img-responsive wp-image-16403\"\/><\/span><\/div><\/div><\/div><div class=\"fusion-layout-column fusion_builder_column fusion-builder-column-4 fusion_builder_column_1_2 1_2 fusion-flex-column top-200\" style=\"--awb-bg-size:cover;--awb-width-large:50%;--awb-margin-top-large:0px;--awb-spacing-right-large:3.84%;--awb-margin-bottom-large:20px;--awb-spacing-left-large:3.84%;--awb-width-medium:50%;--awb-order-medium:0;--awb-spacing-right-medium:3.84%;--awb-spacing-left-medium:3.84%;--awb-width-small:100%;--awb-order-small:0;--awb-spacing-right-small:1.92%;--awb-spacing-left-small:1.92%;\" data-scroll-devices=\"small-visibility,medium-visibility,large-visibility\"><div class=\"fusion-column-wrapper fusion-column-has-shadow fusion-flex-justify-content-flex-start fusion-content-layout-column\"><div class=\"fusion-image-element \" style=\"--awb-caption-title-font-family:var(--h2_typography-font-family);--awb-caption-title-font-weight:var(--h2_typography-font-weight);--awb-caption-title-font-style:var(--h2_typography-font-style);--awb-caption-title-size:var(--h2_typography-font-size);--awb-caption-title-transform:var(--h2_typography-text-transform);--awb-caption-title-line-height:var(--h2_typography-line-height);--awb-caption-title-letter-spacing:var(--h2_typography-letter-spacing);\"><span class=\" fusion-imageframe imageframe-none imageframe-3 hover-type-none\" style=\"border-radius:8px;\"><img decoding=\"async\" width=\"1200\" height=\"1600\" alt=\"Couch VALENTINO in rostbraun und Cord von ADA M\u00f6bel\" title=\"4xl-VALENTINO-7\" src=\"https:\/\/www.ada.at\/wp-content\/uploads\/2024\/04\/4xl-VALENTINO-7.png\" class=\"img-responsive wp-image-16421\"\/><\/span><\/div><\/div><\/div><\/div><\/div><div class=\"fusion-fullwidth fullwidth-box fusion-builder-row-4 fusion-flex-container has-pattern-background has-mask-background nonhundred-percent-fullwidth non-hundred-percent-height-scrolling cp-textlogos\" style=\"--awb-border-radius-top-left:0px;--awb-border-radius-top-right:0px;--awb-border-radius-bottom-right:0px;--awb-border-radius-bottom-left:0px;--awb-padding-top:50px;--awb-padding-bottom:50px;--awb-flex-wrap:wrap;\" ><div class=\"fusion-builder-row fusion-row fusion-flex-align-items-center fusion-flex-justify-content-center fusion-flex-content-wrap\" style=\"max-width:1248px;margin-left: calc(-4% \/ 2 );margin-right: calc(-4% \/ 2 );\"><div class=\"fusion-layout-column fusion_builder_column fusion-builder-column-5 fusion_builder_column_1_3 1_3 fusion-flex-column fusion-flex-align-self-flex-start\" style=\"--awb-bg-color:var(--awb-color1);--awb-bg-color-hover:var(--awb-color1);--awb-bg-size:cover;--awb-width-large:33.333333333333%;--awb-margin-top-large:0px;--awb-spacing-right-large:5.76%;--awb-margin-bottom-large:20px;--awb-spacing-left-large:5.76%;--awb-width-medium:33.333333333333%;--awb-order-medium:0;--awb-spacing-right-medium:5.76%;--awb-spacing-left-medium:5.76%;--awb-width-small:100%;--awb-order-small:0;--awb-spacing-right-small:1.92%;--awb-spacing-left-small:1.92%;\" data-scroll-devices=\"small-visibility,medium-visibility,large-visibility\"><div class=\"fusion-column-wrapper fusion-column-has-shadow fusion-flex-justify-content-flex-start fusion-content-layout-column\"><div class=\"fusion-title title fusion-title-2 fusion-sep-none fusion-title-text fusion-title-size-two\" style=\"--awb-text-color:var(--awb-color5);--awb-margin-top-small:10px;--awb-margin-right-small:0px;--awb-margin-bottom-small:10px;--awb-margin-left-small:0px;\"><h2 class=\"fusion-title-heading title-heading-left\" style=\"margin:0;\">Szemmel a r\u00e9szletekre<\/h2><\/div><\/div><\/div><div class=\"fusion-layout-column fusion_builder_column fusion-builder-column-6 fusion_builder_column_2_3 2_3 fusion-flex-column fusion-flex-align-self-flex-start\" style=\"--awb-bg-size:cover;--awb-width-large:66.666666666667%;--awb-margin-top-large:0px;--awb-spacing-right-large:2.88%;--awb-margin-bottom-large:20px;--awb-spacing-left-large:2.88%;--awb-width-medium:66.666666666667%;--awb-order-medium:0;--awb-spacing-right-medium:2.88%;--awb-spacing-left-medium:2.88%;--awb-width-small:100%;--awb-order-small:0;--awb-spacing-right-small:1.92%;--awb-spacing-left-small:1.92%;\" data-scroll-devices=\"small-visibility,medium-visibility,large-visibility\"><div class=\"fusion-column-wrapper fusion-column-has-shadow fusion-flex-justify-content-flex-start fusion-content-layout-column\"><div class=\"fusion-text fusion-text-2\" style=\"--awb-text-color:var(--awb-color5);\"><p>Ha pedig a diz\u00e1jnr\u00f3l besz\u00e9l\u00fcnk, a VALENTINO v\u00e9djegye a letisztult form\u00e1k \u00e9s a r\u00e9szletekre val\u00f3 odafigyel\u00e9s. Jellemz\u0151 a k\u00f6rbefut\u00f3 k\u00e9der varr\u00e1s &#8211; a varr\u00e1s meger\u0151s\u00edt\u00e9se a sz\u00f6vet sz\u00e9l\u00e9n\u00e9l. Ami els\u0151 pillant\u00e1sra nem t\u0171nik fel, de m\u00e9gis rendk\u00edv\u00fcl praktikus, hogy a kanap\u00e9 l\u00e1bai el\u00e9g magasak ahhoz, hogy egy robotporsz\u00edv\u00f3 elv\u00e9gezze alatta a h\u00e1zimunk\u00e1t. Ez t\u00f6bb id\u0151t jelent sz\u00e1modra.<\/p>\n<\/div><\/div><\/div><\/div><\/div><div class=\"fusion-fullwidth fullwidth-box fusion-builder-row-5 fusion-flex-container has-pattern-background has-mask-background nonhundred-percent-fullwidth non-hundred-percent-height-scrolling cp-nachhaltigkeitselement bg-gruen\" style=\"--awb-border-radius-top-left:0px;--awb-border-radius-top-right:0px;--awb-border-radius-bottom-right:0px;--awb-border-radius-bottom-left:0px;--awb-flex-wrap:wrap;\" ><div class=\"fusion-builder-row fusion-row fusion-flex-align-items-flex-start fusion-flex-content-wrap\" style=\"max-width:1248px;margin-left: calc(-4% \/ 2 );margin-right: calc(-4% \/ 2 );\"><div class=\"fusion-layout-column fusion_builder_column fusion-builder-column-7 fusion_builder_column_1_1 1_1 fusion-flex-column\" style=\"--awb-bg-size:cover;--awb-width-large:100%;--awb-margin-top-large:0px;--awb-spacing-right-large:1.92%;--awb-margin-bottom-large:20px;--awb-spacing-left-large:1.92%;--awb-width-medium:100%;--awb-order-medium:0;--awb-spacing-right-medium:1.92%;--awb-spacing-left-medium:1.92%;--awb-width-small:100%;--awb-order-small:0;--awb-spacing-right-small:1.92%;--awb-spacing-left-small:1.92%;\" data-scroll-devices=\"small-visibility,medium-visibility,large-visibility\"><div class=\"fusion-column-wrapper fusion-column-has-shadow fusion-flex-justify-content-flex-start fusion-content-layout-column\"><div class=\"fusion-image-element \" style=\"text-align:center;--awb-caption-title-font-family:var(--h2_typography-font-family);--awb-caption-title-font-weight:var(--h2_typography-font-weight);--awb-caption-title-font-style:var(--h2_typography-font-style);--awb-caption-title-size:var(--h2_typography-font-size);--awb-caption-title-transform:var(--h2_typography-text-transform);--awb-caption-title-line-height:var(--h2_typography-line-height);--awb-caption-title-letter-spacing:var(--h2_typography-letter-spacing);\"><span class=\" fusion-imageframe imageframe-none imageframe-4 hover-type-none top-200 \" style=\"border-radius:8px;\"><img decoding=\"async\" width=\"1400\" height=\"800\" alt=\"Couch VALENTINO in rostbraun und Cord von ADA M\u00f6bel\" title=\"4xl-VALENTINO-8\" src=\"https:\/\/www.ada.at\/wp-content\/uploads\/2024\/04\/4xl-VALENTINO-8-1.png\" class=\"img-responsive wp-image-16446\"\/><\/span><\/div><\/div><\/div><\/div><\/div><div class=\"fusion-fullwidth fullwidth-box fusion-builder-row-6 fusion-flex-container has-pattern-background has-mask-background nonhundred-percent-fullwidth non-hundred-percent-height-scrolling cp-vergleichstabelle top100 bottom100\" style=\"--awb-border-radius-top-left:0px;--awb-border-radius-top-right:0px;--awb-border-radius-bottom-right:0px;--awb-border-radius-bottom-left:0px;--awb-flex-wrap:wrap;\" ><div class=\"fusion-builder-row fusion-row fusion-flex-align-items-flex-start fusion-flex-content-wrap\" style=\"max-width:1248px;margin-left: calc(-4% \/ 2 );margin-right: calc(-4% \/ 2 );\"><div class=\"fusion-layout-column fusion_builder_column fusion-builder-column-8 fusion_builder_column_1_1 1_1 fusion-flex-column table-compare-hl\" style=\"--awb-bg-size:cover;--awb-width-large:100%;--awb-margin-top-large:0px;--awb-spacing-right-large:1.92%;--awb-margin-bottom-large:20px;--awb-spacing-left-large:1.92%;--awb-width-medium:100%;--awb-order-medium:0;--awb-spacing-right-medium:1.92%;--awb-spacing-left-medium:1.92%;--awb-width-small:100%;--awb-order-small:0;--awb-spacing-right-small:1.92%;--awb-spacing-left-small:1.92%;\" data-scroll-devices=\"small-visibility,medium-visibility,large-visibility\"><div class=\"fusion-column-wrapper fusion-column-has-shadow fusion-flex-justify-content-flex-start fusion-content-layout-column\"><div class=\"fusion-title title fusion-title-3 fusion-sep-none fusion-title-center fusion-title-text fusion-title-size-three\" style=\"--awb-text-color:var(--awb-color5);--awb-margin-top-small:10px;--awb-margin-right-small:0px;--awb-margin-bottom-small:10px;--awb-margin-left-small:0px;\"><h3 class=\"fusion-title-heading title-heading-center\" style=\"margin:0;\">Hasonl\u00edtsd \u00f6ssze a VALENTINO-t a t\u00f6bbi kanap\u00e9val<\/h3><\/div><\/div><\/div><div class=\"fusion-layout-column fusion_builder_column fusion-builder-column-9 fusion_builder_column_1_1 1_1 fusion-flex-column table-compare-box\" style=\"--awb-bg-size:cover;--awb-width-large:100%;--awb-margin-top-large:0px;--awb-spacing-right-large:1.92%;--awb-margin-bottom-large:20px;--awb-spacing-left-large:1.92%;--awb-width-medium:100%;--awb-order-medium:0;--awb-spacing-right-medium:1.92%;--awb-spacing-left-medium:1.92%;--awb-width-small:100%;--awb-order-small:0;--awb-spacing-right-small:1.92%;--awb-spacing-left-small:1.92%;\" data-scroll-devices=\"small-visibility,medium-visibility,large-visibility\"><div class=\"fusion-column-wrapper fusion-column-has-shadow fusion-flex-justify-content-flex-start fusion-content-layout-column\">\n<div class=\"table-1 table-compare\">\n<table style=\"width: 100%; height: 552px;\" width=\"100%\">\n<thead>\n<tr style=\"height: 87px;\">\n<th style=\"width: 11.7599%; height: 87px;\" align=\"left\"><\/th>\n<th style=\"width: 24.209%; height: 87px;\" align=\"left\"><a href=\"https:\/\/www.ada.at\/wp-content\/uploads\/2024\/04\/4xl-VALENTINO-1200x720px-e1713335902435.png\"><img decoding=\"async\" class=\"wp-image-16432 aligncenter\" src=\"https:\/\/www.ada.at\/wp-content\/uploads\/2024\/04\/4xl-VALENTINO-1200x720px-e1713335902435.png\" alt=\"VALENTINO kanap\u00e9 rozsdabarna \u00e9s kordb\u00e1rsony sz\u00ednben az ADA M\u00f6bel-t\u00f3l\" width=\"211\" height=\"127\" \/><\/a><\/th>\n<th style=\"width: 33.0619%; height: 87px;\" align=\"left\"><img decoding=\"async\" class=\"aligncenter wp-image-673 \" src=\"https:\/\/www.ada.at\/wp-content\/uploads\/2023\/11\/sofa-alemere.jpg\" alt=\"\" width=\"292\" height=\"146\" \/><\/th>\n<th style=\"width: 29.9401%; height: 87px;\" align=\"left\"><img decoding=\"async\" class=\"alignnone size-full wp-image-12596\" src=\"https:\/\/www.ada.at\/wp-content\/uploads\/2024\/01\/Produktvergleich-Couch-Tivoli-Oesterreichische-Qualitaet-und-stilvolles-Design-im-ADA-.-Mindful-Living-Tivoli-Sofa-nachhaltig-und-skandinavisches-Design.jpg\" alt=\"Term\u00e9k \u00f6sszehasonl\u00edt\u00e1s Tivoli kanap\u00e9 - osztr\u00e1k min\u0151s\u00e9g \u00e9s st\u00edlusos design az ADA . Mindful Living Tivoli kanap\u00e9, fenntarthat\u00f3 \u00e9s skandin\u00e1v diz\u00e1jn.\" width=\"300\" height=\"150\" \/><\/th>\n<\/tr>\n<\/thead>\n<tbody>\n<tr style=\"height: 24px;\">\n<td style=\"width: 11.7599%; height: 24px;\" align=\"left\"><strong>Modell<\/strong><\/td>\n<td style=\"width: 24.209%; height: 24px;\" align=\"left\">VALENTINO<\/td>\n<td style=\"width: 33.0619%; height: 24px;\" align=\"left\">Almere<\/td>\n<td style=\"width: 29.9401%; height: 24px;\" align=\"left\">Tivoli<\/td>\n<\/tr>\n<tr style=\"height: 216px;\">\n<td style=\"width: 11.7599%; height: 216px;\"><strong>R\u00f6vid le\u00edr\u00e1s<\/strong><\/td>\n<td style=\"width: 24.209%; height: 216px;\">A VALENTINO hangs\u00falyozza a finom r\u00e9szleteket, mint p\u00e9ld\u00e1ul a k\u00f6rbefut\u00f3 k\u00e9der varr\u00e1st. Az egyenes vonal\u00fa Cord kanap\u00e9val k\u00e9nyelmesen elmer\u00fclhetsz a szabadon pozicion\u00e1lhat\u00f3 h\u00e1tp\u00e1rn\u00e1kban &#8211; az egyik v\u00e1ltozathoz p\u00e1rnahuzat is tartozik. A nyugalom be\u00e1ll\u00edt\u00e1sa.<\/td>\n<td style=\"width: 33.0619%; height: 216px;\">Az ALMERE kanap\u00e9 egyes\u00edti a k\u00e9nyelmet \u00e9s a funkcionalit\u00e1st, puha, t\u00e1mogat\u00f3 k\u00e1rpitoz\u00e1ssal, \u00e1ll\u00edthat\u00f3 elemekkel az optim\u00e1lis pihen\u00e9s\u00e9rt, egy h\u00edvogat\u00f3 nyug\u00e1gyhossz\u00fas\u00e1ggal \u00e9s a kering\u00e9st t\u00e1mogat\u00f3 sz\u00edvpoz\u00edci\u00f3val.<\/td>\n<td style=\"width: 29.9401%; height: 216px;\">A TIVOLI egy sokoldal\u00fa \u00e9s inspir\u00e1l\u00f3 kanap\u00e9, amely a design \u00e9s a forma kontrasztjaival ny\u0171g\u00f6z le, nagy \u00fcl\u00e9sekkel, karcs\u00fa h\u00e1tt\u00e1ml\u00e1kkal, vari\u00e1lhat\u00f3 elemekkel, mint p\u00e9ld\u00e1ul \u00e1ll\u00edthat\u00f3 karf\u00e1kkal \u00e9s v\u00e1laszthat\u00f3 fotelekkel, \u00edgy a k\u00e9nyelem \u00e9s a st\u00edlus sz\u00edntere lesz a nappaliban.<\/td>\n<\/tr>\n<tr style=\"height: 176px;\">\n<td style=\"height: 176px; width: 11.7599%;\"><strong>K\u00fcl\u00f6nleges jellemz\u0151k<\/strong><\/td>\n<td style=\"height: 176px; width: 24.209%;\">\n<ul>\n<li>2 h\u00e1tp\u00e1rna v\u00e1ltozat<\/li>\n<li>Opcion\u00e1lis rugalmas funkcion\u00e1lis h\u00e1tp\u00e1rn\u00e1k<\/li>\n<li>Optikai k\u00e9der varrat<\/li>\n<\/ul>\n<\/td>\n<td style=\"height: 176px; width: 33.0619%;\">\n<ul>\n<li>\u00c1ll\u00edthat\u00f3 h\u00e1tt\u00e1mla \u00e9s nyakt\u00e1masz<\/li>\n<li>Massz\u00edv fa polc az otthoni irod\u00e1ban val\u00f3 munkav\u00e9gz\u00e9shez<\/li>\n<li>Praktikus t\u00e1rol\u00f3rekesz USB t\u00f6lt\u0151porttal<\/li>\n<\/ul>\n<\/td>\n<td style=\"height: 176px; width: 29.9401%;\">\n<ul>\n<li>Inspir\u00e1l\u00f3, nagy kontraszt\u00fa design<\/li>\n<li>T\u00f6m\u00f6rfa l\u00e1bazat: T\u00f6lgy, di\u00f3 vagy b\u00fckk<\/li>\n<li>Fokozatmentesen \u00e1ll\u00edthat\u00f3 kart\u00e1maszok<\/li>\n<\/ul>\n<\/td>\n<\/tr>\n<tr style=\"height: 24px;\">\n<td style=\"width: 11.7599%; height: 24px;\"><\/td>\n<td style=\"width: 24.209%; height: 24px;\"><\/td>\n<td style=\"width: 33.0619%; height: 24px; text-align: left;\"><a class=\"button\" href=\"https:\/\/www.ada.at\/en\/produkte\/sleeping\/beds\/bed-with-slatted-base\/calabria\/\">A term\u00e9khez<\/a><\/td>\n<td style=\"width: 29.9401%; height: 24px; text-align: left;\"><a class=\"button\" href=\"https:\/\/www.ada.at\/hu\/produkte\/lakik\/kanapek\/i-forma\/tivoli\/\">A term\u00e9khez<\/a><\/td>\n<\/tr>\n<\/tbody>\n<\/table>\n<\/div>\n<\/div><\/div><\/div><\/div><\/p>\n","protected":false},"excerpt":{"rendered":"<p>V\u00e1laszd a VALENTINO-t, ha szereted az \u00e9let egyszer\u0171 pillanatait \u00e9s \u00e9rt\u00e9keled a finom hangs\u00falyokat. N\u00e9zd meg k\u00f6zelebbr\u0151l, \u00e9s felfedezheted a k\u00e9zm\u00fcves r\u00e9szletet: a k\u00f6rbefut\u00f3 k\u00e9der varr\u00e1st. St\u00edlusos kieg\u00e9sz\u00edt\u0151je az egy\u00e9bk\u00e9nt egyenes vonal\u00fa kanap\u00e9form\u00e1nak. Tal\u00e1n csak m\u00e1sodik pillant\u00e1sra veszed \u00e9szre, hogy a k\u00e9t h\u00e1tp\u00e1rn\u00e1s v\u00e1ltozat k\u00f6z\u00fcl az egyik m\u00e9g fekv\u0151mechanizmussal is rendelkezik. Nos, a r\u00e9szleteken m\u00falik minden.<\/p>\n<ul>\n<li>2 h\u00e1tp\u00e1rna v\u00e1ltozat<\/li>\n<li>Opcion\u00e1lis rugalmas funkcion\u00e1lis h\u00e1tp\u00e1rn\u00e1k<\/li>\n<li>K\u00e9zm\u0171ves: cs\u0151varr\u00e1s az \u00fcl\u00e9s \u00e9s a karfa k\u00f6r\u00fcl<\/li>\n<li>7 k\u00fcl\u00f6nb\u00f6z\u0151 kanap\u00e9 l\u00e1b &#8211; alkalmas robotporsz\u00edv\u00f3khoz<\/li>\n<\/ul>\n","protected":false},"featured_media":16437,"template":"","meta":{"_acf_changed":false},"product_brand":[],"product_cat":[520,517,518,519],"product_tag":[532,533,530,522,528,527,523,521,524],"class_list":{"0":"post-16394","1":"product","2":"type-product","3":"status-publish","4":"has-post-thumbnail","6":"product_cat-i-forma","7":"product_cat-kanapek","8":"product_cat-l-forma","9":"product_cat-u-forma","10":"product_tag-130cm-hu","11":"product_tag-140cm-hu","12":"product_tag-allithato-hattamla-hatparna","13":"product_tag-bor","14":"product_tag-kemeny","15":"product_tag-koezepes","16":"product_tag-textil-hu","17":"product_tag-uelogarniturak","18":"product_tag-vegan-bor","19":"post-status-publish","21":"first","22":"instock","23":"shipping-taxable","24":"product-type-simple","25":"add-to-wishlist-before_image"},"acf":[],"_links":{"self":[{"href":"https:\/\/www.ada.at\/hu\/wp-json\/wp\/v2\/product\/16394","targetHints":{"allow":["GET"]}}],"collection":[{"href":"https:\/\/www.ada.at\/hu\/wp-json\/wp\/v2\/product"}],"about":[{"href":"https:\/\/www.ada.at\/hu\/wp-json\/wp\/v2\/types\/product"}],"version-history":[{"count":5,"href":"https:\/\/www.ada.at\/hu\/wp-json\/wp\/v2\/product\/16394\/revisions"}],"predecessor-version":[{"id":23945,"href":"https:\/\/www.ada.at\/hu\/wp-json\/wp\/v2\/product\/16394\/revisions\/23945"}],"wp:featuredmedia":[{"embeddable":true,"href":"https:\/\/www.ada.at\/hu\/wp-json\/wp\/v2\/media\/16437"}],"wp:attachment":[{"href":"https:\/\/www.ada.at\/hu\/wp-json\/wp\/v2\/media?parent=16394"}],"wp:term":[{"taxonomy":"product_brand","embeddable":true,"href":"https:\/\/www.ada.at\/hu\/wp-json\/wp\/v2\/product_brand?post=16394"},{"taxonomy":"product_cat","embeddable":true,"href":"https:\/\/www.ada.at\/hu\/wp-json\/wp\/v2\/product_cat?post=16394"},{"taxonomy":"product_tag","embeddable":true,"href":"https:\/\/www.ada.at\/hu\/wp-json\/wp\/v2\/product_tag?post=16394"}],"curies":[{"name":"wp","href":"https:\/\/api.w.org\/{rel}","templated":true}]}}