{"id":15103,"date":"2023-10-30T00:55:26","date_gmt":"2023-10-29T23:55:26","guid":{"rendered":"https:\/\/www.ada.at\/produkte\/nem-kategorizalt\/leticia\/"},"modified":"2026-03-23T14:18:48","modified_gmt":"2026-03-23T13:18:48","slug":"leticia","status":"publish","type":"product","link":"https:\/\/www.ada.at\/hu\/produkte\/lakik\/fotel\/leticia\/","title":{"rendered":"Leticia"},"content":{"rendered":"<p><div class=\"fusion-fullwidth fullwidth-box fusion-builder-row-1 fusion-flex-container has-pattern-background has-mask-background nonhundred-percent-fullwidth non-hundred-percent-height-scrolling top50\" style=\"--awb-border-radius-top-left:0px;--awb-border-radius-top-right:0px;--awb-border-radius-bottom-right:0px;--awb-border-radius-bottom-left:0px;--awb-flex-wrap:wrap;\" ><div class=\"fusion-builder-row fusion-row fusion-flex-align-items-flex-start fusion-flex-content-wrap\" style=\"max-width:1248px;margin-left: calc(-4% \/ 2 );margin-right: calc(-4% \/ 2 );\"><div class=\"fusion-layout-column fusion_builder_column fusion-builder-column-0 fusion_builder_column_1_1 1_1 fusion-flex-column bottom-100\" style=\"--awb-bg-size:cover;--awb-width-large:100%;--awb-margin-top-large:0px;--awb-spacing-right-large:1.92%;--awb-margin-bottom-large:20px;--awb-spacing-left-large:1.92%;--awb-width-medium:100%;--awb-order-medium:0;--awb-spacing-right-medium:1.92%;--awb-spacing-left-medium:1.92%;--awb-width-small:100%;--awb-order-small:0;--awb-spacing-right-small:1.92%;--awb-spacing-left-small:1.92%;\"><div class=\"fusion-column-wrapper fusion-column-has-shadow fusion-flex-justify-content-flex-start fusion-content-layout-column\"><div class=\"fusion-image-element \" style=\"--awb-caption-title-font-family:var(--h2_typography-font-family);--awb-caption-title-font-weight:var(--h2_typography-font-weight);--awb-caption-title-font-style:var(--h2_typography-font-style);--awb-caption-title-size:var(--h2_typography-font-size);--awb-caption-title-transform:var(--h2_typography-text-transform);--awb-caption-title-line-height:var(--h2_typography-line-height);--awb-caption-title-letter-spacing:var(--h2_typography-letter-spacing);\"><span class=\" fusion-imageframe imageframe-none imageframe-1 hover-type-none\" style=\"border-radius:8px;\"><img decoding=\"async\" width=\"1400\" height=\"800\" title=\"ADA . Mindful Living Relax Sessel \u2013 Achtsames Wohnen mit herausragender Qualit\u00e4t\" src=\"https:\/\/www.ada.at\/wp-content\/uploads\/2023\/11\/ADA-.-Mindful-Living-Relax-Sessel-\u2013-Achtsames-Wohnen-mit-herausragender-Qualitaet.jpg\" alt class=\"img-responsive wp-image-11694\"\/><\/span><\/div><\/div><\/div><\/div><\/div><div class=\"fusion-fullwidth fullwidth-box fusion-builder-row-2 fusion-flex-container has-pattern-background has-mask-background nonhundred-percent-fullwidth non-hundred-percent-height-scrolling cp-nachhaltigkeitselement cp-textlogos bg-blau\" style=\"--awb-border-radius-top-left:0px;--awb-border-radius-top-right:0px;--awb-border-radius-bottom-right:0px;--awb-border-radius-bottom-left:0px;--awb-flex-wrap:wrap;\" ><div class=\"fusion-builder-row fusion-row fusion-flex-align-items-flex-start fusion-flex-content-wrap\" style=\"max-width:1248px;margin-left: calc(-4% \/ 2 );margin-right: calc(-4% \/ 2 );\"><div class=\"fusion-layout-column fusion_builder_column fusion-builder-column-1 fusion_builder_column_1_3 1_3 fusion-flex-column\" style=\"--awb-padding-top:80px;--awb-bg-size:cover;--awb-width-large:33.333333333333%;--awb-margin-top-large:0px;--awb-spacing-right-large:5.76%;--awb-margin-bottom-large:20px;--awb-spacing-left-large:5.76%;--awb-width-medium:33.333333333333%;--awb-order-medium:0;--awb-spacing-right-medium:5.76%;--awb-spacing-left-medium:5.76%;--awb-width-small:100%;--awb-order-small:0;--awb-spacing-right-small:1.92%;--awb-spacing-left-small:1.92%;\"><div class=\"fusion-column-wrapper fusion-column-has-shadow fusion-flex-justify-content-flex-start fusion-content-layout-column\"><div class=\"fusion-title title fusion-title-1 fusion-sep-none fusion-title-text fusion-title-size-two\" style=\"--awb-text-color:var(--awb-color1);--awb-margin-top-small:10px;--awb-margin-right-small:0px;--awb-margin-bottom-small:10px;--awb-margin-left-small:0px;\"><h2 class=\"fusion-title-heading title-heading-left\" style=\"margin:0;\">Testtart\u00e1s megjegyz\u00e9s: Relax m\u00f3d<\/h2><\/div><\/div><\/div><div class=\"fusion-layout-column fusion_builder_column fusion-builder-column-2 fusion_builder_column_2_3 2_3 fusion-flex-column bottom350\" style=\"--awb-padding-top:80px;--awb-bg-size:cover;--awb-width-large:66.666666666667%;--awb-margin-top-large:0px;--awb-spacing-right-large:2.88%;--awb-margin-bottom-large:20px;--awb-spacing-left-large:2.88%;--awb-width-medium:66.666666666667%;--awb-order-medium:0;--awb-spacing-right-medium:2.88%;--awb-spacing-left-medium:2.88%;--awb-width-small:100%;--awb-order-small:0;--awb-spacing-right-small:1.92%;--awb-spacing-left-small:1.92%;\" data-scroll-devices=\"small-visibility,medium-visibility,large-visibility\"><div class=\"fusion-column-wrapper fusion-column-has-shadow fusion-flex-justify-content-flex-start fusion-content-layout-column\"><div class=\"fusion-text fusion-text-1\" style=\"--awb-text-color:var(--awb-color1);\"><p>A LETICIA fotel \u00e1t\u00f6leli a testedet, mik\u00f6zben pihensz. A legegyszer\u0171bb m\u00f3dja ennek a power szuny\u00f3k\u00e1l\u00e1s. Ez alatt a n\u00e9h\u00e1ny perc alatt a sz\u00edved \u00e9s a kering\u00e9sed megnyugszik, a v\u00e9rnyom\u00e1sod cs\u00f6kken, \u00e9s a tested ellazul. Ezzel a karossz\u00e9kkel k\u00f6nny\u0171 \u00e1tkapcsolni a relax \u00fczemm\u00f3dba: A h\u00e1tt\u00e1mla egy gombnyom\u00e1ssal &#8211; k\u00e9zzel vagy motorral &#8211; finoman h\u00e1trahajthat\u00f3, a l\u00e1bfel\u00fclet pedig felemelkedik. Ez gyorsan k\u00e9nyelmes fekv\u0151helyzetet teremt. A LETICIA fejt\u00e1mla oldalra el\u0151re hajthat\u00f3 \u00e9s stabiliz\u00e1lja a fejet &#8211; alv\u00e1s \u00e9s \u00e1lmod\u00e1s, olvas\u00e1s, sorozatn\u00e9z\u00e9s, besz\u00e9lget\u00e9s vagy kedvenc dalaidnak hallgat\u00e1sa k\u00f6zben. Ezzel a karossz\u00e9kkel elengedheted magad, \u00e9s m\u00e9gis t\u00e1maszt\u00e9kot kaphatsz: csod\u00e1latos kombin\u00e1ci\u00f3 &#8211; \u00e9s a legjobb alap a nap szabad \u00f3r\u00e1inak nyugodt megkezd\u00e9s\u00e9hez.<\/p>\n<\/div><\/div><\/div><\/div><\/div><div class=\"fusion-fullwidth fullwidth-box fusion-builder-row-3 fusion-flex-container has-pattern-background has-mask-background nonhundred-percent-fullwidth non-hundred-percent-height-scrolling cp-2images\" style=\"--awb-border-radius-top-left:0px;--awb-border-radius-top-right:0px;--awb-border-radius-bottom-right:0px;--awb-border-radius-bottom-left:0px;--awb-flex-wrap:wrap;\" ><div class=\"fusion-builder-row fusion-row fusion-flex-align-items-flex-start fusion-flex-content-wrap\" style=\"max-width:1248px;margin-left: calc(-4% \/ 2 );margin-right: calc(-4% \/ 2 );\"><div class=\"fusion-layout-column fusion_builder_column fusion-builder-column-3 fusion_builder_column_1_2 1_2 fusion-flex-column top-400\" style=\"--awb-bg-size:cover;--awb-width-large:50%;--awb-margin-top-large:0px;--awb-spacing-right-large:3.84%;--awb-margin-bottom-large:20px;--awb-spacing-left-large:3.84%;--awb-width-medium:50%;--awb-order-medium:0;--awb-spacing-right-medium:3.84%;--awb-spacing-left-medium:3.84%;--awb-width-small:100%;--awb-order-small:0;--awb-spacing-right-small:1.92%;--awb-spacing-left-small:1.92%;\" data-scroll-devices=\"small-visibility,medium-visibility,large-visibility\"><div class=\"fusion-column-wrapper fusion-column-has-shadow fusion-flex-justify-content-flex-start fusion-content-layout-column\"><div class=\"fusion-image-element \" style=\"--awb-caption-title-font-family:var(--h2_typography-font-family);--awb-caption-title-font-weight:var(--h2_typography-font-weight);--awb-caption-title-font-style:var(--h2_typography-font-style);--awb-caption-title-size:var(--h2_typography-font-size);--awb-caption-title-transform:var(--h2_typography-text-transform);--awb-caption-title-line-height:var(--h2_typography-line-height);--awb-caption-title-letter-spacing:var(--h2_typography-letter-spacing);\"><span class=\" fusion-imageframe imageframe-none imageframe-2 hover-type-none\" style=\"border-radius:8px;\"><img decoding=\"async\" width=\"600\" height=\"800\" alt=\"Blauer Sessel Leticia von ADA M\u00f6bel mit Relax-Verstellung der Marke ADA Mindful Living\" title=\"xl-LETICIA_hoch\" src=\"https:\/\/www.ada.at\/wp-content\/uploads\/2024\/04\/xl-LETICIA_hoch.png\" class=\"img-responsive wp-image-16539\"\/><\/span><\/div><\/div><\/div><div class=\"fusion-layout-column fusion_builder_column fusion-builder-column-4 fusion_builder_column_1_2 1_2 fusion-flex-column top-200\" style=\"--awb-bg-size:cover;--awb-width-large:50%;--awb-margin-top-large:0px;--awb-spacing-right-large:3.84%;--awb-margin-bottom-large:20px;--awb-spacing-left-large:3.84%;--awb-width-medium:50%;--awb-order-medium:0;--awb-spacing-right-medium:3.84%;--awb-spacing-left-medium:3.84%;--awb-width-small:100%;--awb-order-small:0;--awb-spacing-right-small:1.92%;--awb-spacing-left-small:1.92%;\" data-scroll-devices=\"small-visibility,medium-visibility,large-visibility\"><div class=\"fusion-column-wrapper fusion-column-has-shadow fusion-flex-justify-content-flex-start fusion-content-layout-column\"><div class=\"fusion-image-element \" style=\"--awb-caption-title-font-family:var(--h2_typography-font-family);--awb-caption-title-font-weight:var(--h2_typography-font-weight);--awb-caption-title-font-style:var(--h2_typography-font-style);--awb-caption-title-size:var(--h2_typography-font-size);--awb-caption-title-transform:var(--h2_typography-text-transform);--awb-caption-title-line-height:var(--h2_typography-line-height);--awb-caption-title-letter-spacing:var(--h2_typography-letter-spacing);\"><span class=\" fusion-imageframe imageframe-none imageframe-3 hover-type-none\" style=\"border-radius:8px;\"><img decoding=\"async\" width=\"522\" height=\"703\" title=\"Fernsehsessel von ADA . Mindful Living \u2013 Achtsam und \u00f6sterreichische Qualit\u00e4t\" src=\"https:\/\/www.ada.at\/wp-content\/uploads\/2023\/11\/Fernsehsessel-von-ADA-.-Mindful-Living-\u2013-Achtsam-und-oesterreichische-Qualitaet.jpg\" alt class=\"img-responsive wp-image-11698\"\/><\/span><\/div><\/div><\/div><\/div><\/div><div class=\"fusion-fullwidth fullwidth-box fusion-builder-row-4 fusion-flex-container has-pattern-background has-mask-background fusion-parallax-none nonhundred-percent-fullwidth non-hundred-percent-height-scrolling cp-nachhaltigkeitselement bottom200 bg-grau\" style=\"--awb-border-radius-top-left:0px;--awb-border-radius-top-right:0px;--awb-border-radius-bottom-right:0px;--awb-border-radius-bottom-left:0px;--awb-margin-top:50px;--awb-background-image:url(&quot;\/wp-content\/uploads\/2023\/09\/Ada-Hintergrund_blau.jpg&quot;);--awb-background-size:cover;--awb-flex-wrap:wrap;\" ><div class=\"fusion-builder-row fusion-row fusion-flex-align-items-flex-start fusion-flex-content-wrap\" style=\"max-width:1248px;margin-left: calc(-4% \/ 2 );margin-right: calc(-4% \/ 2 );\"><div class=\"fusion-layout-column fusion_builder_column fusion-builder-column-5 fusion_builder_column_1_3 1_3 fusion-flex-column\" style=\"--awb-bg-size:cover;--awb-width-large:33.333333333333%;--awb-margin-top-large:0px;--awb-spacing-right-large:5.76%;--awb-margin-bottom-large:20px;--awb-spacing-left-large:5.76%;--awb-width-medium:33.333333333333%;--awb-order-medium:0;--awb-spacing-right-medium:5.76%;--awb-spacing-left-medium:5.76%;--awb-width-small:100%;--awb-order-small:0;--awb-spacing-right-small:1.92%;--awb-spacing-left-small:1.92%;\"><div class=\"fusion-column-wrapper fusion-column-has-shadow fusion-flex-justify-content-flex-start fusion-content-layout-column\"><div class=\"fusion-title title fusion-title-2 fusion-sep-none fusion-title-text fusion-title-size-two\" style=\"--awb-text-color:var(--awb-color1);--awb-margin-top-small:10px;--awb-margin-right-small:0px;--awb-margin-bottom-small:10px;--awb-margin-left-small:0px;\"><h2 class=\"fusion-title-heading title-heading-left\" style=\"margin:0;\">\u00c9lvezze a biztons\u00e1got<\/h2><\/div><\/div><\/div><div class=\"fusion-layout-column fusion_builder_column fusion-builder-column-6 fusion_builder_column_2_3 2_3 fusion-flex-column\" style=\"--awb-bg-size:cover;--awb-width-large:66.666666666667%;--awb-margin-top-large:0px;--awb-spacing-right-large:2.88%;--awb-margin-bottom-large:20px;--awb-spacing-left-large:2.88%;--awb-width-medium:66.666666666667%;--awb-order-medium:0;--awb-spacing-right-medium:2.88%;--awb-spacing-left-medium:2.88%;--awb-width-small:100%;--awb-order-small:0;--awb-spacing-right-small:1.92%;--awb-spacing-left-small:1.92%;\"><div class=\"fusion-column-wrapper fusion-column-has-shadow fusion-flex-justify-content-flex-start fusion-content-layout-column\"><div class=\"fusion-text fusion-text-2\" style=\"--awb-text-color:var(--awb-color1);\"><p><span style=\"color: #ffffff;\">A karossz\u00e9ked p\u00e1rban kev\u00e9sb\u00e9 van egyed\u00fcl!<br \/>\nA LETICIA t\u00f6k\u00e9letesen illik a k\u00f6vetkez\u0151kh\u00f6z <\/span><a style=\"color: #ffffff;\" href=\"https:\/\/www.ada.at\/hu\/produkte\/lakik\/kanapek\/i-forma\/salvia\/\">SALVIA kanap\u00e9<\/a><span style=\"color: #ffffff;\">: ugyanaz a harmonikus diz\u00e1jn, ugyanazok az okos funkci\u00f3k \u00e9s ugyanaz az \u00f6sszet\u00e9veszthetetlen \u00fcl\u00e9sk\u00e9nyelem.<br \/>\nAk\u00e1r n\u00e9h\u00e1ny percre \u00e1ll meg, ak\u00e1r egy eg\u00e9sz napot t\u00f6lt a nappaliban: \u00e9lvezze a meghitts\u00e9get! <\/span><\/p>\n<\/div><\/div><\/div><div class=\"fusion-layout-column fusion_builder_column fusion-builder-column-7 fusion_builder_column_1_1 1_1 fusion-flex-column\" style=\"--awb-bg-size:cover;--awb-width-large:100%;--awb-margin-top-large:0px;--awb-spacing-right-large:1.92%;--awb-margin-bottom-large:20px;--awb-spacing-left-large:1.92%;--awb-width-medium:100%;--awb-order-medium:0;--awb-spacing-right-medium:1.92%;--awb-spacing-left-medium:1.92%;--awb-width-small:100%;--awb-order-small:0;--awb-spacing-right-small:1.92%;--awb-spacing-left-small:1.92%;\" data-scroll-devices=\"small-visibility,medium-visibility,large-visibility\"><div class=\"fusion-column-wrapper fusion-column-has-shadow fusion-flex-justify-content-flex-start fusion-content-layout-column\"><div class=\"fusion-image-element \" style=\"text-align:center;--awb-caption-title-font-family:var(--h2_typography-font-family);--awb-caption-title-font-weight:var(--h2_typography-font-weight);--awb-caption-title-font-style:var(--h2_typography-font-style);--awb-caption-title-size:var(--h2_typography-font-size);--awb-caption-title-transform:var(--h2_typography-text-transform);--awb-caption-title-line-height:var(--h2_typography-line-height);--awb-caption-title-letter-spacing:var(--h2_typography-letter-spacing);\"><span class=\" fusion-imageframe imageframe-none imageframe-4 hover-type-none bottom-250 top50\" style=\"border-radius:8px;\"><img decoding=\"async\" width=\"1400\" height=\"800\" title=\"ADA . Mindful Living Sessel \u2013 \u00d6sterreichische Qualit\u00e4t trifft Design\" src=\"https:\/\/www.ada.at\/wp-content\/uploads\/2023\/11\/ADA-.-Mindful-Living-Sessel-\u2013-Oesterreichische-Qualitaet-trifft-Design.jpg\" alt class=\"img-responsive wp-image-11700\"\/><\/span><\/div><\/div><\/div><\/div><\/div><\/p>\n","protected":false},"excerpt":{"rendered":"<p>Ez a neked val\u00f3 karossz\u00e9ked, ha pihenni szeretn\u00e9l: a LETICIA \u00e1t\u00f6leli a testedet, mik\u00f6zben relax\u00e1ci\u00f3s \u00fczemm\u00f3dba kapcsolsz.<br \/>\nA h\u00e1tt\u00e1mla egy gombnyom\u00e1sra finoman h\u00e1trahajthat\u00f3, az \u00fcl\u00e9s als\u00f3 r\u00e9sze felemelkedik &#8211; \u00e9s felteheted a l\u00e1badat.<br \/>\nA fejt\u00e1ml\u00e1k oldalra el\u0151re hajthat\u00f3k, \u00e9s stabiliz\u00e1lj\u00e1k a fejedet. Power napping m\u00e9lt\u00f3s\u00e1ggal! Ezut\u00e1n nyugodtan kezdheted a nap szabad \u00f3r\u00e1idat.<\/p>\n<ul>\n<li>Relax \u00fczemm\u00f3d egy gombnyom\u00e1ssal<\/li>\n<li>K\u00e9zi vagy motoros funkci\u00f3 v\u00e1laszthat\u00f3<\/li>\n<li>A fejt\u00e1mla oldalra el\u0151re hajthat\u00f3<\/li>\n<li>K\u00e9nyelmes fel\u00e1ll\u00e1st seg\u00edt\u0151 funkci\u00f3val<\/li>\n<li>100%-ban Eur\u00f3p\u00e1ban k\u00e9sz\u00fclt<\/li>\n<\/ul>\n","protected":false},"featured_media":9564,"template":"","meta":{"_acf_changed":false},"product_brand":[],"product_cat":[331,534],"product_tag":[535,541,540,538,539,536,537],"class_list":{"0":"post-15103","1":"product","2":"type-product","3":"status-publish","4":"has-post-thumbnail","6":"product_cat-ada-hu","7":"product_cat-fotel","8":"product_tag-bor-hu","9":"product_tag-forgasi-funkcio","10":"product_tag-kiszallasi-segitseg","11":"product_tag-eszkoez","12":"product_tag-relax-funkcio","13":"product_tag-textil-hu-2","14":"product_tag-vegan-bor-hu","15":"post-status-publish","17":"first","18":"instock","19":"shipping-taxable","20":"product-type-simple","21":"add-to-wishlist-before_image"},"acf":[],"_links":{"self":[{"href":"https:\/\/www.ada.at\/hu\/wp-json\/wp\/v2\/product\/15103","targetHints":{"allow":["GET"]}}],"collection":[{"href":"https:\/\/www.ada.at\/hu\/wp-json\/wp\/v2\/product"}],"about":[{"href":"https:\/\/www.ada.at\/hu\/wp-json\/wp\/v2\/types\/product"}],"version-history":[{"count":5,"href":"https:\/\/www.ada.at\/hu\/wp-json\/wp\/v2\/product\/15103\/revisions"}],"predecessor-version":[{"id":26180,"href":"https:\/\/www.ada.at\/hu\/wp-json\/wp\/v2\/product\/15103\/revisions\/26180"}],"wp:featuredmedia":[{"embeddable":true,"href":"https:\/\/www.ada.at\/hu\/wp-json\/wp\/v2\/media\/9564"}],"wp:attachment":[{"href":"https:\/\/www.ada.at\/hu\/wp-json\/wp\/v2\/media?parent=15103"}],"wp:term":[{"taxonomy":"product_brand","embeddable":true,"href":"https:\/\/www.ada.at\/hu\/wp-json\/wp\/v2\/product_brand?post=15103"},{"taxonomy":"product_cat","embeddable":true,"href":"https:\/\/www.ada.at\/hu\/wp-json\/wp\/v2\/product_cat?post=15103"},{"taxonomy":"product_tag","embeddable":true,"href":"https:\/\/www.ada.at\/hu\/wp-json\/wp\/v2\/product_tag?post=15103"}],"curies":[{"name":"wp","href":"https:\/\/api.w.org\/{rel}","templated":true}]}}