{"id":15101,"date":"2024-01-15T12:36:20","date_gmt":"2024-01-15T11:36:20","guid":{"rendered":"https:\/\/www.ada.at\/produkte\/nem-kategorizalt\/draba\/"},"modified":"2026-03-23T14:16:00","modified_gmt":"2026-03-23T13:16:00","slug":"draba","status":"publish","type":"product","link":"https:\/\/www.ada.at\/hu\/produkte\/lakik\/kanapek\/draba\/","title":{"rendered":"Draba"},"content":{"rendered":"<p><div class=\"fusion-fullwidth fullwidth-box fusion-builder-row-1 fusion-flex-container has-pattern-background has-mask-background nonhundred-percent-fullwidth non-hundred-percent-height-scrolling top50 bottom-200\" style=\"--awb-border-radius-top-left:0px;--awb-border-radius-top-right:0px;--awb-border-radius-bottom-right:0px;--awb-border-radius-bottom-left:0px;--awb-padding-bottom:90px;--awb-flex-wrap:wrap;\" ><div class=\"fusion-builder-row fusion-row fusion-flex-align-items-flex-start fusion-flex-content-wrap\" style=\"max-width:1248px;margin-left: calc(-4% \/ 2 );margin-right: calc(-4% \/ 2 );\"><div class=\"fusion-layout-column fusion_builder_column fusion-builder-column-0 fusion_builder_column_1_1 1_1 fusion-flex-column\" style=\"--awb-bg-size:cover;--awb-width-large:100%;--awb-margin-top-large:0px;--awb-spacing-right-large:1.92%;--awb-margin-bottom-large:20px;--awb-spacing-left-large:1.92%;--awb-width-medium:100%;--awb-order-medium:0;--awb-spacing-right-medium:1.92%;--awb-spacing-left-medium:1.92%;--awb-width-small:100%;--awb-order-small:0;--awb-spacing-right-small:1.92%;--awb-spacing-left-small:1.92%;\"><div class=\"fusion-column-wrapper fusion-column-has-shadow fusion-flex-justify-content-flex-start fusion-content-layout-column\"><div class=\"fusion-image-element \" style=\"--awb-caption-title-font-family:var(--h2_typography-font-family);--awb-caption-title-font-weight:var(--h2_typography-font-weight);--awb-caption-title-font-style:var(--h2_typography-font-style);--awb-caption-title-size:var(--h2_typography-font-size);--awb-caption-title-transform:var(--h2_typography-text-transform);--awb-caption-title-line-height:var(--h2_typography-line-height);--awb-caption-title-letter-spacing:var(--h2_typography-letter-spacing);\"><span class=\" fusion-imageframe imageframe-none imageframe-1 hover-type-none\" style=\"border-radius:8px;\"><img decoding=\"async\" width=\"1440\" height=\"640\" alt=\"Nachhaltig und platzsparend - Das ADA Mindful Living Draba Sofa, einfach aufzubauen und stilvoll im Design\" title=\"Nachhaltig und platzsparend &#8211; Das ADA Mindful Living Draba Sofa, einfach aufzubauen und stilvoll im Design\" src=\"https:\/\/www.ada.at\/wp-content\/uploads\/2024\/01\/Nachhaltig-und-platzsparend-Das-ADA-Mindful-Living-Draba-Sofa-einfach-aufzubauen-und-stilvoll-im-Design.jpg\" class=\"img-responsive wp-image-12568\"\/><\/span><\/div><\/div><\/div><\/div><\/div><div class=\"fusion-fullwidth fullwidth-box fusion-builder-row-2 fusion-flex-container has-pattern-background has-mask-background fusion-parallax-none nonhundred-percent-fullwidth non-hundred-percent-height-scrolling cp-nachhaltigkeitselement cp-textlogos \" style=\"--awb-border-radius-top-left:0px;--awb-border-radius-top-right:0px;--awb-border-radius-bottom-right:0px;--awb-border-radius-bottom-left:0px;--awb-background-image:url(&quot;\/wp-content\/uploads\/2023\/08\/Ada-Hintergrund_dgrau_2.jpg&quot;);--awb-background-size:cover;--awb-flex-wrap:wrap;\" ><div class=\"fusion-builder-row fusion-row fusion-flex-align-items-flex-start fusion-flex-content-wrap\" style=\"max-width:1248px;margin-left: calc(-4% \/ 2 );margin-right: calc(-4% \/ 2 );\"><div class=\"fusion-layout-column fusion_builder_column fusion-builder-column-1 fusion_builder_column_1_3 1_3 fusion-flex-column\" style=\"--awb-padding-top:90px;--awb-bg-size:cover;--awb-width-large:33.333333333333%;--awb-margin-top-large:0px;--awb-spacing-right-large:5.76%;--awb-margin-bottom-large:20px;--awb-spacing-left-large:5.76%;--awb-width-medium:33.333333333333%;--awb-order-medium:0;--awb-spacing-right-medium:5.76%;--awb-spacing-left-medium:5.76%;--awb-width-small:100%;--awb-order-small:0;--awb-spacing-right-small:1.92%;--awb-spacing-left-small:1.92%;\"><div class=\"fusion-column-wrapper fusion-column-has-shadow fusion-flex-justify-content-flex-start fusion-content-layout-column\"><div class=\"fusion-title title fusion-title-1 fusion-sep-none fusion-title-text fusion-title-size-two\" style=\"--awb-text-color:var(--awb-color1);--awb-margin-top-small:10px;--awb-margin-right-small:0px;--awb-margin-bottom-small:10px;--awb-margin-left-small:0px;\"><h2 class=\"fusion-title-heading title-heading-left\" style=\"margin:0;\">T\u00f6lt\u0151dj fel k\u00f6nnyen!<\/h2><\/div><\/div><\/div><div class=\"fusion-layout-column fusion_builder_column fusion-builder-column-2 fusion_builder_column_2_3 2_3 fusion-flex-column bottom350\" style=\"--awb-padding-top:90px;--awb-bg-size:cover;--awb-width-large:66.666666666667%;--awb-margin-top-large:0px;--awb-spacing-right-large:2.88%;--awb-margin-bottom-large:20px;--awb-spacing-left-large:2.88%;--awb-width-medium:66.666666666667%;--awb-order-medium:0;--awb-spacing-right-medium:2.88%;--awb-spacing-left-medium:2.88%;--awb-width-small:100%;--awb-order-small:0;--awb-spacing-right-small:1.92%;--awb-spacing-left-small:1.92%;\" data-scroll-devices=\"small-visibility,medium-visibility,large-visibility\"><div class=\"fusion-column-wrapper fusion-column-has-shadow fusion-flex-justify-content-flex-start fusion-content-layout-column\"><div class=\"fusion-text fusion-text-1\" style=\"--awb-text-color:var(--awb-color1);\"><p>K\u00e9pzeld csak el, hogy egy hossz\u00fa, f\u00e1raszt\u00f3 nap ut\u00e1n v\u00e9gre haza\u00e9rsz, ahol m\u00e1r v\u00e1r r\u00e1d a DRABA kanap\u00e9. K\u00e9szen \u00e1ll arra, hogy szeretettel b\u00fajj\u00e1l a puha p\u00e1rn\u00e1k k\u00f6z\u00e9, \u00e9s hagyjad, hogy gondolataid elkalandozzanak. A megfelel\u0151 tart\u00e1sr\u00f3l gondoskodnak majd a rugalmas h\u00e1tp\u00e1rn\u00e1k. A fejedn\u00e9l \u00e9s a v\u00e1lladn\u00e1l oda teszed \u0151ket, ahov\u00e1 csak akarod, egy\u00e9nileg be\u00e1ll\u00edthat\u00f3k. Gyorsan megtal\u00e1lod a neked legk\u00e9nyelmesebb poz\u00edci\u00f3t.<\/p>\n<p>Am\u00fagy rengeteg helyed van a nagyvonal\u00fa helyk\u00edn\u00e1latnak k\u00f6sz\u00f6nhet\u0151en &#8211; legyen sz\u00f3 olvas\u00e1sr\u00f3l, sorozatn\u00e9z\u00e9sr\u0151l, b\u00f3biskol\u00e1sr\u00f3l, vid\u00e1m cseveg\u00e9sr\u0151l vagy \u00e9ppen kedvenc zen\u00e9d hallgat\u00e1s\u00e1r\u00f3l. Ok\u00e9, de hova teszed a holmidat? A DRABA erre is gondolt: a be\u00e9p\u00edtett t\u00f6m\u00f6rfa-polc a t\u00e1rol\u00f3rekesz\u00e9vel egyszerre gy\u00f6ny\u00f6rk\u00f6dteti a szemet \u00e9s gondoskodik a rendr\u0151l.<\/p>\n<p>A DRABA szabads\u00e1got ad neked, hogy kifejezd a saj\u00e1t st\u00edlusodat. A kanap\u00e9 f\u00e9mkerete lehet fekete vagy tit\u00e1n. Megint csak te d\u00f6ntheted el, hogy milyen huzatban t\u00fcnd\u00f6k\u00f6l a DRABA, sz\u00e9les a v\u00e1laszt\u00e9k sz\u00f6vetb\u0151l \u00e9s b\u0151rb\u0151l k\u00fcl\u00f6nf\u00e9le nat\u00far sz\u00ednekben. Egy\u00e9bk\u00e9nt a fekv\u0151hely szabadon \u00e1ll\u00f3 kivitelben is kaphat\u00f3. Teheted a nappaliba, a h\u00e1l\u00f3ba vagy a szem\u00e9lyes kuck\u00f3dba, a DRABA arra k\u00e9sztet, hogy meg\u00e1llj egy kicsit. M\u00e1r csak a mindful moments kedv\u00e9\u00e9rt is.<\/p>\n<\/div><\/div><\/div><\/div><\/div><div class=\"fusion-fullwidth fullwidth-box fusion-builder-row-3 fusion-flex-container has-pattern-background has-mask-background nonhundred-percent-fullwidth non-hundred-percent-height-scrolling cp-2images\" style=\"--awb-border-radius-top-left:0px;--awb-border-radius-top-right:0px;--awb-border-radius-bottom-right:0px;--awb-border-radius-bottom-left:0px;--awb-flex-wrap:wrap;\" ><div class=\"fusion-builder-row fusion-row fusion-flex-align-items-flex-start fusion-flex-content-wrap\" style=\"max-width:1248px;margin-left: calc(-4% \/ 2 );margin-right: calc(-4% \/ 2 );\"><div class=\"fusion-layout-column fusion_builder_column fusion-builder-column-3 fusion_builder_column_1_2 1_2 fusion-flex-column top-400\" style=\"--awb-bg-size:cover;--awb-width-large:50%;--awb-margin-top-large:0px;--awb-spacing-right-large:3.84%;--awb-margin-bottom-large:20px;--awb-spacing-left-large:3.84%;--awb-width-medium:50%;--awb-order-medium:0;--awb-spacing-right-medium:3.84%;--awb-spacing-left-medium:3.84%;--awb-width-small:100%;--awb-order-small:0;--awb-spacing-right-small:1.92%;--awb-spacing-left-small:1.92%;\" data-scroll-devices=\"small-visibility,medium-visibility,large-visibility\"><div class=\"fusion-column-wrapper fusion-column-has-shadow fusion-flex-justify-content-flex-start fusion-content-layout-column\"><div class=\"fusion-image-element \" style=\"--awb-caption-title-font-family:var(--h2_typography-font-family);--awb-caption-title-font-weight:var(--h2_typography-font-weight);--awb-caption-title-font-style:var(--h2_typography-font-style);--awb-caption-title-size:var(--h2_typography-font-size);--awb-caption-title-transform:var(--h2_typography-text-transform);--awb-caption-title-line-height:var(--h2_typography-line-height);--awb-caption-title-letter-spacing:var(--h2_typography-letter-spacing);\"><span class=\" fusion-imageframe imageframe-none imageframe-2 hover-type-none\" style=\"border-radius:8px;\"><img decoding=\"async\" width=\"522\" height=\"703\" alt=\"Leichter Aufbau und strapazierbare Stoffe - das ADA Mindful Living Draba Sofa ist perfekt, f\u00fcr Hunde und Katzenebesitzer, die ein Sofa f\u00fcr Haustiere suchen\" title=\"LEICHT~1\" src=\"https:\/\/www.ada.at\/wp-content\/uploads\/2024\/01\/LEICHT1.jpg\" class=\"img-responsive wp-image-12562\"\/><\/span><\/div><\/div><\/div><div class=\"fusion-layout-column fusion_builder_column fusion-builder-column-4 fusion_builder_column_1_2 1_2 fusion-flex-column top-200\" style=\"--awb-bg-size:cover;--awb-width-large:50%;--awb-margin-top-large:0px;--awb-spacing-right-large:3.84%;--awb-margin-bottom-large:20px;--awb-spacing-left-large:3.84%;--awb-width-medium:50%;--awb-order-medium:0;--awb-spacing-right-medium:3.84%;--awb-spacing-left-medium:3.84%;--awb-width-small:100%;--awb-order-small:0;--awb-spacing-right-small:1.92%;--awb-spacing-left-small:1.92%;\" data-scroll-devices=\"small-visibility,medium-visibility,large-visibility\"><div class=\"fusion-column-wrapper fusion-column-has-shadow fusion-flex-justify-content-flex-start fusion-content-layout-column\"><div class=\"fusion-image-element \" style=\"--awb-caption-title-font-family:var(--h2_typography-font-family);--awb-caption-title-font-weight:var(--h2_typography-font-weight);--awb-caption-title-font-style:var(--h2_typography-font-style);--awb-caption-title-size:var(--h2_typography-font-size);--awb-caption-title-transform:var(--h2_typography-text-transform);--awb-caption-title-line-height:var(--h2_typography-line-height);--awb-caption-title-letter-spacing:var(--h2_typography-letter-spacing);\"><span class=\" fusion-imageframe imageframe-none imageframe-3 hover-type-none\" style=\"border-radius:8px;\"><img decoding=\"async\" width=\"522\" height=\"703\" alt=\"In Europa gefertigtes, modulares Draba Sofa von ADA Mindful Living, kombiniert Qualit\u00e4t mit Raumeffizienz\" title=\"In Europa gefertigtes, modulares Draba Sofa von ADA Mindful Living, kombiniert Qualit\u00e4t mit Raumeffizienz\" src=\"https:\/\/www.ada.at\/wp-content\/uploads\/2024\/01\/In-Europa-gefertigtes-modulares-Draba-Sofa-von-ADA-Mindful-Living-kombiniert-Qualitaet-mit-Raumeffizienz.jpg\" class=\"img-responsive wp-image-12559\"\/><\/span><\/div><\/div><\/div><\/div><\/div><div class=\"fusion-fullwidth fullwidth-box fusion-builder-row-4 fusion-flex-container has-pattern-background has-mask-background nonhundred-percent-fullwidth non-hundred-percent-height-scrolling cp-textlogos\" style=\"--awb-border-radius-top-left:0px;--awb-border-radius-top-right:0px;--awb-border-radius-bottom-right:0px;--awb-border-radius-bottom-left:0px;--awb-padding-top:50px;--awb-padding-bottom:0px;--awb-flex-wrap:wrap;\" ><div class=\"fusion-builder-row fusion-row fusion-flex-align-items-center fusion-flex-justify-content-center fusion-flex-content-wrap\" style=\"max-width:1248px;margin-left: calc(-4% \/ 2 );margin-right: calc(-4% \/ 2 );\"><div class=\"fusion-layout-column fusion_builder_column fusion-builder-column-5 fusion_builder_column_1_3 1_3 fusion-flex-column fusion-flex-align-self-flex-start\" style=\"--awb-bg-color:var(--awb-color1);--awb-bg-color-hover:var(--awb-color1);--awb-bg-size:cover;--awb-width-large:33.333333333333%;--awb-margin-top-large:0px;--awb-spacing-right-large:5.76%;--awb-margin-bottom-large:20px;--awb-spacing-left-large:5.76%;--awb-width-medium:33.333333333333%;--awb-order-medium:0;--awb-spacing-right-medium:5.76%;--awb-spacing-left-medium:5.76%;--awb-width-small:100%;--awb-order-small:0;--awb-spacing-right-small:1.92%;--awb-spacing-left-small:1.92%;\" data-scroll-devices=\"small-visibility,medium-visibility,large-visibility\"><div class=\"fusion-column-wrapper fusion-column-has-shadow fusion-flex-justify-content-flex-start fusion-content-layout-column\"><div class=\"fusion-title title fusion-title-2 fusion-sep-none fusion-title-text fusion-title-size-two\" style=\"--awb-text-color:var(--awb-color5);--awb-margin-top-small:10px;--awb-margin-right-small:0px;--awb-margin-bottom-small:10px;--awb-margin-left-small:0px;\"><h2 class=\"fusion-title-heading title-heading-left\" style=\"margin:0;\">A kanap\u00e9 praktikus minden tekintetben.<\/h2><\/div><\/div><\/div><div class=\"fusion-layout-column fusion_builder_column fusion-builder-column-6 fusion_builder_column_2_3 2_3 fusion-flex-column fusion-flex-align-self-flex-start\" style=\"--awb-bg-size:cover;--awb-width-large:66.666666666667%;--awb-margin-top-large:0px;--awb-spacing-right-large:2.88%;--awb-margin-bottom-large:20px;--awb-spacing-left-large:2.88%;--awb-width-medium:66.666666666667%;--awb-order-medium:0;--awb-spacing-right-medium:2.88%;--awb-spacing-left-medium:2.88%;--awb-width-small:100%;--awb-order-small:0;--awb-spacing-right-small:1.92%;--awb-spacing-left-small:1.92%;\" data-scroll-devices=\"small-visibility,medium-visibility,large-visibility\"><div class=\"fusion-column-wrapper fusion-column-has-shadow fusion-flex-justify-content-flex-start fusion-content-layout-column\"><div class=\"fusion-text fusion-text-2\" style=\"--awb-text-color:var(--awb-color5);\"><p>A DRABA modul\u00e1ris fel\u00e9p\u00edt\u00e9s\u0171. A kanap\u00e9 sz\u00e9tszedhet\u0151 kezelhet\u0151 nagys\u00e1g\u00fa r\u00e9szekre, \u00edgy elf\u00e9r b\u00e1rmelyik kocsiban, nincs t\u00f6bb cipeked\u00e9s. Ugyanilyen egyszer\u0171 az \u00f6sszeszerel\u00e9s is: a f\u00e9mkeret gyorsan \u00f6sszeszerelhet\u0151, erre csak r\u00e1 kell tenni a p\u00e1rn\u00e1kat, ut\u00e1na foglalj helyet, \u00e9s l\u00e9legezz fel. De ne csak magadra gondolj! Hadd jussanak egy kis leveg\u0151h\u00f6z az \u00fcl\u0151p\u00e1rn\u00e1k is. Az \u00e1gyr\u00e1csos rug\u00f3z\u00e1snak k\u00f6sz\u00f6nhet\u0151en a leveg\u0151 szabadon tud \u00e1ramlani. Mindig j\u00f3lesik a frissess\u00e9g, amit \u00e9rzel.<\/p>\n<\/div><\/div><\/div><\/div><\/div><div class=\"fusion-fullwidth fullwidth-box fusion-builder-row-5 fusion-flex-container has-pattern-background has-mask-background nonhundred-percent-fullwidth non-hundred-percent-height-scrolling cp-vergleichstabelle\" style=\"--awb-border-radius-top-left:0px;--awb-border-radius-top-right:0px;--awb-border-radius-bottom-right:0px;--awb-border-radius-bottom-left:0px;--awb-flex-wrap:wrap;\" ><div class=\"fusion-builder-row fusion-row fusion-flex-align-items-flex-start fusion-flex-content-wrap\" style=\"max-width:1248px;margin-left: calc(-4% \/ 2 );margin-right: calc(-4% \/ 2 );\"><div class=\"fusion-layout-column fusion_builder_column fusion-builder-column-7 fusion_builder_column_1_1 1_1 fusion-flex-column table-compare-hl\" style=\"--awb-bg-size:cover;--awb-width-large:100%;--awb-margin-top-large:0px;--awb-spacing-right-large:1.92%;--awb-margin-bottom-large:20px;--awb-spacing-left-large:1.92%;--awb-width-medium:100%;--awb-order-medium:0;--awb-spacing-right-medium:1.92%;--awb-spacing-left-medium:1.92%;--awb-width-small:100%;--awb-order-small:0;--awb-spacing-right-small:1.92%;--awb-spacing-left-small:1.92%;\" data-scroll-devices=\"small-visibility,medium-visibility,large-visibility\"><div class=\"fusion-column-wrapper fusion-column-has-shadow fusion-flex-justify-content-flex-start fusion-content-layout-column\"><div class=\"fusion-title title fusion-title-3 fusion-sep-none fusion-title-center fusion-title-text fusion-title-size-three\" style=\"--awb-text-color:var(--awb-color5);--awb-margin-top-small:10px;--awb-margin-right-small:0px;--awb-margin-bottom-small:10px;--awb-margin-left-small:0px;\"><h3 class=\"fusion-title-heading title-heading-center\" style=\"margin:0;\"><p>Hasonl\u00edtsd \u00f6sszes a Draba kanap\u00e9t<br \/>\nm\u00e1s kanap\u00e9inkkal<\/p><\/h3><\/div><\/div><\/div><div class=\"fusion-layout-column fusion_builder_column fusion-builder-column-8 fusion_builder_column_1_1 1_1 fusion-flex-column table-compare-box\" style=\"--awb-bg-size:cover;--awb-width-large:100%;--awb-margin-top-large:0px;--awb-spacing-right-large:1.92%;--awb-margin-bottom-large:20px;--awb-spacing-left-large:1.92%;--awb-width-medium:100%;--awb-order-medium:0;--awb-spacing-right-medium:1.92%;--awb-spacing-left-medium:1.92%;--awb-width-small:100%;--awb-order-small:0;--awb-spacing-right-small:1.92%;--awb-spacing-left-small:1.92%;\" data-scroll-devices=\"small-visibility,medium-visibility,large-visibility\"><div class=\"fusion-column-wrapper fusion-column-has-shadow fusion-flex-justify-content-flex-start fusion-content-layout-column\">\n<div class=\"table-1 table-compare\">\n<table style=\"width: 100%; height: 552px;\" width=\"100%\">\n<thead>\n<tr style=\"height: 87px;\">\n<th style=\"width: 11.7599%; height: 87px;\" align=\"left\"><\/th>\n<th style=\"width: 19.9725%; height: 87px;\" align=\"left\"><img decoding=\"async\" class=\"alignnone size-full wp-image-12593\" src=\"https:\/\/www.ada.at\/wp-content\/uploads\/2024\/01\/Flexibel-stilvoll-und-nachhaltig-das-ADA-Mindful-Living-Draba-Sofa-ideal-fuer-kleinere-Wohnraeume-1.jpg\" alt=\"Flexibel, stilvoll und nachhaltig - das ADA Mindful Living Draba Sofa, ideal f\u00fcr kleinere Wohnr\u00e4ume\" width=\"300\" height=\"150\" \/><\/th>\n<th style=\"width: 37.2984%; height: 87px;\" align=\"left\"><img decoding=\"async\" class=\"alignnone size-full wp-image-12590\" src=\"https:\/\/www.ada.at\/wp-content\/uploads\/2024\/01\/Couch-Caltha-Oesterreichische-Qualitaet-und-stilvolles-Design-im-ADA-.-Mindful-Living-Caltha-Sofa-nachhaltig-und-modern.jpg\" alt=\"Couch Caltha - \u00d6sterreichische Qualit\u00e4t und stilvolles Design im ADA . Mindful Living Caltha Sofa, nachhaltig und modern\" width=\"300\" height=\"150\" \/><\/th>\n<th style=\"width: 29.9401%; height: 87px;\" align=\"left\"><img decoding=\"async\" class=\"alignnone size-full wp-image-12596\" src=\"https:\/\/www.ada.at\/wp-content\/uploads\/2024\/01\/Produktvergleich-Couch-Tivoli-Oesterreichische-Qualitaet-und-stilvolles-Design-im-ADA-.-Mindful-Living-Tivoli-Sofa-nachhaltig-und-skandinavisches-Design.jpg\" alt=\"Produktvergleich Couch Tivoli- \u00d6sterreichische Qualit\u00e4t und stilvolles Design im ADA . Mindful Living Tivoli Sofa, nachhaltig und skandinavisches Design\" width=\"300\" height=\"150\" \/><\/th>\n<\/tr>\n<\/thead>\n<tbody>\n<tr style=\"height: 24px;\">\n<td style=\"width: 11.7599%; height: 24px;\" align=\"left\"><strong>Modell<\/strong><\/td>\n<td style=\"width: 19.9725%; height: 24px;\" align=\"left\">Draba<\/td>\n<td style=\"width: 37.2984%; height: 24px;\" align=\"left\">Caltha<\/td>\n<td style=\"width: 29.9401%; height: 24px;\" align=\"left\">Tivoli<\/td>\n<\/tr>\n<tr style=\"height: 216px;\">\n<td style=\"width: 11.7599%; height: 216px;\"><strong>R\u00f6vid le\u00edr\u00e1s<\/strong><\/td>\n<td style=\"width: 19.9725%; height: 216px;\">A DRABA p\u00e1ros\u00edtja a pihentet\u0151 k\u00e9nyelmet a praktikus kezel\u00e9ssel. Nagy, puha p\u00e1rn\u00e1kkal v\u00e1r, \u00e9s a rugalmas h\u00e1tp\u00e1rn\u00e1knak k\u00f6sz\u00f6nhet\u0151en minden poz\u00edci\u00f3ban megfelel\u0151 t\u00e1maszt ny\u00fajt. Az \u00e1tgondolt konstrukci\u00f3nak k\u00f6sz\u00f6nhet\u0151en a kanap\u00e9 k\u00f6nnyen sz\u00e1ll\u00edthat\u00f3, fel\u00e1ll\u00edthat\u00f3 \u00e9s sz\u00e9tszerelhet\u0151.<\/td>\n<td style=\"width: 37.2984%; height: 216px;\">A CALTHA egyszerre k\u00e9nyelmes \u00e9s k\u00f6nnyen kezelhet\u0151 a maga modul\u00e1ris kialak\u00edt\u00e1s\u00e1val. Nagy, puha \u00fcl\u0151p\u00e1rn\u00e1i \u00e9s rugalmas h\u00e1tp\u00e1rn\u00e1i vannak, amelyek alkalmazkodnak b\u00e1rmilyen testhelyzethez. Okos konstrukci\u00f3j\u00e1nak k\u00f6sz\u00f6nhet\u0151en k\u00f6nnyen sz\u00e1ll\u00edthat\u00f3 \u00e9s \u00f6sszeszerelhet\u0151.<\/td>\n<td style=\"width: 29.9401%; height: 216px;\">A TIVOLI sokoldal\u00fa \u00e9s izgalmas kanap\u00e9, amely a diz\u00e1jn \u00e9s a forma kontrasztj\u00e1val k\u00e9pes megh\u00f3d\u00edtani, t\u00e1gas \u00fcl\u00e9sfel\u00fclettel, karcs\u00fa t\u00e1ml\u00e1val, vari\u00e1lhat\u00f3 elemekkel, p\u00e9ld\u00e1ul \u00e1ll\u00edthat\u00f3 karf\u00e1val \u00e9s megv\u00e1laszthat\u00f3 fekv\u0151helyekkel, \u00edgy a k\u00e9nyelem \u00e9s a st\u00edlus megtestes\u00edt\u0151je a nappaliban.<\/td>\n<\/tr>\n<tr style=\"height: 176px;\">\n<td style=\"height: 176px; width: 11.7599%;\"><strong>Saj\u00e1toss\u00e1gok<\/strong><\/td>\n<td style=\"height: 176px; width: 19.9725%;\">\n<ul>\n<li>Egyszer\u0171 sz\u00e1ll\u00edt\u00e1s &amp; \u00f6ssze-, ill. sz\u00e9tszerel\u00e9s<\/li>\n<li>Funkcion\u00e1lis h\u00e1tp\u00e1rna<\/li>\n<li>Praktikus t\u00f6m\u00f6rfa-polc t\u00e1rol\u00f3val<\/li>\n<\/ul>\n<\/td>\n<td style=\"height: 176px; width: 37.2984%;\">\n<ul>\n<li>Egyszer\u0171 sz\u00e1ll\u00edt\u00e1s &amp; \u00f6ssze-, ill. sz\u00e9tszerel\u00e9s<\/li>\n<li>Rugalmas funkci\u00f3p\u00e1rn\u00e1k<\/li>\n<li>Praktikus t\u00f6m\u00f6rfa-polc t\u00e1rol\u00f3val<\/li>\n<\/ul>\n<\/td>\n<td style=\"height: 176px; width: 29.9401%;\">\n<ul>\n<li>Izgalmas, kontrasztos diz\u00e1jn<\/li>\n<li>T\u00f6m\u00f6rfa l\u00e1bak: t\u00f6lgyb\u0151l, di\u00f3f\u00e1b\u00f3l vagy b\u00fckkb\u0151l<\/li>\n<li>Fokozat n\u00e9lk\u00fcl \u00e1ll\u00edthat\u00f3 kart\u00e1masz<\/li>\n<\/ul>\n<\/td>\n<\/tr>\n<tr style=\"height: 24px;\">\n<td style=\"width: 11.7599%; height: 24px;\"><\/td>\n<td style=\"width: 19.9725%; height: 24px;\"><\/td>\n<td style=\"width: 37.2984%; height: 24px; text-align: left;\"><a class=\"button\" href=\"https:\/\/www.ada.at\/hu\/produkte\/lakik\/kanapek\/i-forma\/caltha\/\">Ugr\u00e1s a term\u00e9khez<\/a><\/td>\n<td style=\"width: 29.9401%; height: 24px; text-align: left;\"><a class=\"button\" href=\"https:\/\/www.ada.at\/hu\/produkte\/lakik\/kanapek\/i-forma\/tivoli\/\">Ugr\u00e1s a term\u00e9khez<\/a><\/td>\n<\/tr>\n<\/tbody>\n<\/table>\n<\/div>\n<\/div><\/div><\/div><\/div><\/p>\n","protected":false},"excerpt":{"rendered":"<p>Tiszta pihen\u00e9s? Abszol\u00fat. A DRABA nagy, puha p\u00e1rn\u00e1kkal fogad, ugyanakkor k\u00e9nyelmes t\u00e1maszt ny\u00fajt &#8211; k\u00fcl\u00f6n\u00f6sen a rugalmas h\u00e1tp\u00e1rn\u00e1knak k\u00f6sz\u00f6nhet\u0151en, amelyek minden poz\u00edci\u00f3ban alkalmazkodnak az ig\u00e9nyeidhez. A kanap\u00e9 \u00e9ppen olyan egyszer\u0171en kezelhet\u0151, mint amilyen k\u00e9nyelmes: k\u00f6nnyen sz\u00e1ll\u00edthat\u00f3, gyorsan fel\u00e1ll\u00edthat\u00f3 \u00e9s k\u00f6nnyen sz\u00e9tszedhet\u0151 \u2013 \u00e1tgondolt konstrukci\u00f3j\u00e1nak k\u00f6sz\u00f6nhet\u0151en mindez szinte gyerekj\u00e1t\u00e9k.<\/p>\n<ul>\n<li>Modul\u00e1ris fel\u00e9p\u00edt\u00e9s<\/li>\n<li>Egyszer\u0171 sz\u00e1ll\u00edt\u00e1s &amp; \u00f6ssze-, ill. sz\u00e9tszerel\u00e9s<\/li>\n<li>Funkcion\u00e1lis h\u00e1tp\u00e1rna<\/li>\n<li>Praktikus t\u00f6m\u00f6rfa-polc t\u00e1rol\u00f3val<\/li>\n<\/ul>\n","protected":false},"featured_media":12541,"template":"","meta":{"_acf_changed":false},"product_brand":[],"product_cat":[520,517,518,519],"product_tag":[532,533,530,531,529,522,525,528,527,526,523,521,524],"class_list":{"0":"post-15101","1":"product","2":"type-product","3":"status-publish","4":"has-post-thumbnail","6":"product_cat-i-forma","7":"product_cat-kanapek","8":"product_cat-l-forma","9":"product_cat-u-forma","10":"product_tag-130cm-hu","11":"product_tag-140cm-hu","12":"product_tag-allithato-hattamla-hatparna","13":"product_tag-asztal-tarolofunkcio","14":"product_tag-asztal-tarolo","15":"product_tag-bor","16":"product_tag-buekk","17":"product_tag-kemeny","18":"product_tag-koezepes","19":"product_tag-puha","20":"product_tag-textil-hu","21":"product_tag-uelogarniturak","22":"product_tag-vegan-bor","23":"post-status-publish","25":"first","26":"instock","27":"shipping-taxable","28":"product-type-simple","29":"add-to-wishlist-before_image"},"acf":[],"_links":{"self":[{"href":"https:\/\/www.ada.at\/hu\/wp-json\/wp\/v2\/product\/15101","targetHints":{"allow":["GET"]}}],"collection":[{"href":"https:\/\/www.ada.at\/hu\/wp-json\/wp\/v2\/product"}],"about":[{"href":"https:\/\/www.ada.at\/hu\/wp-json\/wp\/v2\/types\/product"}],"version-history":[{"count":5,"href":"https:\/\/www.ada.at\/hu\/wp-json\/wp\/v2\/product\/15101\/revisions"}],"predecessor-version":[{"id":26162,"href":"https:\/\/www.ada.at\/hu\/wp-json\/wp\/v2\/product\/15101\/revisions\/26162"}],"wp:featuredmedia":[{"embeddable":true,"href":"https:\/\/www.ada.at\/hu\/wp-json\/wp\/v2\/media\/12541"}],"wp:attachment":[{"href":"https:\/\/www.ada.at\/hu\/wp-json\/wp\/v2\/media?parent=15101"}],"wp:term":[{"taxonomy":"product_brand","embeddable":true,"href":"https:\/\/www.ada.at\/hu\/wp-json\/wp\/v2\/product_brand?post=15101"},{"taxonomy":"product_cat","embeddable":true,"href":"https:\/\/www.ada.at\/hu\/wp-json\/wp\/v2\/product_cat?post=15101"},{"taxonomy":"product_tag","embeddable":true,"href":"https:\/\/www.ada.at\/hu\/wp-json\/wp\/v2\/product_tag?post=15101"}],"curies":[{"name":"wp","href":"https:\/\/api.w.org\/{rel}","templated":true}]}}