{"id":14265,"date":"2023-09-26T19:00:42","date_gmt":"2023-09-26T17:00:42","guid":{"rendered":"https:\/\/www.ada.at\/sajto\/"},"modified":"2026-02-09T15:29:00","modified_gmt":"2026-02-09T14:29:00","slug":"sajto","status":"publish","type":"page","link":"https:\/\/www.ada.at\/hu\/sajto\/","title":{"rendered":"Sajt\u00f3"},"content":{"rendered":"<p><div class=\"fusion-fullwidth fullwidth-box fusion-builder-row-1 fusion-flex-container has-pattern-background has-mask-background fusion-parallax-none nonhundred-percent-fullwidth non-hundred-percent-height-scrolling cpart-heroheader heroHeaderContainer\" style=\"--link_hover_color: var(--awb-color5);--link_color: var(--awb-color5);--awb-border-color:var(--awb-color1);--awb-border-radius-top-left:0px;--awb-border-radius-top-right:0px;--awb-border-radius-bottom-right:0px;--awb-border-radius-bottom-left:0px;--awb-padding-top:9vw;--awb-padding-bottom:0px;--awb-padding-top-small:70px;--awb-padding-right-small:40px;--awb-padding-bottom-small:0px;--awb-padding-left-small:40px;--awb-margin-bottom-medium:0px;--awb-margin-bottom-small:60px;--awb-min-height:600px;--awb-background-color:hsla(var(--awb-color8-h),var(--awb-color8-s),var(--awb-color8-l),calc(var(--awb-color8-a) - 30%));--awb-background-image:radial-gradient(circle at center center, rgba(255,255,255,0) 20%,rgba(0,0,0,0.7) 100%),url(https:\/\/www.ada.at\/wp-content\/uploads\/2023\/10\/Header_Magazin_01_3000x1200px-1920x768.png);;--awb-background-size:cover;--awb-flex-wrap:wrap;\" ><div class=\"fusion-builder-row fusion-row fusion-flex-align-items-center fusion-flex-content-wrap\" style=\"max-width:1248px;margin-left: calc(-4% \/ 2 );margin-right: calc(-4% \/ 2 );\"><div class=\"fusion-layout-column fusion_builder_column fusion-builder-column-0 fusion_builder_column_1_1 1_1 fusion-flex-column\" style=\"--awb-padding-bottom-medium:0px;--awb-bg-size:cover;--awb-width-large:100%;--awb-margin-top-large:0px;--awb-spacing-right-large:1.92%;--awb-margin-bottom-large:85px;--awb-spacing-left-large:1.92%;--awb-width-medium:100%;--awb-order-medium:0;--awb-spacing-right-medium:1.92%;--awb-spacing-left-medium:1.92%;--awb-width-small:100%;--awb-order-small:0;--awb-spacing-right-small:1.92%;--awb-margin-bottom-small:44px;--awb-spacing-left-small:1.92%;\" data-scroll-devices=\"small-visibility,medium-visibility,large-visibility\"><div class=\"fusion-column-wrapper fusion-column-has-shadow fusion-flex-justify-content-flex-start fusion-content-layout-column\"><\/div><\/div><\/div><\/div><div class=\"fusion-fullwidth fullwidth-box fusion-builder-row-2 fusion-flex-container has-pattern-background has-mask-background nonhundred-percent-fullwidth non-hundred-percent-height-scrolling\" style=\"--awb-border-radius-top-left:0px;--awb-border-radius-top-right:0px;--awb-border-radius-bottom-right:0px;--awb-border-radius-bottom-left:0px;--awb-flex-wrap:wrap;\" ><div class=\"fusion-builder-row fusion-row fusion-flex-align-items-center fusion-flex-justify-content-center fusion-flex-content-wrap\" style=\"max-width:1248px;margin-left: calc(-4% \/ 2 );margin-right: calc(-4% \/ 2 );\"><div class=\"fusion-layout-column fusion_builder_column fusion-builder-column-1 fusion_builder_column_2_3 2_3 fusion-flex-column fusion-flex-align-self-center cpart-leadIntext\" style=\"--awb-bg-color:var(--awb-color1);--awb-bg-color-hover:var(--awb-color1);--awb-bg-size:cover;--awb-width-large:66.666666666667%;--awb-margin-top-large:0px;--awb-spacing-right-large:2.88%;--awb-margin-bottom-large:20px;--awb-spacing-left-large:2.88%;--awb-width-medium:66.666666666667%;--awb-order-medium:0;--awb-spacing-right-medium:2.88%;--awb-spacing-left-medium:2.88%;--awb-width-small:100%;--awb-order-small:0;--awb-spacing-right-small:1.92%;--awb-spacing-left-small:1.92%;\" data-scroll-devices=\"small-visibility,medium-visibility,large-visibility\"><div class=\"fusion-column-wrapper fusion-column-has-shadow fusion-flex-justify-content-flex-start fusion-content-layout-column\"><div class=\"fusion-title title fusion-title-1 fusion-sep-none fusion-title-text fusion-title-size-one left-50\" style=\"--awb-text-color:var(--awb-color5);--awb-margin-top-small:10px;--awb-margin-right-small:0px;--awb-margin-bottom-small:10px;--awb-margin-left-small:0px;\"><h1 class=\"fusion-title-heading title-heading-left\" style=\"margin:0;\">Sajt\u00f3<\/h1><\/div><div class=\"fusion-text fusion-text-1 left50\"><p>\u00dcdv\u00f6zl\u00fcnk az ADA sajt\u00f3ter\u00fclet\u00e9n! Aktu\u00e1lis inform\u00e1ci\u00f3kat keresel, szeretn\u00e9d let\u00f6lteni a log\u00f3nkat vagy speci\u00e1lis k\u00e9rd\u00e9sed volna? Itt megtal\u00e1lod a leg\u00fajabb sajt\u00f3k\u00f6zlem\u00e9nyeinket \u00e9s b\u00e1rmilyen, a m\u00e9di\u00e1t \u00e9rdekl\u0151 k\u00e9rd\u00e9st feltehetsz a sajt\u00f3felel\u0151s\u00fcnknek.<\/p>\n<\/div><\/div><\/div><\/div><\/div><div class=\"fusion-fullwidth fullwidth-box fusion-builder-row-3 fusion-flex-container has-pattern-background has-mask-background nonhundred-percent-fullwidth non-hundred-percent-height-scrolling cpart-BlogCards bottom50\" style=\"--awb-border-radius-top-left:0px;--awb-border-radius-top-right:0px;--awb-border-radius-bottom-right:0px;--awb-border-radius-bottom-left:0px;--awb-padding-bottom:100px;--awb-margin-bottom:0px;--awb-background-color:var(--awb-color6);--awb-flex-wrap:wrap;\" ><div class=\"fusion-builder-row fusion-row fusion-flex-align-items-flex-start fusion-flex-justify-content-center fusion-flex-content-wrap\" style=\"max-width:1248px;margin-left: calc(-4% \/ 2 );margin-right: calc(-4% \/ 2 );\"><div class=\"fusion-layout-column fusion_builder_column fusion-builder-column-2 fusion_builder_column_1_5 1_5 fusion-flex-column\" style=\"--awb-bg-size:cover;--awb-width-large:20%;--awb-margin-top-large:0px;--awb-spacing-right-large:9.6%;--awb-margin-bottom-large:20px;--awb-spacing-left-large:9.6%;--awb-width-medium:20%;--awb-order-medium:0;--awb-spacing-right-medium:9.6%;--awb-spacing-left-medium:9.6%;--awb-width-small:100%;--awb-order-small:0;--awb-spacing-right-small:1.92%;--awb-spacing-left-small:1.92%;\"><div class=\"fusion-column-wrapper fusion-column-has-shadow fusion-flex-justify-content-flex-start fusion-content-layout-column\"><\/div><\/div><div class=\"fusion-layout-column fusion_builder_column fusion-builder-column-3 fusion_builder_column_3_5 3_5 fusion-flex-column top150 bottom50\" style=\"--awb-bg-size:cover;--awb-width-large:60%;--awb-margin-top-large:0px;--awb-spacing-right-large:3.2%;--awb-margin-bottom-large:20px;--awb-spacing-left-large:3.2%;--awb-width-medium:60%;--awb-order-medium:0;--awb-spacing-right-medium:3.2%;--awb-spacing-left-medium:3.2%;--awb-width-small:100%;--awb-order-small:0;--awb-spacing-right-small:1.92%;--awb-spacing-left-small:1.92%;\" data-scroll-devices=\"small-visibility,medium-visibility,large-visibility\"><div class=\"fusion-column-wrapper fusion-column-has-shadow fusion-flex-justify-content-center fusion-content-layout-row\"><div class=\"fusion-title title fusion-title-2 fusion-sep-none fusion-title-center fusion-title-text fusion-title-size-two\" style=\"--awb-text-color:var(--awb-color1);--awb-margin-top-small:10px;--awb-margin-right-small:0px;--awb-margin-bottom-small:10px;--awb-margin-left-small:0px;\"><h2 class=\"fusion-title-heading title-heading-center\" style=\"margin:0;\"><p style=\"text-align: left;\">Aktu\u00e1lis sajt\u00f3k\u00f6zlem\u00e9nyek<\/p><\/h2><\/div><\/div><\/div><div class=\"fusion-layout-column fusion_builder_column fusion-builder-column-4 fusion_builder_column_1_5 1_5 fusion-flex-column\" style=\"--awb-bg-size:cover;--awb-width-large:20%;--awb-margin-top-large:0px;--awb-spacing-right-large:9.6%;--awb-margin-bottom-large:20px;--awb-spacing-left-large:9.6%;--awb-width-medium:20%;--awb-order-medium:0;--awb-spacing-right-medium:9.6%;--awb-spacing-left-medium:9.6%;--awb-width-small:100%;--awb-order-small:0;--awb-spacing-right-small:1.92%;--awb-spacing-left-small:1.92%;\"><div class=\"fusion-column-wrapper fusion-column-has-shadow fusion-flex-justify-content-flex-start fusion-content-layout-column\"><\/div><\/div><div class=\"fusion-layout-column fusion_builder_column fusion-builder-column-5 fusion_builder_column_1_3 1_3 fusion-flex-column\" style=\"--awb-overflow:hidden;--awb-bg-color:#ffffff;--awb-bg-color-hover:#ffffff;--awb-bg-size:cover;--awb-border-radius:8px 8px 8px 8px;--awb-width-large:33.333333333333%;--awb-margin-top-large:0px;--awb-spacing-right-large:5.76%;--awb-margin-bottom-large:20px;--awb-spacing-left-large:5.76%;--awb-width-medium:33.333333333333%;--awb-order-medium:0;--awb-spacing-right-medium:5.76%;--awb-spacing-left-medium:5.76%;--awb-width-small:100%;--awb-order-small:0;--awb-spacing-right-small:1.92%;--awb-spacing-left-small:1.92%;\" data-scroll-devices=\"small-visibility,medium-visibility,large-visibility\"><div class=\"fusion-column-wrapper fusion-column-has-shadow fusion-flex-justify-content-flex-start fusion-content-layout-column\"><div class=\"fusion-image-element \" style=\"--awb-caption-title-font-family:var(--h2_typography-font-family);--awb-caption-title-font-weight:var(--h2_typography-font-weight);--awb-caption-title-font-style:var(--h2_typography-font-style);--awb-caption-title-size:var(--h2_typography-font-size);--awb-caption-title-transform:var(--h2_typography-text-transform);--awb-caption-title-line-height:var(--h2_typography-line-height);--awb-caption-title-letter-spacing:var(--h2_typography-letter-spacing);--awb-filter:opacity(100%);--awb-filter-transition:filter 0.3s ease;--awb-filter-hover:opacity(70%);\"><span class=\" fusion-imageframe imageframe-none imageframe-1 hover-type-none\"><img decoding=\"async\" width=\"800\" height=\"600\" alt=\"Essgruppe DULCIS von ADA in gr\u00fcnem Samt mit Essst\u00fchle mit Lehne und Weihnachtsdeko\" title=\"Dulcis_EG_ITN363_Weihnachten_D12_800x600px\" src=\"https:\/\/www.ada.at\/wp-content\/uploads\/2025\/12\/Dulcis_EG_ITN363_Weihnachten_D12_800x600px.png\" class=\"img-responsive wp-image-24491\"\/><\/span><\/div><div class=\"fusion-title title fusion-title-3 fusion-sep-none fusion-title-text fusion-title-size-three\" style=\"--awb-margin-right:20px;--awb-margin-left:20px;--awb-margin-top-small:10px;--awb-margin-right-small:0px;--awb-margin-bottom-small:10px;--awb-margin-left-small:0px;--awb-font-size:30pt;\"><h3 class=\"fusion-title-heading title-heading-left\" style=\"margin:0;font-size:1em;line-height:32px;\"><span style=\"font-size: 18pt;\">Bek\u00f6sz\u00f6nt\u00f6tt a t\u00e9l \u2013 \u00e9s vele egy\u00fctt a melegs\u00e9g, a nyugalom \u00e9s az \u00f6sszetartoz\u00e1s ir\u00e1nti v\u00e1gy<\/span><\/h3><\/div><div class=\"fusion-text fusion-text-2\" style=\"--awb-margin-right:20px;--awb-margin-left:20px;\"><p>Ahogy hullani kezd a h\u00f3, egyre ink\u00e1bb otthonunk fel\u00e9 fordulunk, v\u00e1rva az \u00fcnnepi id\u0151szak meghitt pillanatait. Az ADA Mindful Living z\u00f6ld \u00e1rnyalat\u00fa, h\u00edvogat\u00f3 b\u00fatorai k\u00fcl\u00f6nleges hangulatot teremtenek: ide\u00e1lisak egy \u00fcnnepi vacsor\u00e1hoz, pihentet\u0151 d\u00e9lut\u00e1nhoz vagy nyugodt \u00e9jszak\u00e1hoz. A design \u00e9s a k\u00e9nyelem tal\u00e1lkoz\u00e1sa otthonodat a szezon kedvenc hely\u00e9v\u00e9 teszi.<\/p>\n<p><a href=\"https:\/\/www.ada.at\/wp-content\/uploads\/2025\/12\/2025-12-Winter_HU.pdf\"><span style=\"font-size: 16px;\"><b><u>Sajt\u00f3k\u00f6zlem\u00e9ny let\u00f6lt\u00e9se<\/u><\/b><\/span><\/a><\/p>\n<\/div><div class=\"fusion-separator\" style=\"align-self: center;margin-left: auto;margin-right: auto;margin-top:0px;margin-bottom:20px;width:100%;max-width:90%;\"><div class=\"fusion-separator-border sep-single sep-solid\" style=\"--awb-height:20px;--awb-amount:20px;--awb-sep-color:var(--awb-color5);border-color:var(--awb-color5);border-top-width:1px;\"><\/div><\/div><div class=\"fusion-text fusion-text-3\" style=\"--awb-text-color:#b0b7b9;--awb-margin-right:20px;--awb-margin-left:20px;\"><p><span style=\"font-size: 12pt;\">2025. december 9.<\/span><\/p>\n<\/div><\/div><\/div><div class=\"fusion-layout-column fusion_builder_column fusion-builder-column-6 fusion_builder_column_1_3 1_3 fusion-flex-column\" style=\"--awb-overflow:hidden;--awb-bg-color:#ffffff;--awb-bg-color-hover:#ffffff;--awb-bg-size:cover;--awb-border-radius:8px 8px 8px 8px;--awb-width-large:33.333333333333%;--awb-margin-top-large:0px;--awb-spacing-right-large:5.76%;--awb-margin-bottom-large:20px;--awb-spacing-left-large:5.76%;--awb-width-medium:33.333333333333%;--awb-order-medium:0;--awb-spacing-right-medium:5.76%;--awb-spacing-left-medium:5.76%;--awb-width-small:100%;--awb-order-small:0;--awb-spacing-right-small:1.92%;--awb-spacing-left-small:1.92%;\" data-scroll-devices=\"small-visibility,medium-visibility,large-visibility\"><div class=\"fusion-column-wrapper fusion-column-has-shadow fusion-flex-justify-content-flex-start fusion-content-layout-column\"><div class=\"fusion-image-element \" style=\"--awb-caption-title-font-family:var(--h2_typography-font-family);--awb-caption-title-font-weight:var(--h2_typography-font-weight);--awb-caption-title-font-style:var(--h2_typography-font-style);--awb-caption-title-size:var(--h2_typography-font-size);--awb-caption-title-transform:var(--h2_typography-text-transform);--awb-caption-title-line-height:var(--h2_typography-line-height);--awb-caption-title-letter-spacing:var(--h2_typography-letter-spacing);--awb-filter:opacity(100%);--awb-filter-transition:filter 0.3s ease;--awb-filter-hover:opacity(70%);\"><span class=\" fusion-imageframe imageframe-none imageframe-2 hover-type-none\"><img decoding=\"async\" width=\"800\" height=\"600\" alt=\"Verena Inschlag, Senior PR &amp; Brand Managerin bei ADA, im Interview mit Matratzenexperte Walter Braun\" title=\"Interview_Walter_Braun_1_800x600px\" src=\"https:\/\/www.ada.at\/wp-content\/uploads\/2025\/08\/Interview_Walter_Braun_1_800x600px.jpeg\" class=\"img-responsive wp-image-23251\"\/><\/span><\/div><div class=\"fusion-title title fusion-title-4 fusion-sep-none fusion-title-text fusion-title-size-three\" style=\"--awb-margin-right:20px;--awb-margin-left:20px;--awb-margin-top-small:10px;--awb-margin-right-small:0px;--awb-margin-bottom-small:10px;--awb-margin-left-small:0px;--awb-font-size:30pt;\"><h3 class=\"fusion-title-heading title-heading-left\" style=\"margin:0;font-size:1em;line-height:32px;\"><span style=\"font-size: 18pt;\">ADA szak\u00e9rt\u0151i besz\u00e9lget\u00e9s: Walter Braun ergon\u00f3miai tan\u00e1csad\u00f3 a megfelel\u0151 matrac kiv\u00e1laszt\u00e1s\u00e1r\u00f3l<\/span><\/h3><\/div><div class=\"fusion-text fusion-text-4\" style=\"--awb-margin-right:20px;--awb-margin-left:20px;\"><p><span style=\"font-size: 12pt;\">Reggel fesz\u00fclt h\u00e1ttal \u00e9bredsz, vagy \u00e9rzed magad f\u00e1radtnak, obwohl du l\u00e1tsz\u00f3lag acht erholsame Stunden geschlafen hast? Nem egyedi eset. Ann\u00e1l d\u00f6nt\u0151bb, milyen j\u00f3l feksz\u00fcnk k\u00f6zben. \u00c9ppen ez\u00e9rt h\u00edvta besz\u00e9lget\u00e9sre Verena Inschlag, az ADA vezet\u0151 PR- \u00e9s m\u00e1rkamenedzsere, a matracszak\u00e9rt\u0151 Walter Braun.<\/span><\/p>\n<p><a href=\"https:\/\/www.ada.at\/wp-content\/uploads\/2025\/11\/2025-11-expert-talk_healthy_sleep_HU.pdf\"><span style=\"font-size: 16px;\"><b><u>Sajt\u00f3k\u00f6zlem\u00e9ny let\u00f6lt\u00e9se<\/u><\/b><\/span><\/a><\/p>\n<\/div><div class=\"fusion-separator\" style=\"align-self: center;margin-left: auto;margin-right: auto;margin-top:0px;margin-bottom:20px;width:100%;max-width:90%;\"><div class=\"fusion-separator-border sep-single sep-solid\" style=\"--awb-height:20px;--awb-amount:20px;--awb-sep-color:var(--awb-color5);border-color:var(--awb-color5);border-top-width:1px;\"><\/div><\/div><div class=\"fusion-text fusion-text-5\" style=\"--awb-text-color:#b0b7b9;--awb-margin-right:20px;--awb-margin-left:20px;\"><p>2025. november 17.<\/p>\n<\/div><\/div><\/div><div class=\"fusion-layout-column fusion_builder_column fusion-builder-column-7 fusion_builder_column_1_3 1_3 fusion-flex-column\" style=\"--awb-overflow:hidden;--awb-bg-color:#ffffff;--awb-bg-color-hover:#ffffff;--awb-bg-size:cover;--awb-border-radius:8px 8px 8px 8px;--awb-width-large:33.333333333333%;--awb-margin-top-large:0px;--awb-spacing-right-large:5.76%;--awb-margin-bottom-large:20px;--awb-spacing-left-large:5.76%;--awb-width-medium:33.333333333333%;--awb-order-medium:0;--awb-spacing-right-medium:5.76%;--awb-spacing-left-medium:5.76%;--awb-width-small:100%;--awb-order-small:0;--awb-spacing-right-small:1.92%;--awb-spacing-left-small:1.92%;\" data-scroll-devices=\"small-visibility,medium-visibility,large-visibility\"><div class=\"fusion-column-wrapper fusion-column-has-shadow fusion-flex-justify-content-flex-start fusion-content-layout-column\"><div class=\"fusion-image-element \" style=\"--awb-caption-title-font-family:var(--h2_typography-font-family);--awb-caption-title-font-weight:var(--h2_typography-font-weight);--awb-caption-title-font-style:var(--h2_typography-font-style);--awb-caption-title-size:var(--h2_typography-font-size);--awb-caption-title-transform:var(--h2_typography-text-transform);--awb-caption-title-line-height:var(--h2_typography-line-height);--awb-caption-title-letter-spacing:var(--h2_typography-letter-spacing);--awb-filter:opacity(100%);--awb-filter-transition:filter 0.3s ease;--awb-filter-hover:opacity(70%);\"><span class=\" fusion-imageframe imageframe-none imageframe-3 hover-type-none\"><img decoding=\"async\" width=\"800\" height=\"600\" alt=\"beiges ADA Sofa als M\u00f6belspende\" title=\"ADA_Sofa_800x600px\" src=\"https:\/\/www.ada.at\/wp-content\/uploads\/2025\/10\/ADA_Sofa_800x600px.jpg\" class=\"img-responsive wp-image-23731\"\/><\/span><\/div><div class=\"fusion-title title fusion-title-5 fusion-sep-none fusion-title-text fusion-title-size-three\" style=\"--awb-margin-right:20px;--awb-margin-left:20px;--awb-margin-top-small:10px;--awb-margin-right-small:0px;--awb-margin-bottom-small:10px;--awb-margin-left-small:0px;--awb-font-size:30pt;\"><h3 class=\"fusion-title-heading title-heading-left\" style=\"margin:0;font-size:1em;line-height:32px;\"><span style=\"font-size: 18pt;\">B\u00fatoradom\u00e1ny sz\u00edvvel: <\/span><span style=\"font-size: 18pt;\">Az ADA t\u00e1mogatja a szombathelyi Es\u0151emberke Alap\u00edtv\u00e1nyt<\/span><\/h3><\/div><div class=\"fusion-text fusion-text-6\" style=\"--awb-margin-right:20px;--awb-margin-left:20px;\"><p>Az Es\u0151emberke Alap\u00edtv\u00e1ny 1997 \u00f3ta t\u00e1mogatja az autizmussal \u00e9l\u0151 embereket Szombathelyen. Az ADA B\u00fatorgy\u00e1r kanap\u00e9val \u00e9s tizenn\u00e9gy sz\u00e9kkel seg\u00edtette a Ma H\u00e1za k\u00f6zpontot, ahol az \u00faj pihen\u0151szob\u00e1t 2025. okt\u00f3ber 6-\u00e1n \u00fcnnep\u00e9lyesen avatt\u00e1k fel.<\/p>\n<p><a href=\"https:\/\/www.ada.at\/wp-content\/uploads\/2025\/10\/2025-10-Butoradomany-szivvel_Szombathely_HU.pdf\"><span style=\"font-size: 16px;\"><b><u>Sajt\u00f3k\u00f6zlem\u00e9ny let\u00f6lt\u00e9se<\/u><\/b><\/span><\/a><\/p>\n<\/div><div class=\"fusion-separator\" style=\"align-self: center;margin-left: auto;margin-right: auto;margin-top:0px;margin-bottom:20px;width:100%;max-width:90%;\"><div class=\"fusion-separator-border sep-single sep-solid\" style=\"--awb-height:20px;--awb-amount:20px;--awb-sep-color:var(--awb-color5);border-color:var(--awb-color5);border-top-width:1px;\"><\/div><\/div><div class=\"fusion-text fusion-text-7\" style=\"--awb-text-color:#b0b7b9;--awb-margin-right:20px;--awb-margin-left:20px;\"><p>2025. okt\u00f3ber 13<\/p>\n<\/div><\/div><\/div><div class=\"fusion-layout-column fusion_builder_column fusion-builder-column-8 fusion_builder_column_1_3 1_3 fusion-flex-column\" style=\"--awb-overflow:hidden;--awb-bg-color:#ffffff;--awb-bg-color-hover:#ffffff;--awb-bg-size:cover;--awb-border-radius:8px 8px 8px 8px;--awb-width-large:33.333333333333%;--awb-margin-top-large:0px;--awb-spacing-right-large:5.76%;--awb-margin-bottom-large:20px;--awb-spacing-left-large:5.76%;--awb-width-medium:33.333333333333%;--awb-order-medium:0;--awb-spacing-right-medium:5.76%;--awb-spacing-left-medium:5.76%;--awb-width-small:100%;--awb-order-small:0;--awb-spacing-right-small:1.92%;--awb-spacing-left-small:1.92%;\" data-scroll-devices=\"small-visibility,medium-visibility,large-visibility\"><div class=\"fusion-column-wrapper fusion-column-has-shadow fusion-flex-justify-content-flex-start fusion-content-layout-column\"><div class=\"fusion-image-element \" style=\"--awb-caption-title-font-family:var(--h2_typography-font-family);--awb-caption-title-font-weight:var(--h2_typography-font-weight);--awb-caption-title-font-style:var(--h2_typography-font-style);--awb-caption-title-size:var(--h2_typography-font-size);--awb-caption-title-transform:var(--h2_typography-text-transform);--awb-caption-title-line-height:var(--h2_typography-line-height);--awb-caption-title-letter-spacing:var(--h2_typography-letter-spacing);--awb-filter:opacity(100%);--awb-filter-transition:filter 0.3s ease;--awb-filter-hover:opacity(70%);\"><span class=\" fusion-imageframe imageframe-none imageframe-4 hover-type-none\"><img decoding=\"async\" width=\"800\" height=\"600\" alt=\"graues Boxspringbett SUAVIS von ADA M\u00f6bel\" title=\"xl-Suavis_800x600\" src=\"https:\/\/www.ada.at\/wp-content\/uploads\/2025\/09\/xl-Suavis_800x600.png\" class=\"img-responsive wp-image-23523\"\/><\/span><\/div><div class=\"fusion-title title fusion-title-6 fusion-sep-none fusion-title-text fusion-title-size-three\" style=\"--awb-margin-right:20px;--awb-margin-left:20px;--awb-margin-top-small:10px;--awb-margin-right-small:0px;--awb-margin-bottom-small:10px;--awb-margin-left-small:0px;--awb-font-size:30pt;\"><h3 class=\"fusion-title-heading title-heading-left\" style=\"margin:0;font-size:1em;line-height:32px;\"><span style=\"font-size: 18pt;\">BOLDOG HYGGE-Z\u00c9ST<\/span><\/h3><\/div><div class=\"fusion-text fusion-text-8\" style=\"--awb-margin-right:20px;--awb-margin-left:20px;\"><p><span style=\"font-size: 12pt;\">A ny\u00e1r lassan a v\u00e9g\u00e9hez k\u00f6zeledik \u2013 \u00e9s term\u00e9szetesen lesz, ami hi\u00e1nyozni fog. De most kezd\u0151dik az otthon t\u00f6lt\u00f6tt, meghitt est\u00e9k ideje: puha gyapj\u00fapul\u00f3verben, forr\u00f3 te\u00e1val vagy k\u00e1v\u00e9val, \u00e9s nyugodt sorozatn\u00e9z\u00e9ssel a kanap\u00e9n, mik\u00f6zben odakint t\u00e1ncolnak a levelek. \u0150szint\u00e9n? Alig v\u00e1rjuk!<\/span><\/p>\n<p><a href=\"https:\/\/www.ada.at\/wp-content\/uploads\/2025\/10\/2025-10-Happy-hyggeling_HU.pdf\"><span style=\"font-size: 16px;\"><b><u>Sajt\u00f3k\u00f6zlem\u00e9ny let\u00f6lt\u00e9se<\/u><\/b><\/span><\/a><\/p>\n<\/div><div class=\"fusion-separator\" style=\"align-self: center;margin-left: auto;margin-right: auto;margin-top:0px;margin-bottom:20px;width:100%;max-width:90%;\"><div class=\"fusion-separator-border sep-single sep-solid\" style=\"--awb-height:20px;--awb-amount:20px;--awb-sep-color:var(--awb-color5);border-color:var(--awb-color5);border-top-width:1px;\"><\/div><\/div><div class=\"fusion-text fusion-text-9\" style=\"--awb-text-color:#b0b7b9;--awb-margin-right:20px;--awb-margin-left:20px;\"><p>2025. okt\u00f3ber 7.<\/p>\n<\/div><\/div><\/div><div class=\"fusion-layout-column fusion_builder_column fusion-builder-column-9 fusion_builder_column_1_3 1_3 fusion-flex-column\" style=\"--awb-overflow:hidden;--awb-bg-color:#ffffff;--awb-bg-color-hover:#ffffff;--awb-bg-size:cover;--awb-border-radius:8px 8px 8px 8px;--awb-width-large:33.333333333333%;--awb-margin-top-large:0px;--awb-spacing-right-large:5.76%;--awb-margin-bottom-large:20px;--awb-spacing-left-large:5.76%;--awb-width-medium:33.333333333333%;--awb-order-medium:0;--awb-spacing-right-medium:5.76%;--awb-spacing-left-medium:5.76%;--awb-width-small:100%;--awb-order-small:0;--awb-spacing-right-small:1.92%;--awb-spacing-left-small:1.92%;\" data-scroll-devices=\"small-visibility,medium-visibility,large-visibility\"><div class=\"fusion-column-wrapper fusion-column-has-shadow fusion-flex-justify-content-flex-start fusion-content-layout-column\"><div class=\"fusion-image-element \" style=\"--awb-caption-title-font-family:var(--h2_typography-font-family);--awb-caption-title-font-weight:var(--h2_typography-font-weight);--awb-caption-title-font-style:var(--h2_typography-font-style);--awb-caption-title-size:var(--h2_typography-font-size);--awb-caption-title-transform:var(--h2_typography-text-transform);--awb-caption-title-line-height:var(--h2_typography-line-height);--awb-caption-title-letter-spacing:var(--h2_typography-letter-spacing);--awb-filter:opacity(100%);--awb-filter-transition:filter 0.3s ease;--awb-filter-hover:opacity(70%);\"><span class=\" fusion-imageframe imageframe-none imageframe-5 hover-type-none\"><img decoding=\"async\" width=\"800\" height=\"600\" alt=\"blaues Ledersofa SALVIA von ADA M\u00f6bel\" title=\"xl-SALVIA\" src=\"https:\/\/www.ada.at\/wp-content\/uploads\/2025\/07\/xl-SALVIA.png\" class=\"img-responsive wp-image-23074\"\/><\/span><\/div><div class=\"fusion-title title fusion-title-7 fusion-sep-none fusion-title-text fusion-title-size-three\" style=\"--awb-margin-right:20px;--awb-margin-left:20px;--awb-margin-top-small:10px;--awb-margin-right-small:0px;--awb-margin-bottom-small:10px;--awb-margin-left-small:0px;--awb-font-size:30pt;\"><h3 class=\"fusion-title-heading title-heading-left\" style=\"margin:0;font-size:1em;line-height:32px;\"><span style=\"font-size: 18pt;\">Melyik kanap\u00e9 illik hozz\u00e1m? <\/span><span style=\"font-size: 18pt;\">Sz\u00edvbol j\u00f6vo v\u00e1laszt\u00e1s \u2013 kompromisszumok n\u00e9lk\u00fcl.<\/span><\/h3><\/div><div class=\"fusion-text fusion-text-10\" style=\"--awb-margin-right:20px;--awb-margin-left:20px;\"><p><span style=\"font-size: 12pt;\">Az ADA Mindful Living rendet teremt a kanap\u00e9dzsungelben: egy d\u00f6nt\u00e9si fa egyetlen k\u00e9rd\u00e9ssel indul \u2013 \u201eMire van sz\u00fcks\u00e9ged?\u201d \u2013, majd egyszer\u0171 igen\u2013nem v\u00e1laszokon \u00e1t elvezet ahhoz a modellhez, amely legjobban illik hozz\u00e1d \u00e9s \u00e9letst\u00edlusodhoz.<\/span><\/p>\n<p><a href=\"https:\/\/www.ada.at\/wp-content\/uploads\/2025\/09\/2025-09-Which-sofa-suits-me_HU_web.pdf\"><span style=\"font-size: 16px;\"><b><u>Sajt\u00f3k\u00f6zlem\u00e9ny let\u00f6lt\u00e9se<\/u><\/b><\/span><\/a><\/p>\n<\/div><div class=\"fusion-separator\" style=\"align-self: center;margin-left: auto;margin-right: auto;margin-top:0px;margin-bottom:20px;width:100%;max-width:90%;\"><div class=\"fusion-separator-border sep-single sep-solid\" style=\"--awb-height:20px;--awb-amount:20px;--awb-sep-color:var(--awb-color5);border-color:var(--awb-color5);border-top-width:1px;\"><\/div><\/div><div class=\"fusion-text fusion-text-11\" style=\"--awb-text-color:#b0b7b9;--awb-margin-right:20px;--awb-margin-left:20px;\"><p><span style=\"font-size: 12pt;\">2025. szeptember 9.<\/span><\/p>\n<\/div><\/div><\/div><div class=\"fusion-layout-column fusion_builder_column fusion-builder-column-10 fusion_builder_column_1_3 1_3 fusion-flex-column\" style=\"--awb-overflow:hidden;--awb-bg-color:#ffffff;--awb-bg-color-hover:#ffffff;--awb-bg-size:cover;--awb-border-radius:8px 8px 8px 8px;--awb-width-large:33.333333333333%;--awb-margin-top-large:0px;--awb-spacing-right-large:5.76%;--awb-margin-bottom-large:20px;--awb-spacing-left-large:5.76%;--awb-width-medium:33.333333333333%;--awb-order-medium:0;--awb-spacing-right-medium:5.76%;--awb-spacing-left-medium:5.76%;--awb-width-small:100%;--awb-order-small:0;--awb-spacing-right-small:1.92%;--awb-spacing-left-small:1.92%;\" data-scroll-devices=\"small-visibility,medium-visibility,large-visibility\"><div class=\"fusion-column-wrapper fusion-column-has-shadow fusion-flex-justify-content-flex-start fusion-content-layout-column\"><div class=\"fusion-image-element \" style=\"--awb-caption-title-font-family:var(--h2_typography-font-family);--awb-caption-title-font-weight:var(--h2_typography-font-weight);--awb-caption-title-font-style:var(--h2_typography-font-style);--awb-caption-title-size:var(--h2_typography-font-size);--awb-caption-title-transform:var(--h2_typography-text-transform);--awb-caption-title-line-height:var(--h2_typography-line-height);--awb-caption-title-letter-spacing:var(--h2_typography-letter-spacing);--awb-filter:opacity(100%);--awb-filter-transition:filter 0.3s ease;--awb-filter-hover:opacity(70%);\"><span class=\" fusion-imageframe imageframe-none imageframe-6 hover-type-none\"><img decoding=\"async\" width=\"800\" height=\"600\" alt=\"Familie an der K\u00fcchenzeile\" title=\"3xl-INA_family_800x600px\" src=\"https:\/\/www.ada.at\/wp-content\/uploads\/2025\/06\/3xl-INA_family_800x600px.png\" class=\"img-responsive wp-image-22511\"\/><\/span><\/div><div class=\"fusion-title title fusion-title-8 fusion-sep-none fusion-title-text fusion-title-size-three\" style=\"--awb-margin-right:20px;--awb-margin-left:20px;--awb-margin-top-small:10px;--awb-margin-right-small:0px;--awb-margin-bottom-small:10px;--awb-margin-left-small:0px;--awb-font-size:30pt;\"><h3 class=\"fusion-title-heading title-heading-left\" style=\"margin:0;font-size:1em;line-height:32px;\"><span style=\"font-size: 18pt;\">CSAL\u00c1DI ID\u0150 T\u00f6bb k\u00f6z\u00f6s pillanat az ADA Mindful Livinggel<\/span><\/h3><\/div><div class=\"fusion-text fusion-text-12\" style=\"--awb-margin-right:20px;--awb-margin-left:20px;\"><p><span style=\"font-size: 12pt;\">Az otthonunkb\u00f3l az apr\u00f3, mindennapi pillanatok maradnak meg benn\u00fcnk legink\u00e1bb \u2013 a h\u00e9tv\u00e9gi reggelik a t\u00f6k\u00e9letes n\u00e9gyperces toj\u00e1ssal, a kanap\u00e9n t\u00f6lt\u00f6tt moziz\u00f3s est\u00e9k vagy az \u00f6sszeb\u00faj\u00f3s esti mes\u00e9k az \u00e1gyban.<\/span><\/p>\n<p><a href=\"https:\/\/www.ada.at\/wp-content\/uploads\/2025\/08\/2025-08-Familytime_HU.pdf\"><span style=\"font-size: 16px;\"><b><u>Sajt\u00f3k\u00f6zlem\u00e9ny let\u00f6lt\u00e9se<\/u><\/b><\/span><\/a><\/p>\n<\/div><div class=\"fusion-separator\" style=\"align-self: center;margin-left: auto;margin-right: auto;margin-top:0px;margin-bottom:20px;width:100%;max-width:90%;\"><div class=\"fusion-separator-border sep-single sep-solid\" style=\"--awb-height:20px;--awb-amount:20px;--awb-sep-color:var(--awb-color5);border-color:var(--awb-color5);border-top-width:1px;\"><\/div><\/div><div class=\"fusion-text fusion-text-13\" style=\"--awb-text-color:#b0b7b9;--awb-margin-right:20px;--awb-margin-left:20px;\"><p><span style=\"font-size: 12pt;\">2025. augusztus 7.<\/span><\/p>\n<\/div><\/div><\/div><div class=\"fusion-layout-column fusion_builder_column fusion-builder-column-11 fusion_builder_column_1_3 1_3 fusion-flex-column\" style=\"--awb-overflow:hidden;--awb-bg-color:#ffffff;--awb-bg-color-hover:#ffffff;--awb-bg-size:cover;--awb-border-radius:8px 8px 8px 8px;--awb-width-large:33.333333333333%;--awb-margin-top-large:0px;--awb-spacing-right-large:5.76%;--awb-margin-bottom-large:20px;--awb-spacing-left-large:5.76%;--awb-width-medium:33.333333333333%;--awb-order-medium:0;--awb-spacing-right-medium:5.76%;--awb-spacing-left-medium:5.76%;--awb-width-small:100%;--awb-order-small:0;--awb-spacing-right-small:1.92%;--awb-spacing-left-small:1.92%;\" data-scroll-devices=\"small-visibility,medium-visibility,large-visibility\"><div class=\"fusion-column-wrapper fusion-column-has-shadow fusion-flex-justify-content-flex-start fusion-content-layout-column\"><div class=\"fusion-image-element \" style=\"--awb-caption-title-font-family:var(--h2_typography-font-family);--awb-caption-title-font-weight:var(--h2_typography-font-weight);--awb-caption-title-font-style:var(--h2_typography-font-style);--awb-caption-title-size:var(--h2_typography-font-size);--awb-caption-title-transform:var(--h2_typography-text-transform);--awb-caption-title-line-height:var(--h2_typography-line-height);--awb-caption-title-letter-spacing:var(--h2_typography-letter-spacing);--awb-filter:opacity(100%);--awb-filter-transition:filter 0.3s ease;--awb-filter-hover:opacity(70%);\"><span class=\" fusion-imageframe imageframe-none imageframe-7 hover-type-none\"><img decoding=\"async\" width=\"800\" height=\"600\" alt=\"Boxspringbett beige NIRINA von ADA M\u00f6bel\" title=\"2xl-NIRINA_HU_800x600px\" src=\"https:\/\/www.ada.at\/wp-content\/uploads\/2025\/02\/2xl-NIRINA_HU_800x600px.png\" class=\"img-responsive wp-image-20324\"\/><\/span><\/div><div class=\"fusion-title title fusion-title-9 fusion-sep-none fusion-title-text fusion-title-size-three\" style=\"--awb-margin-right:20px;--awb-margin-left:20px;--awb-margin-top-small:10px;--awb-margin-right-small:0px;--awb-margin-bottom-small:10px;--awb-margin-left-small:0px;--awb-font-size:30pt;\"><h3 class=\"fusion-title-heading title-heading-left\" style=\"margin:0;font-size:1em;line-height:32px;\"><span style=\"font-size: 18pt;\">H\u0171s\u00edt\u0151 tippek forr\u00f3 ny\u00e1ri \u00e9jszak\u00e1kra<\/span><\/h3><\/div><div class=\"fusion-text fusion-text-14\" style=\"--awb-margin-right:20px;--awb-margin-left:20px;\"><p>V\u00e9gre itt a j\u00f3 id\u0151, s\u00fct a nap, \u00e9s \u00e1tj\u00e1r minket a ny\u00e1ri \u00e9let\u00e9rz\u00e9s. Ilyenkor sz\u00edvesen vagyunk a szabadban, j\u00f3l esik a forr\u00f3s\u00e1g is \u2013 egy fagyi vagy \u00fasz\u00e1s gyorsan felfriss\u00edt. \u00c9jszaka viszont nehezebb a pihen\u00e9s: a felmelegedett h\u00e1l\u00f3szoba megnehez\u00edti az elalv\u00e1st. Az ide\u00e1lis h\u0151m\u00e9rs\u00e9klet 18\u201320 \u00b0C lenne, de ez ny\u00e1ron ritk\u00e1n adott. Az ADA szak\u00e9rt\u0151i ez\u00e9rt hasznos tippeket gy\u0171jt\u00f6ttek a nyugodt alv\u00e1s\u00e9rt.<\/p>\n<p><a href=\"https:\/\/www.ada.at\/wp-content\/uploads\/2025\/07\/2025-07_Sajtokoezlemeny-Husito-tippek-forro-nyari-ejszakakra.pdf\"><span style=\"font-size: 16px;\"><b><u>Sajt\u00f3k\u00f6zlem\u00e9ny let\u00f6lt\u00e9se<\/u><\/b><\/span><\/a><\/p>\n<\/div><div class=\"fusion-separator\" style=\"align-self: center;margin-left: auto;margin-right: auto;margin-top:0px;margin-bottom:20px;width:100%;max-width:90%;\"><div class=\"fusion-separator-border sep-single sep-solid\" style=\"--awb-height:20px;--awb-amount:20px;--awb-sep-color:var(--awb-color5);border-color:var(--awb-color5);border-top-width:1px;\"><\/div><\/div><div class=\"fusion-text fusion-text-15\" style=\"--awb-text-color:#b0b7b9;--awb-margin-right:20px;--awb-margin-left:20px;\"><p><span style=\"font-size: 12pt;\">2025. j\u00falius 17.<\/span><\/p>\n<\/div><\/div><\/div><div class=\"fusion-layout-column fusion_builder_column fusion-builder-column-12 fusion_builder_column_1_3 1_3 fusion-flex-column\" style=\"--awb-overflow:hidden;--awb-bg-color:#ffffff;--awb-bg-color-hover:#ffffff;--awb-bg-size:cover;--awb-border-radius:8px 8px 8px 8px;--awb-width-large:33.333333333333%;--awb-margin-top-large:0px;--awb-spacing-right-large:5.76%;--awb-margin-bottom-large:20px;--awb-spacing-left-large:5.76%;--awb-width-medium:33.333333333333%;--awb-order-medium:0;--awb-spacing-right-medium:5.76%;--awb-spacing-left-medium:5.76%;--awb-width-small:100%;--awb-order-small:0;--awb-spacing-right-small:1.92%;--awb-spacing-left-small:1.92%;\" data-scroll-devices=\"small-visibility,medium-visibility,large-visibility\"><div class=\"fusion-column-wrapper fusion-column-has-shadow fusion-flex-justify-content-flex-start fusion-content-layout-column\"><div class=\"fusion-image-element \" style=\"--awb-caption-title-font-family:var(--h2_typography-font-family);--awb-caption-title-font-weight:var(--h2_typography-font-weight);--awb-caption-title-font-style:var(--h2_typography-font-style);--awb-caption-title-size:var(--h2_typography-font-size);--awb-caption-title-transform:var(--h2_typography-text-transform);--awb-caption-title-line-height:var(--h2_typography-line-height);--awb-caption-title-letter-spacing:var(--h2_typography-letter-spacing);--awb-filter:opacity(100%);--awb-filter-transition:filter 0.3s ease;--awb-filter-hover:opacity(70%);\"><span class=\" fusion-imageframe imageframe-none imageframe-8 hover-type-none\"><img decoding=\"async\" width=\"800\" height=\"600\" alt=\"Holzbett FIDUCIA von ADA M\u00f6bel\" title=\"2xl-Fiducia 26_800x600px\" src=\"https:\/\/www.ada.at\/wp-content\/uploads\/2025\/06\/2xl-Fiducia-26_800x600px.png\" class=\"img-responsive wp-image-22647\"\/><\/span><\/div><div class=\"fusion-title title fusion-title-10 fusion-sep-none fusion-title-text fusion-title-size-three\" style=\"--awb-margin-right:20px;--awb-margin-left:20px;--awb-margin-top-small:10px;--awb-margin-right-small:0px;--awb-margin-bottom-small:10px;--awb-margin-left-small:0px;--awb-font-size:30pt;\"><h3 class=\"fusion-title-heading title-heading-left\" style=\"margin:0;font-size:1em;line-height:32px;\"><span style=\"font-size: 18pt;\">Ny\u00e1ri pihen\u00e9s otthon, az ADA Mindful Livinggel<\/span><\/h3><\/div><div class=\"fusion-text fusion-text-16\" style=\"--awb-margin-right:20px;--awb-margin-left:20px;\"><p><span style=\"font-size: 12pt;\">Teljes gozzel haladunk a ny\u00e1r fel\u00e9, \u00e9s a k\u00f6vetkezo h\u00f3napokban az idonk nagy r\u00e9sz\u00e9t a szabadbanfogjuk t\u00f6lteni. Szinte \u00e9szrev\u00e9tlen\u00fcl telik meg a napt\u00e1runk programokkal \u00e9s tal\u00e1lkoz\u00f3kkal. \u00c9ppen ez\u00e9rt m\u00e9g fontosabb, hogy est\u00e9nk\u00e9nt extra adag pihen\u00e9ssel k\u00e9nyeztess\u00fck magunkat. Az ADA Mindful Living seg\u00edts\u00e9g\u00e9vel a nyugalmat \u00e9s a ny\u00e1r \u00e9rz\u00e9s\u00e9t otthonunkba is becsemp\u00e9szhetj\u00fck\u2013 friss\u00edto mened\u00e9ket teremtve m\u00e9g a legforr\u00f3bb napokon is.<\/span><\/p>\n<p><a href=\"https:\/\/www.ada.at\/wp-content\/uploads\/2025\/06\/2025-06-04-ADA-Nyari-pihenes-otthon_web.pdf\"><span style=\"font-size: 16px;\"><b><u>Sajt\u00f3k\u00f6zlem\u00e9ny let\u00f6lt\u00e9se<\/u><\/b><\/span><\/a><\/p>\n<\/div><div class=\"fusion-separator\" style=\"align-self: center;margin-left: auto;margin-right: auto;margin-top:0px;margin-bottom:20px;width:100%;max-width:90%;\"><div class=\"fusion-separator-border sep-single sep-solid\" style=\"--awb-height:20px;--awb-amount:20px;--awb-sep-color:var(--awb-color5);border-color:var(--awb-color5);border-top-width:1px;\"><\/div><\/div><div class=\"fusion-text fusion-text-17\" style=\"--awb-text-color:#b0b7b9;--awb-margin-right:20px;--awb-margin-left:20px;\"><p><span style=\"font-size: 12pt;\">2025. j\u00fanius 4.<\/span><\/p>\n<\/div><\/div><\/div><div class=\"fusion-layout-column fusion_builder_column fusion-builder-column-13 fusion_builder_column_1_3 1_3 fusion-flex-column\" style=\"--awb-overflow:hidden;--awb-bg-color:#ffffff;--awb-bg-color-hover:#ffffff;--awb-bg-size:cover;--awb-border-radius:8px 8px 8px 8px;--awb-width-large:33.333333333333%;--awb-margin-top-large:0px;--awb-spacing-right-large:5.76%;--awb-margin-bottom-large:20px;--awb-spacing-left-large:5.76%;--awb-width-medium:33.333333333333%;--awb-order-medium:0;--awb-spacing-right-medium:5.76%;--awb-spacing-left-medium:5.76%;--awb-width-small:100%;--awb-order-small:0;--awb-spacing-right-small:1.92%;--awb-spacing-left-small:1.92%;\" data-scroll-devices=\"small-visibility,medium-visibility,large-visibility\"><div class=\"fusion-column-wrapper fusion-column-has-shadow fusion-flex-justify-content-flex-start fusion-content-layout-column\"><div class=\"fusion-image-element \" style=\"--awb-caption-title-font-family:var(--h2_typography-font-family);--awb-caption-title-font-weight:var(--h2_typography-font-weight);--awb-caption-title-font-style:var(--h2_typography-font-style);--awb-caption-title-size:var(--h2_typography-font-size);--awb-caption-title-transform:var(--h2_typography-text-transform);--awb-caption-title-line-height:var(--h2_typography-line-height);--awb-caption-title-letter-spacing:var(--h2_typography-letter-spacing);--awb-filter:opacity(100%);--awb-filter-transition:filter 0.3s ease;--awb-filter-hover:opacity(70%);\"><span class=\" fusion-imageframe imageframe-none imageframe-9 hover-type-none\"><img decoding=\"async\" width=\"800\" height=\"600\" alt=\"gelbes Sofa ALIKA von ADA M\u00f6belwerke mit Model\" title=\"gelbes Sofa ALIKA von ADA M\u00f6belwerke mit Model\" src=\"https:\/\/www.ada.at\/wp-content\/uploads\/2025\/05\/xl-Alika_TSV5_800x600px.png\" class=\"img-responsive wp-image-22382\"\/><\/span><\/div><div class=\"fusion-title title fusion-title-11 fusion-sep-none fusion-title-text fusion-title-size-three\" style=\"--awb-margin-right:20px;--awb-margin-left:20px;--awb-margin-top-small:10px;--awb-margin-right-small:0px;--awb-margin-bottom-small:10px;--awb-margin-left-small:0px;--awb-font-size:30pt;\"><h3 class=\"fusion-title-heading title-heading-left\" style=\"margin:0;font-size:1em;line-height:32px;\"><span style=\"font-size: 18pt;\">Lakberendez\u00e9s \u00faj sz\u00ednekben: \u00cdgy lesz karakteres az otthonod<\/span><\/h3><\/div><div class=\"fusion-text fusion-text-18\" style=\"--awb-margin-right:20px;--awb-margin-left:20px;\"><p><span style=\"font-size: 12pt;\"><span class=\"_fadeIn_m1hgl_8\">Az <\/span><span class=\"_fadeIn_m1hgl_8\">otthon <\/span><span class=\"_fadeIn_m1hgl_8\">nemcsak <\/span><span class=\"_fadeIn_m1hgl_8\">a <\/span><span class=\"_fadeIn_m1hgl_8\">pihen\u00e9s, <\/span><span class=\"_fadeIn_m1hgl_8\">hanem <\/span><span class=\"_fadeIn_m1hgl_8\">az <\/span><span class=\"_fadeIn_m1hgl_8\">\u00f6nkifejez\u00e9s <\/span><span class=\"_fadeIn_m1hgl_8\">tere <\/span><span class=\"_fadeIn_m1hgl_8\">is, <\/span><span class=\"_fadeIn_m1hgl_8\">ahol <\/span><span class=\"_fadeIn_m1hgl_8\">a <\/span><span class=\"_fadeIn_m1hgl_8\">sz\u00ednek <\/span><span class=\"_fadeIn_m1hgl_8\">kulcsszerepet <\/span><span class=\"_fadeIn_m1hgl_8\">j\u00e1tszanak: <\/span><span class=\"_fadeIn_m1hgl_8\">hatnak <\/span><span class=\"_fadeIn_m1hgl_8\">a <\/span><span class=\"_fadeIn_m1hgl_8\">hangulatra, <\/span><span class=\"_fadeIn_m1hgl_8\">energiaszintre, <\/span><span class=\"_fadeIn_m1hgl_8\">\u00e9s <\/span><span class=\"_fadeIn_m1hgl_8\">seg\u00edtenek <\/span><span class=\"_fadeIn_m1hgl_8\">otthon <\/span><span class=\"_fadeIn_m1hgl_8\">\u00e9rezni <\/span><span class=\"_fadeIn_m1hgl_8\">magunkat. <\/span><span class=\"_fadeIn_m1hgl_8\">Az <\/span><span class=\"_fadeIn_m1hgl_8\">enteri\u0151rtervez\u00e9sben <\/span><span class=\"_fadeIn_m1hgl_8\">ez\u00e9rt <\/span><span class=\"_fadeIn_m1hgl_8\">egyre <\/span><span class=\"_fadeIn_m1hgl_8\">t\u00f6bben <\/span><span class=\"_fadeIn_m1hgl_8\">alkalmazz\u00e1k <\/span><span class=\"_fadeIn_m1hgl_8\">tudatosan <\/span><span class=\"_fadeIn_m1hgl_8\">\u0151ket, <\/span><span class=\"_fadeIn_m1hgl_8\">de <\/span><span class=\"_fadeIn_m1hgl_8\">nem <\/span><span class=\"_fadeIn_m1hgl_8\">minden <\/span><span class=\"_fadeIn_m1hgl_8\">\u00e1rnyalat <\/span><span class=\"_fadeIn_m1hgl_8\">illik <\/span><span class=\"_fadeIn_m1hgl_8\">minden <\/span><span class=\"_fadeIn_m1hgl_8\">helyis\u00e9gbe \u2013 <\/span><span class=\"_fadeIn_m1hgl_8\">a <\/span><span class=\"_fadeIn_m1hgl_8\">titok <\/span><span class=\"_fadeIn_m1hgl_8\">a <\/span><span class=\"_fadeIn_m1hgl_8\">harm\u00f3ni\u00e1ban <\/span><span class=\"_fadeIn_m1hgl_8\">rejlik.<\/span><\/span><\/p>\n<p><a href=\"https:\/\/www.ada.at\/wp-content\/uploads\/2025\/05\/ADA_Sajtokoezlemeny_Lakberendezes-uj-szinekben_2025.05.12.pdf\"><span style=\"font-size: 16px;\"><b><u>Sajt\u00f3k\u00f6zlem\u00e9ny let\u00f6lt\u00e9se<\/u><\/b><\/span><\/a><\/p>\n<\/div><div class=\"fusion-separator\" style=\"align-self: center;margin-left: auto;margin-right: auto;margin-top:0px;margin-bottom:20px;width:100%;max-width:90%;\"><div class=\"fusion-separator-border sep-single sep-solid\" style=\"--awb-height:20px;--awb-amount:20px;--awb-sep-color:var(--awb-color5);border-color:var(--awb-color5);border-top-width:1px;\"><\/div><\/div><div class=\"fusion-text fusion-text-19\" style=\"--awb-text-color:#b0b7b9;--awb-margin-right:20px;--awb-margin-left:20px;\"><p><span style=\"font-size: 12pt;\"><span class=\"_fadeIn_m1hgl_8\">2015. <\/span><span class=\"_fadeIn_m1hgl_8\">m\u00e1jus <\/span><span class=\"_fadeIn_m1hgl_8\">12.<\/span><\/span><\/p>\n<\/div><\/div><\/div><div class=\"fusion-layout-column fusion_builder_column fusion-builder-column-14 fusion_builder_column_1_3 1_3 fusion-flex-column\" style=\"--awb-overflow:hidden;--awb-bg-color:#ffffff;--awb-bg-color-hover:#ffffff;--awb-bg-size:cover;--awb-border-radius:8px 8px 8px 8px;--awb-width-large:33.333333333333%;--awb-margin-top-large:0px;--awb-spacing-right-large:5.76%;--awb-margin-bottom-large:20px;--awb-spacing-left-large:5.76%;--awb-width-medium:33.333333333333%;--awb-order-medium:0;--awb-spacing-right-medium:5.76%;--awb-spacing-left-medium:5.76%;--awb-width-small:100%;--awb-order-small:0;--awb-spacing-right-small:1.92%;--awb-spacing-left-small:1.92%;\" data-scroll-devices=\"small-visibility,medium-visibility,large-visibility\"><div class=\"fusion-column-wrapper fusion-column-has-shadow fusion-flex-justify-content-flex-start fusion-content-layout-column\"><div class=\"fusion-image-element \" style=\"--awb-caption-title-font-family:var(--h2_typography-font-family);--awb-caption-title-font-weight:var(--h2_typography-font-weight);--awb-caption-title-font-style:var(--h2_typography-font-style);--awb-caption-title-size:var(--h2_typography-font-size);--awb-caption-title-transform:var(--h2_typography-text-transform);--awb-caption-title-line-height:var(--h2_typography-line-height);--awb-caption-title-letter-spacing:var(--h2_typography-letter-spacing);--awb-filter:opacity(100%);--awb-filter-transition:filter 0.3s ease;--awb-filter-hover:opacity(70%);\"><span class=\" fusion-imageframe imageframe-none imageframe-10 hover-type-none\"><img decoding=\"async\" width=\"800\" height=\"600\" alt=\"ADA Pressereise mit ungarischen Journalisten und Influencern\" title=\"HU_Press_Trip_800x600px\" src=\"https:\/\/www.ada.at\/wp-content\/uploads\/2025\/04\/HU_Press_Trip_800x600px.jpg\" class=\"img-responsive wp-image-21985\"\/><\/span><\/div><div class=\"fusion-title title fusion-title-12 fusion-sep-none fusion-title-text fusion-title-size-three\" style=\"--awb-margin-right:20px;--awb-margin-left:20px;--awb-margin-top-small:10px;--awb-margin-right-small:0px;--awb-margin-bottom-small:10px;--awb-margin-left-small:0px;--awb-font-size:30pt;\"><h3 class=\"fusion-title-heading title-heading-left\" style=\"margin:0;font-size:1em;line-height:32px;\"><span style=\"font-size: 18pt;\">Az ADA pr\u00e9mium b\u00fatorgy\u00e1rt\u00e1sa \u00e9s fenntarthat\u00f3s\u00e1gi t\u00f6rekv\u00e9sei: <\/span><span style=\"font-size: 18pt;\">Exkluz\u00edv betekint\u00e9s a gy\u00e1rt\u00f3sorok m\u00f6g\u00e9<\/span><\/h3><\/div><div class=\"fusion-text fusion-text-20\" style=\"--awb-margin-right:20px;--awb-margin-left:20px;\"><p><span style=\"font-size: 12pt;\">Az ADA, Ausztria legnagyobb k\u00e1rpitozott b\u00fatorokat gy\u00e1rt\u00f3 v\u00e1llalata egy exkluz\u00edv sajt\u00f3\u00faton mutatta be a pr\u00e9mium b\u00fatorgy\u00e1rt\u00e1s \u00e9s a fenntarthat\u00f3s\u00e1g kulisszatitkait. Az esem\u00e9ny sor\u00e1n \u00fajs\u00e1g\u00edr\u00f3k \u00e9s v\u00e9lem\u00e9nyvez\u00e9rek els\u0151k\u00e9zb\u0151l nyerhettek betekint\u00e9st a v\u00e1llalat m\u0171k\u00f6d\u00e9s\u00e9be \u00e9s a Mindful Living filoz\u00f3fi\u00e1ba.<\/span><\/p>\n<p><a href=\"https:\/\/www.ada.at\/wp-content\/uploads\/2025\/04\/ADA_Sajtokoezlemeny_Betekintes-a-gyartosorok-moege_2025-04-14.pdf\"><span style=\"font-size: 16px;\"><b><u>Sajt\u00f3k\u00f6zlem\u00e9ny let\u00f6lt\u00e9se<\/u><\/b><\/span><\/a><\/p>\n<\/div><div class=\"fusion-separator\" style=\"align-self: center;margin-left: auto;margin-right: auto;margin-top:0px;margin-bottom:20px;width:100%;max-width:90%;\"><div class=\"fusion-separator-border sep-single sep-solid\" style=\"--awb-height:20px;--awb-amount:20px;--awb-sep-color:var(--awb-color5);border-color:var(--awb-color5);border-top-width:1px;\"><\/div><\/div><div class=\"fusion-text fusion-text-21\" style=\"--awb-text-color:#b0b7b9;--awb-margin-right:20px;--awb-margin-left:20px;\"><p><span style=\"font-size: 12pt;\">2025. \u00e1prilis 14.<\/span><\/p>\n<\/div><\/div><\/div><div class=\"fusion-layout-column fusion_builder_column fusion-builder-column-15 fusion_builder_column_1_3 1_3 fusion-flex-column\" style=\"--awb-overflow:hidden;--awb-bg-color:#ffffff;--awb-bg-color-hover:#ffffff;--awb-bg-size:cover;--awb-border-radius:8px 8px 8px 8px;--awb-width-large:33.333333333333%;--awb-margin-top-large:0px;--awb-spacing-right-large:5.76%;--awb-margin-bottom-large:20px;--awb-spacing-left-large:5.76%;--awb-width-medium:33.333333333333%;--awb-order-medium:0;--awb-spacing-right-medium:5.76%;--awb-spacing-left-medium:5.76%;--awb-width-small:100%;--awb-order-small:0;--awb-spacing-right-small:1.92%;--awb-spacing-left-small:1.92%;\" data-scroll-devices=\"small-visibility,medium-visibility,large-visibility\"><div class=\"fusion-column-wrapper fusion-column-has-shadow fusion-flex-justify-content-flex-start fusion-content-layout-column\"><div class=\"fusion-image-element \" style=\"--awb-caption-title-font-family:var(--h2_typography-font-family);--awb-caption-title-font-weight:var(--h2_typography-font-weight);--awb-caption-title-font-style:var(--h2_typography-font-style);--awb-caption-title-size:var(--h2_typography-font-size);--awb-caption-title-transform:var(--h2_typography-text-transform);--awb-caption-title-line-height:var(--h2_typography-line-height);--awb-caption-title-letter-spacing:var(--h2_typography-letter-spacing);--awb-filter:opacity(100%);--awb-filter-transition:filter 0.3s ease;--awb-filter-hover:opacity(70%);\"><span class=\" fusion-imageframe imageframe-none imageframe-11 hover-type-none\"><img decoding=\"async\" width=\"800\" height=\"600\" alt=\"ADA Sofa ALIKA in gelb in einem bunten Wohnzimmer passend zum Fr\u00fchling\" title=\"Alika_Fruehling_800x600px\" src=\"https:\/\/www.ada.at\/wp-content\/uploads\/2025\/02\/Alika_Fruehling_800x600px.png\" class=\"img-responsive wp-image-21447\"\/><\/span><\/div><div class=\"fusion-title title fusion-title-13 fusion-sep-none fusion-title-text fusion-title-size-three\" style=\"--awb-margin-right:20px;--awb-margin-left:20px;--awb-margin-top-small:10px;--awb-margin-right-small:0px;--awb-margin-bottom-small:10px;--awb-margin-left-small:0px;--awb-font-size:30pt;\"><h3 class=\"fusion-title-heading title-heading-left\" style=\"margin:0;font-size:1em;line-height:32px;\"><span style=\"font-size: 18pt;\">Tavaszi lakberendez\u00e9si tippek az ADA-t\u00f3l: <\/span><span style=\"font-size: 18pt;\">\u00cdgy vonzzuk be az \u00faj \u00e9vszak energi\u00e1it a nappaliba \u00e9s h\u00e1l\u00f3szob\u00e1ba<\/span><\/h3><\/div><div class=\"fusion-text fusion-text-22\" style=\"--awb-margin-right:20px;--awb-margin-left:20px;\"><p><span style=\"font-size: 12pt;\">A tavasz \u00faj lend\u00fcletet hoz nemcsak a term\u00e9szetbe, hanem otthonunkba is. N\u00e9h\u00e1ny sz\u00ednes kieg\u00e9sz\u00edt\u0151, friss b\u00fatordarab vagy a tavaszi f\u00e9ny beenged\u00e9se is el\u00e9g ahhoz, hogy \u00e9rezz\u00fck a meg\u00fajul\u00e1st \u00e9s otthonunk is t\u00fckr\u00f6zze a v\u00e1ltoz\u00e1st.<\/span><\/p>\n<p><a href=\"https:\/\/www.ada.at\/wp-content\/uploads\/2025\/03\/ADA_Sajtokoezlemeny_Tavaszi-lakberendezes_2025.03.17.pdf\"><span style=\"font-size: 16px;\"><b><u>Sajt\u00f3k\u00f6zlem\u00e9ny let\u00f6lt\u00e9se<\/u><\/b><\/span><\/a><\/p>\n<\/div><div class=\"fusion-separator\" style=\"align-self: center;margin-left: auto;margin-right: auto;margin-top:0px;margin-bottom:20px;width:100%;max-width:90%;\"><div class=\"fusion-separator-border sep-single sep-solid\" style=\"--awb-height:20px;--awb-amount:20px;--awb-sep-color:var(--awb-color5);border-color:var(--awb-color5);border-top-width:1px;\"><\/div><\/div><div class=\"fusion-text fusion-text-23\" style=\"--awb-text-color:#b0b7b9;--awb-margin-right:20px;--awb-margin-left:20px;\"><p><span style=\"font-size: 12pt;\">2025. m\u00e1rcius 17.<\/span><\/p>\n<\/div><\/div><\/div><div class=\"fusion-layout-column fusion_builder_column fusion-builder-column-16 fusion_builder_column_1_3 1_3 fusion-flex-column\" style=\"--awb-overflow:hidden;--awb-bg-color:#ffffff;--awb-bg-color-hover:#ffffff;--awb-bg-size:cover;--awb-border-radius:8px 8px 8px 8px;--awb-width-large:33.333333333333%;--awb-margin-top-large:0px;--awb-spacing-right-large:5.76%;--awb-margin-bottom-large:20px;--awb-spacing-left-large:5.76%;--awb-width-medium:33.333333333333%;--awb-order-medium:0;--awb-spacing-right-medium:5.76%;--awb-spacing-left-medium:5.76%;--awb-width-small:100%;--awb-order-small:0;--awb-spacing-right-small:1.92%;--awb-spacing-left-small:1.92%;\" data-scroll-devices=\"small-visibility,medium-visibility,large-visibility\"><div class=\"fusion-column-wrapper fusion-column-has-shadow fusion-flex-justify-content-flex-start fusion-content-layout-column\"><div class=\"fusion-image-element \" style=\"--awb-caption-title-font-family:var(--h2_typography-font-family);--awb-caption-title-font-weight:var(--h2_typography-font-weight);--awb-caption-title-font-style:var(--h2_typography-font-style);--awb-caption-title-size:var(--h2_typography-font-size);--awb-caption-title-transform:var(--h2_typography-text-transform);--awb-caption-title-line-height:var(--h2_typography-line-height);--awb-caption-title-letter-spacing:var(--h2_typography-letter-spacing);--awb-filter:opacity(100%);--awb-filter-transition:filter 0.3s ease;--awb-filter-hover:opacity(70%);\"><span class=\" fusion-imageframe imageframe-none imageframe-12 hover-type-none\"><img decoding=\"async\" width=\"800\" height=\"600\" alt=\"Internationaler Frauentag Weltfrauentag bei ADA M\u00f6bel\" title=\"Szidonia Kiraly_Weltfrauentag_800x600px\" src=\"https:\/\/www.ada.at\/wp-content\/uploads\/2025\/03\/Szidonia-Kiraly_Weltfrauentag_800x600px.jpg\" class=\"img-responsive wp-image-21507\"\/><\/span><\/div><div class=\"fusion-title title fusion-title-14 fusion-sep-none fusion-title-text fusion-title-size-three\" style=\"--awb-margin-right:20px;--awb-margin-left:20px;--awb-margin-top-small:10px;--awb-margin-right-small:0px;--awb-margin-bottom-small:10px;--awb-margin-left-small:0px;--awb-font-size:30pt;\"><h3 class=\"fusion-title-heading title-heading-left\" style=\"margin:0;font-size:1em;line-height:32px;\"><span style=\"font-size: 18pt;\">Lakberendez\u00e9s \u00faj sz\u00ednekben: <\/span><span style=\"font-size: 18pt;\">\u00cdgy lesz karakteres az otthonod<\/span><\/h3><\/div><div class=\"fusion-text fusion-text-24\" style=\"--awb-margin-right:20px;--awb-margin-left:20px;\"><p>M\u00e1rcius 8-a, a Nemzetk\u00f6zi N\u0151nap alkalmat ad arra, hogy elismerj\u00fck a n\u0151k munkaer\u0151piacon bet\u00f6lt\u00f6tt szerep\u00e9t \u00e9s hozz\u00e1j\u00e1rul\u00e1s\u00e1t. Az ADA M\u00f6bel elk\u00f6telezetten t\u00e1mogatja \u00e9s megbecs\u00fcli n\u0151i munkav\u00e1llal\u00f3it, akik a v\u00e1llalat minden szintj\u00e9n jelen vannak, \u00e9s jelent\u0151s szerepet j\u00e1tszanak a gy\u00e1rt\u00e1st\u00f3l az adminisztr\u00e1ci\u00f3n \u00e1t a vezet\u00e9sig, hiszen a soksz\u00edn\u0171s\u00e9g a c\u00e9g siker\u00e9nek egyik kulcsa.<\/p>\n<p><a href=\"https:\/\/www.ada.at\/wp-content\/uploads\/2025\/03\/ADA_Sajtokoezlemeny_Nonap_2025.03.04.pdf\"><span style=\"font-size: 16px;\"><b><u>Sajt\u00f3k\u00f6zlem\u00e9ny let\u00f6lt\u00e9se<\/u><\/b><\/span><\/a><\/p>\n<\/div><div class=\"fusion-separator\" style=\"align-self: center;margin-left: auto;margin-right: auto;margin-top:0px;margin-bottom:20px;width:100%;max-width:90%;\"><div class=\"fusion-separator-border sep-single sep-solid\" style=\"--awb-height:20px;--awb-amount:20px;--awb-sep-color:var(--awb-color5);border-color:var(--awb-color5);border-top-width:1px;\"><\/div><\/div><div class=\"fusion-text fusion-text-25\" style=\"--awb-text-color:#b0b7b9;--awb-margin-right:20px;--awb-margin-left:20px;\"><p>2025. m\u00e1rcius 4.<\/p>\n<\/div><\/div><\/div><div class=\"fusion-layout-column fusion_builder_column fusion-builder-column-17 fusion_builder_column_1_3 1_3 fusion-flex-column\" style=\"--awb-overflow:hidden;--awb-bg-color:#ffffff;--awb-bg-color-hover:#ffffff;--awb-bg-size:cover;--awb-border-radius:8px 8px 8px 8px;--awb-width-large:33.333333333333%;--awb-margin-top-large:0px;--awb-spacing-right-large:5.76%;--awb-margin-bottom-large:20px;--awb-spacing-left-large:5.76%;--awb-width-medium:33.333333333333%;--awb-order-medium:0;--awb-spacing-right-medium:5.76%;--awb-spacing-left-medium:5.76%;--awb-width-small:100%;--awb-order-small:0;--awb-spacing-right-small:1.92%;--awb-spacing-left-small:1.92%;\" data-scroll-devices=\"small-visibility,medium-visibility,large-visibility\"><div class=\"fusion-column-wrapper fusion-column-has-shadow fusion-flex-justify-content-flex-start fusion-content-layout-column\"><div class=\"fusion-image-element \" style=\"--awb-caption-title-font-family:var(--h2_typography-font-family);--awb-caption-title-font-weight:var(--h2_typography-font-weight);--awb-caption-title-font-style:var(--h2_typography-font-style);--awb-caption-title-size:var(--h2_typography-font-size);--awb-caption-title-transform:var(--h2_typography-text-transform);--awb-caption-title-line-height:var(--h2_typography-line-height);--awb-caption-title-letter-spacing:var(--h2_typography-letter-spacing);--awb-filter:opacity(100%);--awb-filter-transition:filter 0.3s ease;--awb-filter-hover:opacity(70%);\"><span class=\" fusion-imageframe imageframe-none imageframe-13 hover-type-none\"><img decoding=\"async\" width=\"800\" height=\"600\" alt=\"rotes Doppelbett RORIS von ADA M\u00f6bel\" title=\"xl-RORIS_800x600px_HU\" src=\"https:\/\/www.ada.at\/wp-content\/uploads\/2025\/02\/xl-RORIS_800x600px_HU.png\" class=\"img-responsive wp-image-20881\"\/><\/span><\/div><div class=\"fusion-title title fusion-title-15 fusion-sep-none fusion-title-text fusion-title-size-three\" style=\"--awb-margin-right:20px;--awb-margin-left:20px;--awb-margin-top-small:10px;--awb-margin-right-small:0px;--awb-margin-bottom-small:10px;--awb-margin-left-small:0px;--awb-font-size:30pt;\"><h3 class=\"fusion-title-heading title-heading-left\" style=\"margin:0;font-size:1em;line-height:32px;\"><span style=\"font-size: 18pt;\">A reggeli randit\u00f3l az esti moziig: <\/span><span style=\"font-size: 18pt;\">\u00cdgy \u00fcnnepelj\u00fck a Valentin-napot otthon<\/span><\/h3><\/div><div class=\"fusion-text fusion-text-26\" style=\"--awb-margin-right:20px;--awb-margin-left:20px;\"><p><span style=\"font-size: 12pt;\">Febru\u00e1r: a szerelem h\u00f3napja. A Valentin-nap m\u00e1r csak egy karny\u00fajt\u00e1snyira van, \u00e9s szerint\u00fcnk nincs is jobb dolog, mint a saj\u00e1t otthonunk k\u00e9nyelm\u00e9ben \u00fcnnepelni ezt a k\u00fcl\u00f6nleges napot. Nincs rohan\u00e1s, nincs stressz &#8211; csak mi, a p\u00e1runk \u00e9s egy hangulatos otthon. Az ADA Mindful Living most bemutatja, hogyan tehetj\u00fck felejthetetlenn\u00e9 az idei Valentin-napot.<\/span><\/p>\n<p><a href=\"https:\/\/www.ada.at\/wp-content\/uploads\/2025\/02\/ADA_Sajtokoezlemeny_Valentin-nap_2025.02.10.pdf\"><span style=\"font-size: 16px;\"><b><u>Sajt\u00f3k\u00f6zlem\u00e9ny let\u00f6lt\u00e9se<\/u><\/b><\/span><\/a><\/p>\n<\/div><div class=\"fusion-separator\" style=\"align-self: center;margin-left: auto;margin-right: auto;margin-top:0px;margin-bottom:20px;width:100%;max-width:90%;\"><div class=\"fusion-separator-border sep-single sep-solid\" style=\"--awb-height:20px;--awb-amount:20px;--awb-sep-color:var(--awb-color5);border-color:var(--awb-color5);border-top-width:1px;\"><\/div><\/div><div class=\"fusion-text fusion-text-27\" style=\"--awb-text-color:#b0b7b9;--awb-margin-right:20px;--awb-margin-left:20px;\"><p><span style=\"font-size: 12pt;\">2025. febru\u00e1r 10.<\/span><\/p>\n<\/div><\/div><\/div><div class=\"fusion-layout-column fusion_builder_column fusion-builder-column-18 fusion_builder_column_1_3 1_3 fusion-flex-column\" style=\"--awb-overflow:hidden;--awb-bg-color:#ffffff;--awb-bg-color-hover:#ffffff;--awb-bg-size:cover;--awb-border-radius:8px 8px 8px 8px;--awb-width-large:33.333333333333%;--awb-margin-top-large:0px;--awb-spacing-right-large:5.76%;--awb-margin-bottom-large:20px;--awb-spacing-left-large:5.76%;--awb-width-medium:33.333333333333%;--awb-order-medium:0;--awb-spacing-right-medium:5.76%;--awb-spacing-left-medium:5.76%;--awb-width-small:100%;--awb-order-small:0;--awb-spacing-right-small:1.92%;--awb-spacing-left-small:1.92%;\" data-scroll-devices=\"small-visibility,medium-visibility,large-visibility\"><div class=\"fusion-column-wrapper fusion-column-has-shadow fusion-flex-justify-content-flex-start fusion-content-layout-column\"><div class=\"fusion-image-element \" style=\"--awb-caption-title-font-family:var(--h2_typography-font-family);--awb-caption-title-font-weight:var(--h2_typography-font-weight);--awb-caption-title-font-style:var(--h2_typography-font-style);--awb-caption-title-size:var(--h2_typography-font-size);--awb-caption-title-transform:var(--h2_typography-text-transform);--awb-caption-title-line-height:var(--h2_typography-line-height);--awb-caption-title-letter-spacing:var(--h2_typography-letter-spacing);--awb-filter:opacity(100%);--awb-filter-transition:filter 0.3s ease;--awb-filter-hover:opacity(70%);\"><span class=\" fusion-imageframe imageframe-none imageframe-14 hover-type-none\"><img decoding=\"async\" width=\"800\" height=\"600\" alt=\"beiges Sofa TIVOLI im Scandi Style von ADA M\u00f6bel\" title=\"xl-Tivoli_XBO29_H1085_Milieu QF_01_800x600px_HU\" src=\"https:\/\/www.ada.at\/wp-content\/uploads\/2025\/02\/xl-Tivoli_XBO29_H1085_Milieu-QF_01_800x600px_HU.png\" class=\"img-responsive wp-image-20880\"\/><\/span><\/div><div class=\"fusion-title title fusion-title-16 fusion-sep-none fusion-title-text fusion-title-size-three\" style=\"--awb-margin-right:20px;--awb-margin-left:20px;--awb-margin-top-small:10px;--awb-margin-right-small:0px;--awb-margin-bottom-small:10px;--awb-margin-left-small:0px;--awb-font-size:30pt;\"><h3 class=\"fusion-title-heading title-heading-left\" style=\"margin:0;font-size:1em;line-height:32px;\"><p><span style=\"font-size: 18pt;\">\u00daj \u00e9v, \u00faj otthon:<br \/>\nA v\u00e1ltoz\u00e1s a nappalidban kezd\u0151dik<\/span><\/p><\/h3><\/div><div class=\"fusion-text fusion-text-28\" style=\"--awb-margin-right:20px;--awb-margin-left:20px;\"><p><span style=\"font-size: 12pt;\">Az \u00faj \u00e9v tele van lehet\u0151s\u00e9gekkel. Gondolkodt\u00e1l m\u00e1r azon, mit hoz sz\u00e1modra 2025? A szok\u00e1sos fogadalmak helyett mi lenne, ha otthonodat is meg\u00faj\u00edtan\u00e1d? Egy nappali, ahol j\u00f3l \u00e9rzed magad, egy \u00e9tkez\u0151, ami \u00f6sszehozza a csal\u00e1dot, egy h\u00e1l\u00f3szoba, amely nyugalmat \u00e1raszt. A v\u00e1ltoz\u00e1s ott kezd\u0151dik, ahol a legt\u00f6bb id\u0151t t\u00f6lt\u00f6d \u2013 \u00e9s ennek most j\u00f6tt el az ideje!<\/span><\/p>\n<p><a href=\"https:\/\/www.ada.at\/wp-content\/uploads\/2025\/02\/ADA_Sajtokoezlemeny_Uj-ev-uj-otthon_2025.01.14.pdf\"><span style=\"font-size: 16px;\"><b><u>Sajt\u00f3k\u00f6zlem\u00e9ny let\u00f6lt\u00e9se<\/u><\/b><\/span><\/a><\/p>\n<\/div><div class=\"fusion-separator\" style=\"align-self: center;margin-left: auto;margin-right: auto;margin-top:0px;margin-bottom:20px;width:100%;max-width:90%;\"><div class=\"fusion-separator-border sep-single sep-solid\" style=\"--awb-height:20px;--awb-amount:20px;--awb-sep-color:var(--awb-color5);border-color:var(--awb-color5);border-top-width:1px;\"><\/div><\/div><div class=\"fusion-text fusion-text-29\" style=\"--awb-text-color:#b0b7b9;--awb-margin-right:20px;--awb-margin-left:20px;\"><p><span style=\"font-size: 12pt;\">2025. janu\u00e1r 14.<\/span><\/p>\n<\/div><\/div><\/div><div class=\"fusion-layout-column fusion_builder_column fusion-builder-column-19 fusion_builder_column_1_3 1_3 fusion-flex-column\" style=\"--awb-overflow:hidden;--awb-bg-color:#ffffff;--awb-bg-color-hover:#ffffff;--awb-bg-size:cover;--awb-border-radius:8px 8px 8px 8px;--awb-width-large:33.333333333333%;--awb-margin-top-large:0px;--awb-spacing-right-large:5.76%;--awb-margin-bottom-large:20px;--awb-spacing-left-large:5.76%;--awb-width-medium:33.333333333333%;--awb-order-medium:0;--awb-spacing-right-medium:5.76%;--awb-spacing-left-medium:5.76%;--awb-width-small:100%;--awb-order-small:0;--awb-spacing-right-small:1.92%;--awb-spacing-left-small:1.92%;\" data-scroll-devices=\"small-visibility,medium-visibility,large-visibility\"><div class=\"fusion-column-wrapper fusion-column-has-shadow fusion-flex-justify-content-flex-start fusion-content-layout-column\"><div class=\"fusion-image-element \" style=\"--awb-caption-title-font-family:var(--h2_typography-font-family);--awb-caption-title-font-weight:var(--h2_typography-font-weight);--awb-caption-title-font-style:var(--h2_typography-font-style);--awb-caption-title-size:var(--h2_typography-font-size);--awb-caption-title-transform:var(--h2_typography-text-transform);--awb-caption-title-line-height:var(--h2_typography-line-height);--awb-caption-title-letter-spacing:var(--h2_typography-letter-spacing);--awb-filter:opacity(100%);--awb-filter-transition:filter 0.3s ease;--awb-filter-hover:opacity(70%);\"><span class=\" fusion-imageframe imageframe-none imageframe-15 hover-type-none\"><img decoding=\"async\" width=\"800\" height=\"600\" title=\"Caltha\" src=\"https:\/\/www.ada.at\/wp-content\/uploads\/2025\/02\/Caltha-1.png\" alt class=\"img-responsive wp-image-20858\"\/><\/span><\/div><div class=\"fusion-title title fusion-title-17 fusion-sep-none fusion-title-text fusion-title-size-three\" style=\"--awb-margin-right:20px;--awb-margin-left:20px;--awb-margin-top-small:10px;--awb-margin-right-small:0px;--awb-margin-bottom-small:10px;--awb-margin-left-small:0px;--awb-font-size:30pt;\"><h3 class=\"fusion-title-heading title-heading-left\" style=\"margin:0;font-size:1em;line-height:32px;\"><p><span style=\"font-size: 18pt;\">Mindful Advent: Visszasz\u00e1ml\u00e1l\u00e1s az ADA-val<br \/>\n<\/span><\/p><\/h3><\/div><div class=\"fusion-text fusion-text-30\" style=\"--awb-margin-right:20px;--awb-margin-left:20px;\"><p>Az advent a v\u00e1rakoz\u00e1s \u00e9s az \u00fcnnepi k\u00e9sz\u00fcl\u0151d\u00e9s id\u0151szaka, m\u00e9gis gyakran a stresszr\u0151l \u00e9s a v\u00e9gtelen teend\u0151kr\u0151l sz\u00f3l. Viszont mi lenne, ha id\u00e9n m\u00e1shogy csin\u00e1ln\u00e1d? Az ADA Mindful Living adventi visszasz\u00e1ml\u00e1l\u00f3ja n\u00e9gy h\u00e9ten \u00e1t apr\u00f3, de ann\u00e1l jelent\u0151s\u00e9gteljesebb kih\u00edv\u00e1s el\u00e9 \u00e1ll\u00edt, hogy igaz\u00e1n meg\u00e9lhess\u00fck az \u00fcnnepi k\u00e9sz\u00fcl\u0151d\u00e9s hangulat\u00e1t.<\/p>\n<p><a href=\"https:\/\/www.ada.at\/wp-content\/uploads\/2025\/02\/2024-12-04_Mindful-advent-az-ADA-val.pdf\"><span style=\"font-size: 16px;\"><b><u>Sajt\u00f3k\u00f6zlem\u00e9ny let\u00f6lt\u00e9se<\/u><\/b><\/span><\/a><\/p>\n<\/div><div class=\"fusion-separator\" style=\"align-self: center;margin-left: auto;margin-right: auto;margin-top:0px;margin-bottom:20px;width:100%;max-width:90%;\"><div class=\"fusion-separator-border sep-single sep-solid\" style=\"--awb-height:20px;--awb-amount:20px;--awb-sep-color:var(--awb-color5);border-color:var(--awb-color5);border-top-width:1px;\"><\/div><\/div><div class=\"fusion-text fusion-text-31\" style=\"--awb-text-color:#b0b7b9;--awb-margin-right:20px;--awb-margin-left:20px;\"><p><span style=\"font-size: 12pt;\">2024. december 04.<\/span><\/p>\n<\/div><\/div><\/div><div class=\"fusion-layout-column fusion_builder_column fusion-builder-column-20 fusion_builder_column_1_3 1_3 fusion-flex-column\" style=\"--awb-overflow:hidden;--awb-bg-color:#ffffff;--awb-bg-color-hover:#ffffff;--awb-bg-size:cover;--awb-border-radius:8px 8px 8px 8px;--awb-width-large:33.333333333333%;--awb-margin-top-large:0px;--awb-spacing-right-large:5.76%;--awb-margin-bottom-large:20px;--awb-spacing-left-large:5.76%;--awb-width-medium:33.333333333333%;--awb-order-medium:0;--awb-spacing-right-medium:5.76%;--awb-spacing-left-medium:5.76%;--awb-width-small:100%;--awb-order-small:0;--awb-spacing-right-small:1.92%;--awb-spacing-left-small:1.92%;\" data-scroll-devices=\"small-visibility,medium-visibility,large-visibility\"><div class=\"fusion-column-wrapper fusion-column-has-shadow fusion-flex-justify-content-flex-start fusion-content-layout-column\"><div class=\"fusion-image-element \" style=\"--awb-caption-title-font-family:var(--h2_typography-font-family);--awb-caption-title-font-weight:var(--h2_typography-font-weight);--awb-caption-title-font-style:var(--h2_typography-font-style);--awb-caption-title-size:var(--h2_typography-font-size);--awb-caption-title-transform:var(--h2_typography-text-transform);--awb-caption-title-line-height:var(--h2_typography-line-height);--awb-caption-title-letter-spacing:var(--h2_typography-letter-spacing);--awb-filter:opacity(100%);--awb-filter-transition:filter 0.3s ease;--awb-filter-hover:opacity(70%);\"><span class=\" fusion-imageframe imageframe-none imageframe-16 hover-type-none\"><img decoding=\"async\" width=\"800\" height=\"600\" title=\"INA\" src=\"https:\/\/www.ada.at\/wp-content\/uploads\/2025\/02\/INA-1.png\" alt class=\"img-responsive wp-image-20855\"\/><\/span><\/div><div class=\"fusion-title title fusion-title-18 fusion-sep-none fusion-title-text fusion-title-size-three\" style=\"--awb-margin-right:20px;--awb-margin-left:20px;--awb-margin-top-small:10px;--awb-margin-right-small:0px;--awb-margin-bottom-small:10px;--awb-margin-left-small:0px;--awb-font-size:30pt;\"><h3 class=\"fusion-title-heading title-heading-left\" style=\"margin:0;font-size:1em;line-height:32px;\"><p><span style=\"font-size: 18pt;\">FRIENDSGIVING<br \/>\nAz ADA Mindful Living tippjei a friendsgiving<br \/>\nhagyom\u00e1ny megteremt\u00e9s\u00e9hez<br \/>\n<\/span><\/p><\/h3><\/div><div class=\"fusion-text fusion-text-32\" style=\"--awb-margin-right:20px;--awb-margin-left:20px;\"><p>A h\u00e1laad\u00e1s mellett a friendsgiving is egyre n\u00e9pszer\u0171bb, ahol bar\u00e1tainkkal oszthatjuk meg a boldogs\u00e1got \u00e9s egy finom vacsor\u00e1t. Ez a vend\u00e9gszeretet \u00e9s k\u00f6z\u00f6s \u00e9tkez\u00e9sek \u00fcnnepe, tele nevet\u00e9ssel \u00e9s eml\u00e9kekkel.<\/p>\n<p><a href=\"https:\/\/www.ada.at\/wp-content\/uploads\/2025\/02\/2024-11-25_ADA-Mindful-Living_Friendsgiving.pdf\"><span style=\"font-size: 16px;\"><b><u>Sajt\u00f3k\u00f6zlem\u00e9ny let\u00f6lt\u00e9se<\/u><\/b><\/span><\/a><\/p>\n<\/div><div class=\"fusion-separator\" style=\"align-self: center;margin-left: auto;margin-right: auto;margin-top:0px;margin-bottom:20px;width:100%;max-width:90%;\"><div class=\"fusion-separator-border sep-single sep-solid\" style=\"--awb-height:20px;--awb-amount:20px;--awb-sep-color:var(--awb-color5);border-color:var(--awb-color5);border-top-width:1px;\"><\/div><\/div><div class=\"fusion-text fusion-text-33\" style=\"--awb-text-color:#b0b7b9;--awb-margin-right:20px;--awb-margin-left:20px;\"><p><span style=\"font-size: 12pt;\">2024. november 25.<\/span><\/p>\n<\/div><\/div><\/div><div class=\"fusion-layout-column fusion_builder_column fusion-builder-column-21 fusion_builder_column_1_3 1_3 fusion-flex-column\" style=\"--awb-overflow:hidden;--awb-bg-color:#ffffff;--awb-bg-color-hover:#ffffff;--awb-bg-size:cover;--awb-border-radius:8px 8px 8px 8px;--awb-width-large:33.333333333333%;--awb-margin-top-large:0px;--awb-spacing-right-large:5.76%;--awb-margin-bottom-large:20px;--awb-spacing-left-large:5.76%;--awb-width-medium:33.333333333333%;--awb-order-medium:0;--awb-spacing-right-medium:5.76%;--awb-spacing-left-medium:5.76%;--awb-width-small:100%;--awb-order-small:0;--awb-spacing-right-small:1.92%;--awb-spacing-left-small:1.92%;\" data-scroll-devices=\"small-visibility,medium-visibility,large-visibility\"><div class=\"fusion-column-wrapper fusion-column-has-shadow fusion-flex-justify-content-flex-start fusion-content-layout-column\"><div class=\"fusion-image-element \" style=\"--awb-caption-title-font-family:var(--h2_typography-font-family);--awb-caption-title-font-weight:var(--h2_typography-font-weight);--awb-caption-title-font-style:var(--h2_typography-font-style);--awb-caption-title-size:var(--h2_typography-font-size);--awb-caption-title-transform:var(--h2_typography-text-transform);--awb-caption-title-line-height:var(--h2_typography-line-height);--awb-caption-title-letter-spacing:var(--h2_typography-letter-spacing);--awb-filter:opacity(100%);--awb-filter-transition:filter 0.3s ease;--awb-filter-hover:opacity(70%);\"><span class=\" fusion-imageframe imageframe-none imageframe-17 hover-type-none\"><img decoding=\"async\" width=\"800\" height=\"600\" title=\"Caltha\" src=\"https:\/\/www.ada.at\/wp-content\/uploads\/2025\/02\/Caltha.png\" alt class=\"img-responsive wp-image-20851\"\/><\/span><\/div><div class=\"fusion-title title fusion-title-19 fusion-sep-none fusion-title-text fusion-title-size-three\" style=\"--awb-margin-right:20px;--awb-margin-left:20px;--awb-margin-top-small:10px;--awb-margin-right-small:0px;--awb-margin-bottom-small:10px;--awb-margin-left-small:0px;--awb-font-size:30pt;\"><h3 class=\"fusion-title-heading title-heading-left\" style=\"margin:0;font-size:1em;line-height:32px;\"><p><span style=\"font-size: 18pt;\">Lakberendez\u00e9si trendek 2025-ben<br \/>\nA lelassul\u00e1s \u00e9ve az ADA Mindful Living seg\u00edts\u00e9g\u00e9vel<br \/>\n<\/span><\/p><\/h3><\/div><div class=\"fusion-text fusion-text-34\" style=\"--awb-margin-right:20px;--awb-margin-left:20px;\"><p>2025-ben a lakberendez\u00e9sben a tudatoss\u00e1g lesz a f\u0151 ir\u00e1nyvonal. Az ADA Mindful Living tippeket ad, hogyan alak\u00edthatod otthonodat a legfrissebb trendek, fenntarthat\u00f3s\u00e1g \u00e9s tudatos \u00e9letm\u00f3d szerint, hogy maxim\u00e1lis nyugalmat teremts.<\/p>\n<p><a href=\"https:\/\/www.ada.at\/wp-content\/uploads\/2025\/02\/2024-10-24_Ada-Mindful-Living_Lakberendezesi-trendek-2025-ben.pdf\"><span style=\"font-size: 16px;\"><b><u>Sajt\u00f3k\u00f6zlem\u00e9ny let\u00f6lt\u00e9se<\/u><\/b><\/span><\/a><\/p>\n<\/div><div class=\"fusion-separator\" style=\"align-self: center;margin-left: auto;margin-right: auto;margin-top:0px;margin-bottom:20px;width:100%;max-width:90%;\"><div class=\"fusion-separator-border sep-single sep-solid\" style=\"--awb-height:20px;--awb-amount:20px;--awb-sep-color:var(--awb-color5);border-color:var(--awb-color5);border-top-width:1px;\"><\/div><\/div><div class=\"fusion-text fusion-text-35\" style=\"--awb-text-color:#b0b7b9;--awb-margin-right:20px;--awb-margin-left:20px;\"><p><span style=\"font-size: 12pt;\">2024. okt\u00f3ber 24.<\/span><\/p>\n<\/div><\/div><\/div><div class=\"fusion-layout-column fusion_builder_column fusion-builder-column-22 fusion_builder_column_1_3 1_3 fusion-flex-column\" style=\"--awb-overflow:hidden;--awb-bg-color:#ffffff;--awb-bg-color-hover:#ffffff;--awb-bg-size:cover;--awb-border-radius:8px 8px 8px 8px;--awb-width-large:33.333333333333%;--awb-margin-top-large:0px;--awb-spacing-right-large:5.76%;--awb-margin-bottom-large:20px;--awb-spacing-left-large:5.76%;--awb-width-medium:33.333333333333%;--awb-order-medium:0;--awb-spacing-right-medium:5.76%;--awb-spacing-left-medium:5.76%;--awb-width-small:100%;--awb-order-small:0;--awb-spacing-right-small:1.92%;--awb-spacing-left-small:1.92%;\" data-scroll-devices=\"small-visibility,medium-visibility,large-visibility\"><div class=\"fusion-column-wrapper fusion-column-has-shadow fusion-flex-justify-content-flex-start fusion-content-layout-column\"><div class=\"fusion-image-element \" style=\"--awb-caption-title-font-family:var(--h2_typography-font-family);--awb-caption-title-font-weight:var(--h2_typography-font-weight);--awb-caption-title-font-style:var(--h2_typography-font-style);--awb-caption-title-size:var(--h2_typography-font-size);--awb-caption-title-transform:var(--h2_typography-text-transform);--awb-caption-title-line-height:var(--h2_typography-line-height);--awb-caption-title-letter-spacing:var(--h2_typography-letter-spacing);--awb-filter:opacity(100%);--awb-filter-transition:filter 0.3s ease;--awb-filter-hover:opacity(70%);\"><span class=\" fusion-imageframe imageframe-none imageframe-18 hover-type-none\"><img decoding=\"async\" width=\"800\" height=\"600\" title=\"Draba\" src=\"https:\/\/www.ada.at\/wp-content\/uploads\/2025\/02\/Draba.png\" alt class=\"img-responsive wp-image-20848\"\/><\/span><\/div><div class=\"fusion-title title fusion-title-20 fusion-sep-none fusion-title-text fusion-title-size-three\" style=\"--awb-margin-right:20px;--awb-margin-left:20px;--awb-margin-top-small:10px;--awb-margin-right-small:0px;--awb-margin-bottom-small:10px;--awb-margin-left-small:0px;--awb-font-size:30pt;\"><h3 class=\"fusion-title-heading title-heading-left\" style=\"margin:0;font-size:1em;line-height:32px;\"><span style=\"font-size: 18pt;\">Hello, hideg szezon! Ideje bekuck\u00f3zni otthon\u2026<\/span><\/h3><\/div><div class=\"fusion-text fusion-text-36\" style=\"--awb-margin-right:20px;--awb-margin-left:20px;\"><p>Amikor az \u00e9jszak\u00e1k hosszabbak, a nappalok pedig r\u00f6videbbek lesznek, itt az id\u0151, hogy beh\u00faz\u00f3dj \u00e9s k\u00e9nyelembe helyezd magad az otthonod meleg\u00e9ben. ADA M\u00f6belwerke tippjeivel megtudhatod, hogy hogyan teremts otthonos hangulatot az \u0151szi-t\u00e9li id\u0151szakban.<\/p>\n<p><a href=\"https:\/\/www.ada.at\/wp-content\/uploads\/2025\/02\/2024-10-24_ADA-Mindful-Living_Hello-hideg-szezon.pdf\"><span style=\"font-size: 16px;\"><b><u>Sajt\u00f3k\u00f6zlem\u00e9ny let\u00f6lt\u00e9se<\/u><\/b><\/span><\/a><\/p>\n<\/div><div class=\"fusion-separator\" style=\"align-self: center;margin-left: auto;margin-right: auto;margin-top:0px;margin-bottom:20px;width:100%;max-width:90%;\"><div class=\"fusion-separator-border sep-single sep-solid\" style=\"--awb-height:20px;--awb-amount:20px;--awb-sep-color:var(--awb-color5);border-color:var(--awb-color5);border-top-width:1px;\"><\/div><\/div><div class=\"fusion-text fusion-text-37\" style=\"--awb-text-color:#b0b7b9;--awb-margin-right:20px;--awb-margin-left:20px;\"><p><span style=\"font-size: 12pt;\">2024. okt\u00f3ber 24.<\/span><\/p>\n<\/div><\/div><\/div><div class=\"fusion-layout-column fusion_builder_column fusion-builder-column-23 fusion_builder_column_1_3 1_3 fusion-flex-column\" style=\"--awb-overflow:hidden;--awb-bg-color:#ffffff;--awb-bg-color-hover:#ffffff;--awb-bg-size:cover;--awb-border-radius:8px 8px 8px 8px;--awb-width-large:33.333333333333%;--awb-margin-top-large:0px;--awb-spacing-right-large:5.76%;--awb-margin-bottom-large:20px;--awb-spacing-left-large:5.76%;--awb-width-medium:33.333333333333%;--awb-order-medium:0;--awb-spacing-right-medium:5.76%;--awb-spacing-left-medium:5.76%;--awb-width-small:100%;--awb-order-small:0;--awb-spacing-right-small:1.92%;--awb-spacing-left-small:1.92%;\" data-scroll-devices=\"small-visibility,medium-visibility,large-visibility\"><div class=\"fusion-column-wrapper fusion-column-has-shadow fusion-flex-justify-content-flex-start fusion-content-layout-column\"><div class=\"fusion-image-element \" style=\"--awb-caption-title-font-family:var(--h2_typography-font-family);--awb-caption-title-font-weight:var(--h2_typography-font-weight);--awb-caption-title-font-style:var(--h2_typography-font-style);--awb-caption-title-size:var(--h2_typography-font-size);--awb-caption-title-transform:var(--h2_typography-text-transform);--awb-caption-title-line-height:var(--h2_typography-line-height);--awb-caption-title-letter-spacing:var(--h2_typography-letter-spacing);--awb-filter:opacity(100%);--awb-filter-transition:filter 0.3s ease;--awb-filter-hover:opacity(70%);\"><span class=\" fusion-imageframe imageframe-none imageframe-19 hover-type-none\"><img decoding=\"async\" width=\"800\" height=\"600\" title=\"Cometa\" src=\"https:\/\/www.ada.at\/wp-content\/uploads\/2025\/02\/Cometa.png\" alt class=\"img-responsive wp-image-20843\"\/><\/span><\/div><div class=\"fusion-title title fusion-title-21 fusion-sep-none fusion-title-text fusion-title-size-three\" style=\"--awb-margin-right:20px;--awb-margin-left:20px;--awb-margin-top-small:10px;--awb-margin-right-small:0px;--awb-margin-bottom-small:10px;--awb-margin-left-small:0px;--awb-font-size:30pt;\"><h3 class=\"fusion-title-heading title-heading-left\" style=\"margin:0;font-size:1em;line-height:32px;\"><span style=\"font-size: 18pt;\">Egy j\u00f3 nap egy j\u00f3 alv\u00e1ssal kezd\u0151dik<\/span><\/h3><\/div><div class=\"fusion-text fusion-text-38\" style=\"--awb-margin-right:20px;--awb-margin-left:20px;\"><p>Az alv\u00e1s \u00e9let\u00fcnk egyharmad\u00e1t teszi ki, \u00e9s fontos szerepe van a test regener\u00e1l\u00f3d\u00e1s\u00e1ban, az anyagcser\u00e9ben \u00e9s az agy feldolgoz\u00e1s\u00e1ban. Az ADA M\u00f6belwerke tippeket ad, hogyan biztos\u00edthatjuk a j\u00f3 alv\u00e1st.<\/p>\n<p><a href=\"https:\/\/www.ada.at\/wp-content\/uploads\/2025\/02\/2024-10-07_ADA-Mindful-Living_Egy-jo-alvas.pdf\"><span style=\"font-size: 16px;\"><b><u>Sajt\u00f3k\u00f6zlem\u00e9ny let\u00f6lt\u00e9se<\/u><\/b><\/span><\/a><\/p>\n<\/div><div class=\"fusion-separator\" style=\"align-self: center;margin-left: auto;margin-right: auto;margin-top:0px;margin-bottom:20px;width:100%;max-width:90%;\"><div class=\"fusion-separator-border sep-single sep-solid\" style=\"--awb-height:20px;--awb-amount:20px;--awb-sep-color:var(--awb-color5);border-color:var(--awb-color5);border-top-width:1px;\"><\/div><\/div><div class=\"fusion-text fusion-text-39\" style=\"--awb-text-color:#b0b7b9;--awb-margin-right:20px;--awb-margin-left:20px;\"><p><span style=\"font-size: 12pt;\">2024. okt\u00f3ber 07.<\/span><\/p>\n<\/div><\/div><\/div><div class=\"fusion-layout-column fusion_builder_column fusion-builder-column-24 fusion_builder_column_1_3 1_3 fusion-flex-column\" style=\"--awb-overflow:hidden;--awb-bg-color:#ffffff;--awb-bg-color-hover:#ffffff;--awb-bg-size:cover;--awb-border-radius:8px 8px 8px 8px;--awb-width-large:33.333333333333%;--awb-margin-top-large:0px;--awb-spacing-right-large:5.76%;--awb-margin-bottom-large:20px;--awb-spacing-left-large:5.76%;--awb-width-medium:33.333333333333%;--awb-order-medium:0;--awb-spacing-right-medium:5.76%;--awb-spacing-left-medium:5.76%;--awb-width-small:100%;--awb-order-small:0;--awb-spacing-right-small:1.92%;--awb-spacing-left-small:1.92%;\" data-scroll-devices=\"small-visibility,medium-visibility,large-visibility\"><div class=\"fusion-column-wrapper fusion-column-has-shadow fusion-flex-justify-content-flex-start fusion-content-layout-column\"><div class=\"fusion-image-element \" style=\"--awb-caption-title-font-family:var(--h2_typography-font-family);--awb-caption-title-font-weight:var(--h2_typography-font-weight);--awb-caption-title-font-style:var(--h2_typography-font-style);--awb-caption-title-size:var(--h2_typography-font-size);--awb-caption-title-transform:var(--h2_typography-text-transform);--awb-caption-title-line-height:var(--h2_typography-line-height);--awb-caption-title-letter-spacing:var(--h2_typography-letter-spacing);--awb-filter:opacity(100%);--awb-filter-transition:filter 0.3s ease;--awb-filter-hover:opacity(70%);\"><span class=\" fusion-imageframe imageframe-none imageframe-20 hover-type-none\"><img decoding=\"async\" width=\"800\" height=\"600\" title=\"Fatena\" src=\"https:\/\/www.ada.at\/wp-content\/uploads\/2025\/02\/Fatena-1.png\" alt class=\"img-responsive wp-image-20845\"\/><\/span><\/div><div class=\"fusion-title title fusion-title-22 fusion-sep-none fusion-title-text fusion-title-size-three\" style=\"--awb-margin-right:20px;--awb-margin-left:20px;--awb-margin-top-small:10px;--awb-margin-right-small:0px;--awb-margin-bottom-small:10px;--awb-margin-left-small:0px;--awb-font-size:30pt;\"><h3 class=\"fusion-title-heading title-heading-left\" style=\"margin:0;font-size:1em;line-height:32px;\"><span style=\"font-size: 18pt;\">A csal\u00e1di \u00e1gy visszat\u00e9r\u00e9se: K\u00f6z\u00f6s alv\u00e1s, k\u00f6z\u00f6s \u00e1lmok<\/span><\/h3><\/div><div class=\"fusion-text fusion-text-40\" style=\"--awb-margin-right:20px;--awb-margin-left:20px;\"><p>Az \u00e1gy a pihen\u00e9s helye, de a gyerekek \u00e9rkez\u00e9s\u00e9vel hamarosan a sz\u00fcl\u0151k k\u00e9nyelme h\u00e1tt\u00e9rbe szorul. Egyre t\u00f6bb csal\u00e1d v\u00e1lasztja a k\u00f6z\u00f6s alv\u00e1st, ami nemcsak nyugodtabb \u00e9jszak\u00e1kat, hanem k\u00f6zels\u00e9get \u00e9s biztons\u00e1got is ad.<\/p>\n<p><a href=\"https:\/\/www.ada.at\/wp-content\/uploads\/2025\/02\/2024-09-24_ADA-Mindful-Living_A-csaladi-agy-visszaterese.pdf\"><span style=\"font-size: 16px;\"><b><u>Sajt\u00f3k\u00f6zlem\u00e9ny let\u00f6lt\u00e9se<\/u><\/b><\/span><\/a><\/p>\n<\/div><div class=\"fusion-separator\" style=\"align-self: center;margin-left: auto;margin-right: auto;margin-top:0px;margin-bottom:20px;width:100%;max-width:90%;\"><div class=\"fusion-separator-border sep-single sep-solid\" style=\"--awb-height:20px;--awb-amount:20px;--awb-sep-color:var(--awb-color5);border-color:var(--awb-color5);border-top-width:1px;\"><\/div><\/div><div class=\"fusion-text fusion-text-41\" style=\"--awb-text-color:#b0b7b9;--awb-margin-right:20px;--awb-margin-left:20px;\"><p><span style=\"font-size: 12pt;\">2024. szeptember 24.<\/span><\/p>\n<\/div><\/div><\/div><div class=\"fusion-layout-column fusion_builder_column fusion-builder-column-25 fusion_builder_column_1_3 1_3 fusion-flex-column\" style=\"--awb-overflow:hidden;--awb-bg-color:#ffffff;--awb-bg-color-hover:#ffffff;--awb-bg-size:cover;--awb-border-radius:8px 8px 8px 8px;--awb-width-large:33.333333333333%;--awb-margin-top-large:0px;--awb-spacing-right-large:5.76%;--awb-margin-bottom-large:20px;--awb-spacing-left-large:5.76%;--awb-width-medium:33.333333333333%;--awb-order-medium:0;--awb-spacing-right-medium:5.76%;--awb-spacing-left-medium:5.76%;--awb-width-small:100%;--awb-order-small:0;--awb-spacing-right-small:1.92%;--awb-spacing-left-small:1.92%;\" data-scroll-devices=\"small-visibility,medium-visibility,large-visibility\"><div class=\"fusion-column-wrapper fusion-column-has-shadow fusion-flex-justify-content-flex-start fusion-content-layout-column\"><div class=\"fusion-image-element \" style=\"--awb-caption-title-font-family:var(--h2_typography-font-family);--awb-caption-title-font-weight:var(--h2_typography-font-weight);--awb-caption-title-font-style:var(--h2_typography-font-style);--awb-caption-title-size:var(--h2_typography-font-size);--awb-caption-title-transform:var(--h2_typography-text-transform);--awb-caption-title-line-height:var(--h2_typography-line-height);--awb-caption-title-letter-spacing:var(--h2_typography-letter-spacing);--awb-filter:opacity(100%);--awb-filter-transition:filter 0.3s ease;--awb-filter-hover:opacity(70%);\"><span class=\" fusion-imageframe imageframe-none imageframe-21 hover-type-none\"><img decoding=\"async\" width=\"800\" height=\"600\" title=\"Valentino\" src=\"https:\/\/www.ada.at\/wp-content\/uploads\/2025\/02\/Valentino.png\" alt class=\"img-responsive wp-image-20836\"\/><\/span><\/div><div class=\"fusion-title title fusion-title-23 fusion-sep-none fusion-title-text fusion-title-size-three\" style=\"--awb-margin-right:20px;--awb-margin-left:20px;--awb-margin-top-small:10px;--awb-margin-right-small:0px;--awb-margin-bottom-small:10px;--awb-margin-left-small:0px;--awb-font-size:30pt;\"><h3 class=\"fusion-title-heading title-heading-left\" style=\"margin:0;font-size:1em;line-height:32px;\"><p><span style=\"font-size: 18pt;\">Es\u0151s id\u0151j\u00e1r\u00e1s! Na \u00e9s?<br \/>\n4 kreat\u00edv \u00f6tlet es\u0151s napokra otthon<\/span><\/p><\/h3><\/div><div class=\"fusion-text fusion-text-42\" style=\"--awb-margin-right:20px;--awb-margin-left:20px;\"><p>Es\u0151s napokon a szabadt\u00e9ri tervek elmaradnak, de mi\u00e9rt hagyn\u00e1nk, hogy ez elrontsa a kedv\u00fcnket? Az ADA M\u00f6belwerke tippeket ad, hogyan tehetj\u00fck a bor\u00fas napokat meghitt\u00e9.<\/p>\n<p><a href=\"https:\/\/www.ada.at\/wp-content\/uploads\/2025\/02\/2024-09-11_ADA-Mindful-Living_Esos-napok-otthon.pdf\"><span style=\"font-size: 16px;\"><b><u>Sajt\u00f3k\u00f6zlem\u00e9ny let\u00f6lt\u00e9se<\/u><\/b><\/span><\/a><\/p>\n<\/div><div class=\"fusion-separator\" style=\"align-self: center;margin-left: auto;margin-right: auto;margin-top:0px;margin-bottom:20px;width:100%;max-width:90%;\"><div class=\"fusion-separator-border sep-single sep-solid\" style=\"--awb-height:20px;--awb-amount:20px;--awb-sep-color:var(--awb-color5);border-color:var(--awb-color5);border-top-width:1px;\"><\/div><\/div><div class=\"fusion-text fusion-text-43\" style=\"--awb-text-color:#b0b7b9;--awb-margin-right:20px;--awb-margin-left:20px;\"><p><span style=\"font-size: 12pt;\">2024. szeptember 11.<\/span><\/p>\n<\/div><\/div><\/div><div class=\"fusion-layout-column fusion_builder_column fusion-builder-column-26 fusion_builder_column_1_3 1_3 fusion-flex-column\" style=\"--awb-overflow:hidden;--awb-bg-color:#ffffff;--awb-bg-color-hover:#ffffff;--awb-bg-size:cover;--awb-border-radius:8px 8px 8px 8px;--awb-width-large:33.333333333333%;--awb-margin-top-large:0px;--awb-spacing-right-large:5.76%;--awb-margin-bottom-large:20px;--awb-spacing-left-large:5.76%;--awb-width-medium:33.333333333333%;--awb-order-medium:0;--awb-spacing-right-medium:5.76%;--awb-spacing-left-medium:5.76%;--awb-width-small:100%;--awb-order-small:0;--awb-spacing-right-small:1.92%;--awb-spacing-left-small:1.92%;\" data-scroll-devices=\"small-visibility,medium-visibility,large-visibility\"><div class=\"fusion-column-wrapper fusion-column-has-shadow fusion-flex-justify-content-flex-start fusion-content-layout-column\"><div class=\"fusion-image-element \" style=\"--awb-caption-title-font-family:var(--h2_typography-font-family);--awb-caption-title-font-weight:var(--h2_typography-font-weight);--awb-caption-title-font-style:var(--h2_typography-font-style);--awb-caption-title-size:var(--h2_typography-font-size);--awb-caption-title-transform:var(--h2_typography-text-transform);--awb-caption-title-line-height:var(--h2_typography-line-height);--awb-caption-title-letter-spacing:var(--h2_typography-letter-spacing);--awb-filter:opacity(100%);--awb-filter-transition:filter 0.3s ease;--awb-filter-hover:opacity(70%);\"><span class=\" fusion-imageframe imageframe-none imageframe-22 hover-type-none\"><img decoding=\"async\" width=\"800\" height=\"600\" title=\"Alika\" src=\"https:\/\/www.ada.at\/wp-content\/uploads\/2025\/02\/Alika.png\" alt class=\"img-responsive wp-image-20804\"\/><\/span><\/div><div class=\"fusion-title title fusion-title-24 fusion-sep-none fusion-title-text fusion-title-size-three\" style=\"--awb-margin-right:20px;--awb-margin-left:20px;--awb-margin-top-small:10px;--awb-margin-right-small:0px;--awb-margin-bottom-small:10px;--awb-margin-left-small:0px;--awb-font-size:30pt;\"><h3 class=\"fusion-title-heading title-heading-left\" style=\"margin:0;font-size:1em;line-height:32px;\"><p><span style=\"font-size: 18pt;\">\u00dat a meghitt otthonhoz:<br \/>\nTippek a k\u00e9nyelmes \u00e9lett\u00e9r\u00e9rt<\/span><\/p><\/h3><\/div><div class=\"fusion-text fusion-text-44\" style=\"--awb-margin-right:20px;--awb-margin-left:20px;\"><p>Melyik visszajelz\u00e9snek \u00f6r\u00fcln\u00e9l jobban? \u201eMilyen st\u00edlusos!\u201d vagy \u201eOlyan otthonos itt!\u201d Ha az ut\u00f3bbi megmelengeti a sz\u00edved, j\u00f3 helyen j\u00e1rsz! Az ADA Mindful Living 3 tippel seg\u00edt, hogy otthonod igaz\u00e1n meghitt legyen.<\/p>\n<p><a href=\"https:\/\/www.ada.at\/wp-content\/uploads\/2025\/02\/2024-08-28_ADA-Mindful-Living_Ut-a-meghitt-otthonhoz.pdf\"><span style=\"font-size: 16px;\"><b><u>Sajt\u00f3k\u00f6zlem\u00e9ny let\u00f6lt\u00e9se<\/u><\/b><\/span><\/a><\/p>\n<\/div><div class=\"fusion-separator\" style=\"align-self: center;margin-left: auto;margin-right: auto;margin-top:0px;margin-bottom:20px;width:100%;max-width:90%;\"><div class=\"fusion-separator-border sep-single sep-solid\" style=\"--awb-height:20px;--awb-amount:20px;--awb-sep-color:var(--awb-color5);border-color:var(--awb-color5);border-top-width:1px;\"><\/div><\/div><div class=\"fusion-text fusion-text-45\" style=\"--awb-text-color:#b0b7b9;--awb-margin-right:20px;--awb-margin-left:20px;\"><p><span style=\"font-size: 12pt;\">2024. augusztus 28.<\/span><\/p>\n<\/div><\/div><\/div><div class=\"fusion-layout-column fusion_builder_column fusion-builder-column-27 fusion_builder_column_1_3 1_3 fusion-flex-column\" style=\"--awb-overflow:hidden;--awb-bg-color:#ffffff;--awb-bg-color-hover:#ffffff;--awb-bg-size:cover;--awb-border-radius:8px 8px 8px 8px;--awb-width-large:33.333333333333%;--awb-margin-top-large:0px;--awb-spacing-right-large:5.76%;--awb-margin-bottom-large:20px;--awb-spacing-left-large:5.76%;--awb-width-medium:33.333333333333%;--awb-order-medium:0;--awb-spacing-right-medium:5.76%;--awb-spacing-left-medium:5.76%;--awb-width-small:100%;--awb-order-small:0;--awb-spacing-right-small:1.92%;--awb-spacing-left-small:1.92%;\" data-scroll-devices=\"small-visibility,medium-visibility,large-visibility\"><div class=\"fusion-column-wrapper fusion-column-has-shadow fusion-flex-justify-content-flex-start fusion-content-layout-column\"><div class=\"fusion-image-element \" style=\"--awb-caption-title-font-family:var(--h2_typography-font-family);--awb-caption-title-font-weight:var(--h2_typography-font-weight);--awb-caption-title-font-style:var(--h2_typography-font-style);--awb-caption-title-size:var(--h2_typography-font-size);--awb-caption-title-transform:var(--h2_typography-text-transform);--awb-caption-title-line-height:var(--h2_typography-line-height);--awb-caption-title-letter-spacing:var(--h2_typography-letter-spacing);--awb-filter:opacity(100%);--awb-filter-transition:filter 0.3s ease;--awb-filter-hover:opacity(70%);\"><span class=\" fusion-imageframe imageframe-none imageframe-23 hover-type-none\"><img decoding=\"async\" width=\"800\" height=\"600\" title=\"INA\" src=\"https:\/\/www.ada.at\/wp-content\/uploads\/2025\/02\/INA.png\" alt class=\"img-responsive wp-image-20830\"\/><\/span><\/div><div class=\"fusion-title title fusion-title-25 fusion-sep-none fusion-title-text fusion-title-size-three\" style=\"--awb-margin-right:20px;--awb-margin-left:20px;--awb-margin-top-small:10px;--awb-margin-right-small:0px;--awb-margin-bottom-small:10px;--awb-margin-left-small:0px;--awb-font-size:30pt;\"><h3 class=\"fusion-title-heading title-heading-left\" style=\"margin:0;font-size:1em;line-height:32px;\"><span style=\"font-size: 18pt;\">Az otthon lelke \u2013 az \u00e9tkez\u0151<\/span><\/h3><\/div><div class=\"fusion-text fusion-text-46\" style=\"--awb-margin-right:20px;--awb-margin-left:20px;\"><p>Eleg\u00e1ns, k\u00e9nyelmes, h\u00edvogat\u00f3 \u2013 az \u00e9tkez\u0151 az otthon k\u00f6zpontja, ahol \u00e9tkez\u00fcnk, \u00fcnnepl\u00fcnk \u00e9s besz\u00e9lget\u00fcnk. Az ADA Mindful Living 6 tippel seg\u00edt a t\u00f6k\u00e9letes \u00e9tkez\u0151 kialak\u00edt\u00e1s\u00e1ban.<\/p>\n<p><a href=\"https:\/\/www.ada.at\/wp-content\/uploads\/2025\/02\/2024-08-01_ADA-Mindful-Living_Az-otthon-lelke-az-etkezo.pdf\"><span style=\"font-size: 16px;\"><b><u>Sajt\u00f3k\u00f6zlem\u00e9ny let\u00f6lt\u00e9se<\/u><\/b><\/span><\/a><\/p>\n<\/div><div class=\"fusion-separator\" style=\"align-self: center;margin-left: auto;margin-right: auto;margin-top:0px;margin-bottom:20px;width:100%;max-width:90%;\"><div class=\"fusion-separator-border sep-single sep-solid\" style=\"--awb-height:20px;--awb-amount:20px;--awb-sep-color:var(--awb-color5);border-color:var(--awb-color5);border-top-width:1px;\"><\/div><\/div><div class=\"fusion-text fusion-text-47\" style=\"--awb-text-color:#b0b7b9;--awb-margin-right:20px;--awb-margin-left:20px;\"><p><span style=\"font-size: 12pt;\">2024. augusztus 01.<\/span><\/p>\n<\/div><\/div><\/div><div class=\"fusion-layout-column fusion_builder_column fusion-builder-column-28 fusion_builder_column_1_3 1_3 fusion-flex-column\" style=\"--awb-overflow:hidden;--awb-bg-color:#ffffff;--awb-bg-color-hover:#ffffff;--awb-bg-size:cover;--awb-border-radius:8px 8px 8px 8px;--awb-width-large:33.333333333333%;--awb-margin-top-large:0px;--awb-spacing-right-large:5.76%;--awb-margin-bottom-large:20px;--awb-spacing-left-large:5.76%;--awb-width-medium:33.333333333333%;--awb-order-medium:0;--awb-spacing-right-medium:5.76%;--awb-spacing-left-medium:5.76%;--awb-width-small:100%;--awb-order-small:0;--awb-spacing-right-small:1.92%;--awb-spacing-left-small:1.92%;\" data-scroll-devices=\"small-visibility,medium-visibility,large-visibility\"><div class=\"fusion-column-wrapper fusion-column-has-shadow fusion-flex-justify-content-flex-start fusion-content-layout-column\"><div class=\"fusion-image-element \" style=\"--awb-caption-title-font-family:var(--h2_typography-font-family);--awb-caption-title-font-weight:var(--h2_typography-font-weight);--awb-caption-title-font-style:var(--h2_typography-font-style);--awb-caption-title-size:var(--h2_typography-font-size);--awb-caption-title-transform:var(--h2_typography-text-transform);--awb-caption-title-line-height:var(--h2_typography-line-height);--awb-caption-title-letter-spacing:var(--h2_typography-letter-spacing);--awb-filter:opacity(100%);--awb-filter-transition:filter 0.3s ease;--awb-filter-hover:opacity(70%);\"><span class=\" fusion-imageframe imageframe-none imageframe-24 hover-type-none\"><img decoding=\"async\" width=\"800\" height=\"600\" title=\"Alika\" src=\"https:\/\/www.ada.at\/wp-content\/uploads\/2025\/02\/Alika.png\" alt class=\"img-responsive wp-image-20804\"\/><\/span><\/div><div class=\"fusion-title title fusion-title-26 fusion-sep-none fusion-title-text fusion-title-size-three\" style=\"--awb-margin-right:20px;--awb-margin-left:20px;--awb-margin-top-small:10px;--awb-margin-right-small:0px;--awb-margin-bottom-small:10px;--awb-margin-left-small:0px;--awb-font-size:30pt;\"><h3 class=\"fusion-title-heading title-heading-left\" style=\"margin:0;font-size:1em;line-height:32px;\"><span style=\"font-size: 18pt;\">Mikor van itt az ideje egy \u00faj kanap\u00e9nak?<\/span><\/h3><\/div><div class=\"fusion-text fusion-text-48\" style=\"--awb-margin-right:20px;--awb-margin-left:20px;\"><p>A kanap\u00e9 a szabadid\u0151 k\u00f6zponti eleme, ahol pihen\u00fcnk, vend\u00e9geket fogadunk, \u00e9s a gyerekek j\u00e1tszanak. Nem csoda, hogy id\u0151vel nyikorogni, megereszkedni kezd \u2013 de mikor kopik el igaz\u00e1n, \u00e9s hogyan \u00f3vhatjuk meg?<\/p>\n<p><a href=\"https:\/\/www.ada.at\/wp-content\/uploads\/2025\/02\/2024-07-11_ADA-Mindful-Living_Mikor-van-itt-az-ideje-egy-uj-kanapenak.pdf\"><span style=\"font-size: 16px;\"><b><u>Sajt\u00f3k\u00f6zlem\u00e9ny let\u00f6lt\u00e9se<\/u><\/b><\/span><\/a><\/p>\n<\/div><div class=\"fusion-separator\" style=\"align-self: center;margin-left: auto;margin-right: auto;margin-top:0px;margin-bottom:20px;width:100%;max-width:90%;\"><div class=\"fusion-separator-border sep-single sep-solid\" style=\"--awb-height:20px;--awb-amount:20px;--awb-sep-color:var(--awb-color5);border-color:var(--awb-color5);border-top-width:1px;\"><\/div><\/div><div class=\"fusion-text fusion-text-49\" style=\"--awb-text-color:#b0b7b9;--awb-margin-right:20px;--awb-margin-left:20px;\"><p><span style=\"font-size: 12pt;\">2024. j\u00falius 11.<\/span><\/p>\n<\/div><\/div><\/div><div class=\"fusion-layout-column fusion_builder_column fusion-builder-column-29 fusion_builder_column_1_3 1_3 fusion-flex-column\" style=\"--awb-overflow:hidden;--awb-bg-color:#ffffff;--awb-bg-color-hover:#ffffff;--awb-bg-size:cover;--awb-border-radius:8px 8px 8px 8px;--awb-width-large:33.333333333333%;--awb-margin-top-large:0px;--awb-spacing-right-large:5.76%;--awb-margin-bottom-large:20px;--awb-spacing-left-large:5.76%;--awb-width-medium:33.333333333333%;--awb-order-medium:0;--awb-spacing-right-medium:5.76%;--awb-spacing-left-medium:5.76%;--awb-width-small:100%;--awb-order-small:0;--awb-spacing-right-small:1.92%;--awb-spacing-left-small:1.92%;\" data-scroll-devices=\"small-visibility,medium-visibility,large-visibility\"><div class=\"fusion-column-wrapper fusion-column-has-shadow fusion-flex-justify-content-flex-start fusion-content-layout-column\"><div class=\"fusion-image-element \" style=\"--awb-caption-title-font-family:var(--h2_typography-font-family);--awb-caption-title-font-weight:var(--h2_typography-font-weight);--awb-caption-title-font-style:var(--h2_typography-font-style);--awb-caption-title-size:var(--h2_typography-font-size);--awb-caption-title-transform:var(--h2_typography-text-transform);--awb-caption-title-line-height:var(--h2_typography-line-height);--awb-caption-title-letter-spacing:var(--h2_typography-letter-spacing);--awb-filter:opacity(100%);--awb-filter-transition:filter 0.3s ease;--awb-filter-hover:opacity(70%);\"><span class=\" fusion-imageframe imageframe-none imageframe-25 hover-type-none\"><img decoding=\"async\" width=\"800\" height=\"600\" alt=\"Recycelbares Boxspringbett AMOENA von ADA Mindful Living im dekorativen Schlafzimmer\" title=\"2xl-Amoena_800x600px-HU_01\" src=\"https:\/\/www.ada.at\/wp-content\/uploads\/2025\/02\/2xl-Amoena_800x600px-HU_01.png\" class=\"img-responsive wp-image-20875\"\/><\/span><\/div><div class=\"fusion-title title fusion-title-27 fusion-sep-none fusion-title-text fusion-title-size-three\" style=\"--awb-margin-right:20px;--awb-margin-left:20px;--awb-margin-top-small:10px;--awb-margin-right-small:0px;--awb-margin-bottom-small:10px;--awb-margin-left-small:0px;--awb-font-size:30pt;\"><h3 class=\"fusion-title-heading title-heading-left\" style=\"margin:0;font-size:1em;line-height:32px;\"><p><span style=\"font-size: 18pt;\">\u00c9let kis helyen:<\/span><br \/>\n<span style=\"font-size: 18pt;\">\u00d6t zseni\u00e1lis tr\u00fckk, hogy lak\u00e1sod nagyobbnak t\u0171nj\u00f6n<\/span><\/p><\/h3><\/div><div class=\"fusion-text fusion-text-50\" style=\"--awb-margin-right:20px;--awb-margin-left:20px;\"><p><span style=\"font-size: 12pt;\">Kicsi, sz\u0171k \u00e9s zs\u00fafolt a lak\u00f3t\u00e9r? Megfelel\u0151 sz\u00ednekkel \u00e9s b\u00fatorokkal k\u00f6nnyen t\u00e1gasabb\u00e1 tehet\u0151! Az ADA \u00f6t tippje seg\u00edt ebben: nagym\u00e9ret\u0171 b\u00fatorok, harmonikus sz\u00ednek, rejtett t\u00e1rol\u00f3k \u00e9s k\u00f6zvetett f\u00e9nyforr\u00e1sok haszn\u00e1lata.<\/span><\/p>\n<p><span style=\"font-size: 16px;\"><b><u><a href=\"https:\/\/www.ada.at\/wp-content\/uploads\/2025\/02\/2024-05-29_ADA-Mindful-Living_Elet-kis-helyen.pdf\" target=\"_blank\" rel=\"noopener noreferrer\">Sajt\u00f3k\u00f6zlem\u00e9ny let\u00f6lt\u00e9se<\/a><\/u><\/b><\/span><\/p>\n<\/div><div class=\"fusion-separator\" style=\"align-self: center;margin-left: auto;margin-right: auto;margin-top:0px;margin-bottom:20px;width:100%;max-width:90%;\"><div class=\"fusion-separator-border sep-single sep-solid\" style=\"--awb-height:20px;--awb-amount:20px;--awb-sep-color:var(--awb-color5);border-color:var(--awb-color5);border-top-width:1px;\"><\/div><\/div><div class=\"fusion-text fusion-text-51\" style=\"--awb-text-color:#b0b7b9;--awb-margin-right:20px;--awb-margin-left:20px;\"><p><span style=\"font-size: 12pt;\">2024. m\u00e1jus 29.<\/span><\/p>\n<\/div><\/div><\/div><div class=\"fusion-layout-column fusion_builder_column fusion-builder-column-30 fusion_builder_column_1_3 1_3 fusion-flex-column\" style=\"--awb-overflow:hidden;--awb-bg-color:#ffffff;--awb-bg-color-hover:#ffffff;--awb-bg-size:cover;--awb-border-radius:8px 8px 8px 8px;--awb-width-large:33.333333333333%;--awb-margin-top-large:0px;--awb-spacing-right-large:5.76%;--awb-margin-bottom-large:20px;--awb-spacing-left-large:5.76%;--awb-width-medium:33.333333333333%;--awb-order-medium:0;--awb-spacing-right-medium:5.76%;--awb-spacing-left-medium:5.76%;--awb-width-small:100%;--awb-order-small:0;--awb-spacing-right-small:1.92%;--awb-spacing-left-small:1.92%;\" data-scroll-devices=\"small-visibility,medium-visibility,large-visibility\"><div class=\"fusion-column-wrapper fusion-column-has-shadow fusion-flex-justify-content-flex-start fusion-content-layout-column\"><div class=\"fusion-image-element \" style=\"--awb-caption-title-font-family:var(--h2_typography-font-family);--awb-caption-title-font-weight:var(--h2_typography-font-weight);--awb-caption-title-font-style:var(--h2_typography-font-style);--awb-caption-title-size:var(--h2_typography-font-size);--awb-caption-title-transform:var(--h2_typography-text-transform);--awb-caption-title-line-height:var(--h2_typography-line-height);--awb-caption-title-letter-spacing:var(--h2_typography-letter-spacing);--awb-filter:opacity(100%);--awb-filter-transition:filter 0.3s ease;--awb-filter-hover:opacity(70%);\"><span class=\" fusion-imageframe imageframe-none imageframe-26 hover-type-none\"><img decoding=\"async\" width=\"800\" height=\"600\" alt=\"Sofa SALVIA in blauem Leder von ADA M\u00f6bel\" title=\"2xl-SALVIA_800x600px-HU\" src=\"https:\/\/www.ada.at\/wp-content\/uploads\/2025\/02\/2xl-SALVIA_800x600px-HU.png\" class=\"img-responsive wp-image-20763\"\/><\/span><\/div><div class=\"fusion-title title fusion-title-28 fusion-sep-none fusion-title-text fusion-title-size-three\" style=\"--awb-margin-right:20px;--awb-margin-left:20px;--awb-margin-top-small:10px;--awb-margin-right-small:0px;--awb-margin-bottom-small:10px;--awb-margin-left-small:0px;--awb-font-size:30pt;\"><h3 class=\"fusion-title-heading title-heading-left\" style=\"margin:0;font-size:1em;line-height:32px;\"><span style=\"font-size: 18pt;\">Staycation \u2013 A t\u00f6k\u00e9letes otthoni vak\u00e1ci\u00f3 titka<\/span><\/h3><\/div><div class=\"fusion-text fusion-text-52\" style=\"--awb-margin-right:20px;--awb-margin-left:20px;\"><p><span style=\"font-size: 12pt;\">Az \u00e9lm\u00e9nyek \u00e9s tev\u00e9kenys\u00e9gek hossz\u00fa t\u00e1von gazdag\u00edtj\u00e1k \u00e9let\u00fcnket, de a pihen\u00e9s m\u00e1s k\u00e9rd\u00e9s! Egyszer\u0171 megold\u00e1s: Staycation, azaz otthoni nyaral\u00e1s. Nem kell minden sz\u00fcnetet utaz\u00e1ssal t\u00f6lteni \u2013 n\u00e9ha el\u00e9g az erk\u00e9ly\u00fcnk\u00f6n pihenni. Az ADA Mindful Living n\u00e9gy tippet ad a sikeres otthoni nyaral\u00e1shoz. Az els\u0151: minden a megfelel\u0151 hozz\u00e1\u00e1ll\u00e1ssal kezd\u0151dik!<\/span><\/p>\n<p><span style=\"font-size: 16px;\"><b><u><a href=\"https:\/\/www.ada.at\/wp-content\/uploads\/2025\/02\/2024-05-08_ADA-Mindful-Living_Otthoni-vakacio.pdf\" target=\"_blank\" rel=\"noopener noreferrer\">Sajt\u00f3k\u00f6zlem\u00e9ny let\u00f6lt\u00e9se<\/a><\/u><\/b><\/span><\/p>\n<\/div><div class=\"fusion-separator\" style=\"align-self: center;margin-left: auto;margin-right: auto;margin-top:0px;margin-bottom:20px;width:100%;max-width:90%;\"><div class=\"fusion-separator-border sep-single sep-solid\" style=\"--awb-height:20px;--awb-amount:20px;--awb-sep-color:var(--awb-color5);border-color:var(--awb-color5);border-top-width:1px;\"><\/div><\/div><div class=\"fusion-text fusion-text-53\" style=\"--awb-text-color:#b0b7b9;--awb-margin-right:20px;--awb-margin-left:20px;\"><p><span style=\"font-size: 12pt;\">2024. m\u00e1jus 8.<\/span><\/p>\n<\/div><\/div><\/div><div class=\"fusion-layout-column fusion_builder_column fusion-builder-column-31 fusion_builder_column_1_3 1_3 fusion-flex-column\" style=\"--awb-overflow:hidden;--awb-bg-color:#ffffff;--awb-bg-color-hover:#ffffff;--awb-bg-size:cover;--awb-border-radius:8px 8px 8px 8px;--awb-width-large:33.333333333333%;--awb-margin-top-large:0px;--awb-spacing-right-large:5.76%;--awb-margin-bottom-large:20px;--awb-spacing-left-large:5.76%;--awb-width-medium:33.333333333333%;--awb-order-medium:0;--awb-spacing-right-medium:5.76%;--awb-spacing-left-medium:5.76%;--awb-width-small:100%;--awb-order-small:0;--awb-spacing-right-small:1.92%;--awb-spacing-left-small:1.92%;\" data-scroll-devices=\"small-visibility,medium-visibility,large-visibility\"><div class=\"fusion-column-wrapper fusion-column-has-shadow fusion-flex-justify-content-flex-start fusion-content-layout-column\"><div class=\"fusion-image-element \" style=\"--awb-caption-title-font-family:var(--h2_typography-font-family);--awb-caption-title-font-weight:var(--h2_typography-font-weight);--awb-caption-title-font-style:var(--h2_typography-font-style);--awb-caption-title-size:var(--h2_typography-font-size);--awb-caption-title-transform:var(--h2_typography-text-transform);--awb-caption-title-line-height:var(--h2_typography-line-height);--awb-caption-title-letter-spacing:var(--h2_typography-letter-spacing);--awb-filter:opacity(100%);--awb-filter-transition:filter 0.3s ease;--awb-filter-hover:opacity(70%);\"><span class=\" fusion-imageframe imageframe-none imageframe-27 hover-type-none\"><img decoding=\"async\" width=\"800\" height=\"600\" alt=\"Sofa CALHA in beige von ADA M\u00f6bel\" title=\"xl-CALTHA_800x600px-HU\" src=\"https:\/\/www.ada.at\/wp-content\/uploads\/2025\/02\/xl-CALTHA_800x600px-HU.png\" class=\"img-responsive wp-image-20749\"\/><\/span><\/div><div class=\"fusion-title title fusion-title-29 fusion-sep-none fusion-title-text fusion-title-size-three\" style=\"--awb-margin-right:20px;--awb-margin-left:20px;--awb-margin-top-small:10px;--awb-margin-right-small:0px;--awb-margin-bottom-small:10px;--awb-margin-left-small:0px;--awb-font-size:30pt;\"><h3 class=\"fusion-title-heading title-heading-left\" style=\"margin:0;font-size:1em;line-height:32px;\"><p><span style=\"font-size: 18pt;\">F\u00e9ny der\u00fclt a titokra: <\/span><br \/>\n<span style=\"font-size: 18pt;\">\u00cdgy befoly\u00e1solja otthonunk a ment\u00e1lis eg\u00e9szs\u00e9g\u00fcnket<\/span><\/p><\/h3><\/div><div class=\"fusion-text fusion-text-54\" style=\"--awb-margin-right:20px;--awb-margin-left:20px;\"><p><span style=\"font-size: 12pt;\">Tavasszal hossz\u00fa, meleg, naps\u00fct\u00e9ses napokra v\u00e1gyunk \u00e9s \u00f6r\u00fcl\u00fcnk, hogy magunk m\u00f6g\u00f6tt hagyhatjuk a t\u00e9li s\u00f6t\u00e9ts\u00e9get. Ha m\u00e9g nem vagyunk tavaszias hangulatban, akkor pozit\u00edv gondolkod\u00e1sm\u00f3ddal er\u0151s\u00edthetj\u00fck a ment\u00e1lis eg\u00e9szs\u00e9g\u00fcnket. Az ADA Mindful Living szak\u00e9rt\u0151i n\u00e9gy praktikus life hack seg\u00edts\u00e9g\u00e9vel mutatj\u00e1k be, hogyan seg\u00edthet az otthonunk a negat\u00edv \u00e9rz\u00e9sekt\u0151l megszabadulni \u00e9s a boldogs\u00e1gra \u00f6sszpontos\u00edtani.<\/span><\/p>\n<p><span style=\"font-size: 16px;\"><b><u><a href=\"https:\/\/www.ada.at\/wp-content\/uploads\/2025\/02\/2024-04-18_ADA-Mindful-Living_Mentalis-egeszseg.pdf\" target=\"_blank\" rel=\"noopener noreferrer\">Sajt\u00f3k\u00f6zlem\u00e9ny let\u00f6lt\u00e9se<\/a><\/u><\/b><\/span><\/p>\n<\/div><div class=\"fusion-separator\" style=\"align-self: center;margin-left: auto;margin-right: auto;margin-top:0px;margin-bottom:20px;width:100%;max-width:90%;\"><div class=\"fusion-separator-border sep-single sep-solid\" style=\"--awb-height:20px;--awb-amount:20px;--awb-sep-color:var(--awb-color5);border-color:var(--awb-color5);border-top-width:1px;\"><\/div><\/div><div class=\"fusion-text fusion-text-55\" style=\"--awb-text-color:#b0b7b9;--awb-margin-right:20px;--awb-margin-left:20px;\"><p><span style=\"font-size: 12pt;\">2024. \u00e1prilis 18.<\/span><\/p>\n<\/div><\/div><\/div><div class=\"fusion-layout-column fusion_builder_column fusion-builder-column-32 fusion_builder_column_1_3 1_3 fusion-flex-column\" style=\"--awb-overflow:hidden;--awb-bg-color:#ffffff;--awb-bg-color-hover:#ffffff;--awb-bg-size:cover;--awb-border-radius:8px 8px 8px 8px;--awb-width-large:33.333333333333%;--awb-margin-top-large:0px;--awb-spacing-right-large:5.76%;--awb-margin-bottom-large:20px;--awb-spacing-left-large:5.76%;--awb-width-medium:33.333333333333%;--awb-order-medium:0;--awb-spacing-right-medium:5.76%;--awb-spacing-left-medium:5.76%;--awb-width-small:100%;--awb-order-small:0;--awb-spacing-right-small:1.92%;--awb-spacing-left-small:1.92%;\" data-scroll-devices=\"small-visibility,medium-visibility,large-visibility\"><div class=\"fusion-column-wrapper fusion-column-has-shadow fusion-flex-justify-content-flex-start fusion-content-layout-column\"><div class=\"fusion-image-element \" style=\"--awb-caption-title-font-family:var(--h2_typography-font-family);--awb-caption-title-font-weight:var(--h2_typography-font-weight);--awb-caption-title-font-style:var(--h2_typography-font-style);--awb-caption-title-size:var(--h2_typography-font-size);--awb-caption-title-transform:var(--h2_typography-text-transform);--awb-caption-title-line-height:var(--h2_typography-line-height);--awb-caption-title-letter-spacing:var(--h2_typography-letter-spacing);--awb-filter:opacity(100%);--awb-filter-transition:filter 0.3s ease;--awb-filter-hover:opacity(70%);\"><span class=\" fusion-imageframe imageframe-none imageframe-28 hover-type-none\"><img decoding=\"async\" width=\"800\" height=\"600\" alt=\"Boxspringbett beige NIRINA von ADA M\u00f6bel\" title=\"2xl-NIRINA_HU_800x600px\" src=\"https:\/\/www.ada.at\/wp-content\/uploads\/2025\/02\/2xl-NIRINA_HU_800x600px.png\" class=\"img-responsive wp-image-20324\"\/><\/span><\/div><div class=\"fusion-title title fusion-title-30 fusion-sep-none fusion-title-text fusion-title-size-three\" style=\"--awb-margin-right:20px;--awb-margin-left:20px;--awb-margin-top-small:10px;--awb-margin-right-small:0px;--awb-margin-bottom-small:10px;--awb-margin-left-small:0px;--awb-font-size:30pt;\"><h3 class=\"fusion-title-heading title-heading-left\" style=\"margin:0;font-size:1em;line-height:32px;\"><span style=\"font-size: 18pt;\">A boh\u00e9m \u00e9let\u00e9rz\u00e9s megteremt\u00e9se otthonunkban<\/span><\/h3><\/div><div class=\"fusion-text fusion-text-56\" style=\"--awb-margin-right:20px;--awb-margin-left:20px;\"><p>Amikor a boh\u00e9m st\u00edlus uralja otthonunkat, lak\u00e1sunk egzotikus szigetk\u00e9nt t\u00fcnd\u00f6k\u00f6lhet. Ez a nyaral\u00e1s hangulat\u00e1t id\u00e9z\u0151 \u00e9rz\u00e9s egyedi darabokkal, ahol a minimalista diz\u00e1jn tal\u00e1lkozik a rattan anyaggal. A k\u00f6nnyed dekor\u00e1ci\u00f3k k\u00fcl\u00f6nleges jelleget k\u00f6lcs\u00f6n\u00f6znek az enteri\u0151rnek. Hogyan val\u00f3s\u00edthat\u00f3 meg ez a trend otthon? Az ADA most \u00f6t tippet ad erre!<\/p>\n<p><span style=\"font-size: 16px;\"><b><u><a href=\"https:\/\/www.ada.at\/wp-content\/uploads\/2025\/02\/2024-04-02_ADA-Mindful-Living_Bohem-eleterzes-otthonunkban.pdf\" target=\"_blank\" rel=\"noopener noreferrer\">Sajt\u00f3k\u00f6zlem\u00e9ny let\u00f6lt\u00e9se<\/a><\/u><\/b><\/span><\/p>\n<\/div><div class=\"fusion-separator\" style=\"align-self: center;margin-left: auto;margin-right: auto;margin-top:0px;margin-bottom:20px;width:100%;max-width:90%;\"><div class=\"fusion-separator-border sep-single sep-solid\" style=\"--awb-height:20px;--awb-amount:20px;--awb-sep-color:var(--awb-color5);border-color:var(--awb-color5);border-top-width:1px;\"><\/div><\/div><div class=\"fusion-text fusion-text-57\" style=\"--awb-text-color:#b0b7b9;--awb-margin-right:20px;--awb-margin-left:20px;\"><p><span style=\"font-size: 12pt;\">2024. \u00e1prilis 2.<\/span><\/p>\n<\/div><\/div><\/div><div class=\"fusion-layout-column fusion_builder_column fusion-builder-column-33 fusion_builder_column_1_3 1_3 fusion-flex-column\" style=\"--awb-overflow:hidden;--awb-bg-color:#ffffff;--awb-bg-color-hover:#ffffff;--awb-bg-size:cover;--awb-border-radius:8px 8px 8px 8px;--awb-width-large:33.333333333333%;--awb-margin-top-large:0px;--awb-spacing-right-large:5.76%;--awb-margin-bottom-large:20px;--awb-spacing-left-large:5.76%;--awb-width-medium:33.333333333333%;--awb-order-medium:0;--awb-spacing-right-medium:5.76%;--awb-spacing-left-medium:5.76%;--awb-width-small:100%;--awb-order-small:0;--awb-spacing-right-small:1.92%;--awb-spacing-left-small:1.92%;\" data-scroll-devices=\"small-visibility,medium-visibility,large-visibility\"><div class=\"fusion-column-wrapper fusion-column-has-shadow fusion-flex-justify-content-flex-start fusion-content-layout-column\"><div class=\"fusion-image-element \" style=\"--awb-caption-title-font-family:var(--h2_typography-font-family);--awb-caption-title-font-weight:var(--h2_typography-font-weight);--awb-caption-title-font-style:var(--h2_typography-font-style);--awb-caption-title-size:var(--h2_typography-font-size);--awb-caption-title-transform:var(--h2_typography-text-transform);--awb-caption-title-line-height:var(--h2_typography-line-height);--awb-caption-title-letter-spacing:var(--h2_typography-letter-spacing);--awb-filter:opacity(100%);--awb-filter-transition:filter 0.3s ease;--awb-filter-hover:opacity(70%);\"><span class=\" fusion-imageframe imageframe-none imageframe-29 hover-type-none\"><img decoding=\"async\" width=\"800\" height=\"600\" alt=\"Holzbett Demadra in Wildeiche von ADA M\u00f6bel\" title=\"3xl-DEMADRA_HU_800x600px\" src=\"https:\/\/www.ada.at\/wp-content\/uploads\/2025\/02\/3xl-DEMADRA_HU_800x600px.png\" class=\"img-responsive wp-image-20320\"\/><\/span><\/div><div class=\"fusion-title title fusion-title-31 fusion-sep-none fusion-title-text fusion-title-size-three\" style=\"--awb-margin-right:20px;--awb-margin-left:20px;--awb-margin-top-small:10px;--awb-margin-right-small:0px;--awb-margin-bottom-small:10px;--awb-margin-left-small:0px;--awb-font-size:30pt;\"><h3 class=\"fusion-title-heading title-heading-left\" style=\"margin:0;font-size:1em;line-height:32px;\"><span style=\"font-size: 18pt;\">Trendi f\u00f6ldsz\u00ednek: Var\u00e1zsolj k\u00e9nyelmet otthonodba<\/span><\/h3><\/div><div class=\"fusion-text fusion-text-58\" style=\"--awb-margin-right:20px;--awb-margin-left:20px;\"><p>Ha a k\u00e9nyelmes \u00e9letr\u0151l van sz\u00f3, a kulcs a trendi f\u00f6ldsz\u00ednek haszn\u00e1lata. B\u00e1rmelyik helyis\u00e9get elvar\u00e1zsolj\u00e1k, extra adag k\u00e9nyelmet biztos\u00edtanak \u00e9s azonnal hygge-\u00e9rz\u00e9st keltenek. Egyszerre teszik lehet\u0151v\u00e9 a lelassul\u00e1st, ny\u00fajtanak melegs\u00e9get, nyugalmat, pihen\u00e9st \u00e9s azonnali biztons\u00e1g\u00e9rzetet. Az ADA most 4 tippet ad, hogyan integr\u00e1lhatjuk a f\u00f6ldsz\u00edneket az otthonunkba.<\/p>\n<p><span style=\"font-size: 16px;\"><b><u><a href=\"https:\/\/www.ada.at\/wp-content\/uploads\/2025\/02\/2024-03-11_ADA-Mindful-Living_Trendi-foeldszinek.pdf\" target=\"_blank\" rel=\"noopener noreferrer\">Sajt\u00f3k\u00f6zlem\u00e9ny let\u00f6lt\u00e9se<\/a><\/u><\/b><\/span><\/p>\n<\/div><div class=\"fusion-separator\" style=\"align-self: center;margin-left: auto;margin-right: auto;margin-top:0px;margin-bottom:20px;width:100%;max-width:90%;\"><div class=\"fusion-separator-border sep-single sep-solid\" style=\"--awb-height:20px;--awb-amount:20px;--awb-sep-color:var(--awb-color5);border-color:var(--awb-color5);border-top-width:1px;\"><\/div><\/div><div class=\"fusion-text fusion-text-59\" style=\"--awb-text-color:#b0b7b9;--awb-margin-right:20px;--awb-margin-left:20px;\"><p><span style=\"font-size: 12pt;\">2024. m\u00e1rcius 11.<\/span><\/p>\n<\/div><\/div><\/div><div class=\"fusion-layout-column fusion_builder_column fusion-builder-column-34 fusion_builder_column_1_3 1_3 fusion-flex-column\" style=\"--awb-overflow:hidden;--awb-bg-color:#ffffff;--awb-bg-color-hover:#ffffff;--awb-bg-size:cover;--awb-border-radius:8px 8px 8px 8px;--awb-width-large:33.333333333333%;--awb-margin-top-large:0px;--awb-spacing-right-large:5.76%;--awb-margin-bottom-large:20px;--awb-spacing-left-large:5.76%;--awb-width-medium:33.333333333333%;--awb-order-medium:0;--awb-spacing-right-medium:5.76%;--awb-spacing-left-medium:5.76%;--awb-width-small:100%;--awb-order-small:0;--awb-spacing-right-small:1.92%;--awb-spacing-left-small:1.92%;\" data-scroll-devices=\"small-visibility,medium-visibility,large-visibility\"><div class=\"fusion-column-wrapper fusion-column-has-shadow fusion-flex-justify-content-flex-start fusion-content-layout-column\"><div class=\"fusion-image-element \" style=\"--awb-caption-title-font-family:var(--h2_typography-font-family);--awb-caption-title-font-weight:var(--h2_typography-font-weight);--awb-caption-title-font-style:var(--h2_typography-font-style);--awb-caption-title-size:var(--h2_typography-font-size);--awb-caption-title-transform:var(--h2_typography-text-transform);--awb-caption-title-line-height:var(--h2_typography-line-height);--awb-caption-title-letter-spacing:var(--h2_typography-letter-spacing);--awb-filter:opacity(100%);--awb-filter-transition:filter 0.3s ease;--awb-filter-hover:opacity(70%);\"><span class=\" fusion-imageframe imageframe-none imageframe-30 hover-type-none\"><img decoding=\"async\" width=\"800\" height=\"600\" alt=\"Holzbett Demadra von ADA M\u00f6bel mit lachendem Paar\" title=\"Demadra_HU_800x600px\" src=\"https:\/\/www.ada.at\/wp-content\/uploads\/2025\/02\/Demadra_HU_800x600px.png\" class=\"img-responsive wp-image-20313\"\/><\/span><\/div><div class=\"fusion-title title fusion-title-32 fusion-sep-none fusion-title-text fusion-title-size-three\" style=\"--awb-margin-right:20px;--awb-margin-left:20px;--awb-margin-top-small:10px;--awb-margin-right-small:0px;--awb-margin-bottom-small:10px;--awb-margin-left-small:0px;--awb-font-size:30pt;\"><h3 class=\"fusion-title-heading title-heading-left\" style=\"margin:0;font-size:1em;line-height:32px;\"><span style=\"font-size: 18pt;\">Valentin-nap: \u00cdgy teheted felejthetetlenn\u00e9<\/span><\/h3><\/div><div class=\"fusion-text fusion-text-60\" style=\"--awb-margin-right:20px;--awb-margin-left:20px;\"><p>Febru\u00e1r 14-\u00e9n \u00fcnnepelj\u00fck a szerelmet! Legyen sz\u00f3 els\u0151 randir\u00f3l, hossz\u00fa t\u00e1v\u00fa kapcsolatr\u00f3l, vagy az \u00f6nmagad ir\u00e1nti szeretetr\u0151l, ez a nap mind a szinglik, mind a p\u00e1rok sz\u00e1m\u00e1ra kiv\u00e1l\u00f3 lehet\u0151s\u00e9g a mindfulness gyakorl\u00e1s\u00e1ra. Nincs m\u00e1s dolgod, csup\u00e1n azt tenni, ami val\u00f3ban boldogg\u00e1 tesz. Az ADA pedig k\u00fcl\u00f6nleges \u00f6tletekkel \u00e9s tippekkel j\u00e1rul hozz\u00e1 ehhez az \u00f6r\u00f6mteli nap elt\u00f6lt\u00e9s\u00e9hez.<\/p>\n<p><span style=\"font-size: 16px;\"><b><u><a href=\"https:\/\/www.ada.at\/wp-content\/uploads\/2025\/02\/2024-02-08_ADA-Mindful-Living_Valentin-nap.pdf\" target=\"_blank\" rel=\"noopener noreferrer\">Sajt\u00f3k\u00f6zlem\u00e9ny let\u00f6lt\u00e9se<\/a><\/u><\/b><\/span><\/p>\n<\/div><div class=\"fusion-separator\" style=\"align-self: center;margin-left: auto;margin-right: auto;margin-top:0px;margin-bottom:20px;width:100%;max-width:90%;\"><div class=\"fusion-separator-border sep-single sep-solid\" style=\"--awb-height:20px;--awb-amount:20px;--awb-sep-color:var(--awb-color5);border-color:var(--awb-color5);border-top-width:1px;\"><\/div><\/div><div class=\"fusion-text fusion-text-61\" style=\"--awb-text-color:#b0b7b9;--awb-margin-right:20px;--awb-margin-left:20px;\"><p><span style=\"font-size: 12pt;\">2024. febru\u00e1r 8.<\/span><\/p>\n<\/div><\/div><\/div><div class=\"fusion-layout-column fusion_builder_column fusion-builder-column-35 fusion_builder_column_1_3 1_3 fusion-flex-column\" style=\"--awb-overflow:hidden;--awb-bg-color:#ffffff;--awb-bg-color-hover:#ffffff;--awb-bg-size:cover;--awb-border-radius:8px 8px 8px 8px;--awb-width-large:33.333333333333%;--awb-margin-top-large:0px;--awb-spacing-right-large:5.76%;--awb-margin-bottom-large:20px;--awb-spacing-left-large:5.76%;--awb-width-medium:33.333333333333%;--awb-order-medium:0;--awb-spacing-right-medium:5.76%;--awb-spacing-left-medium:5.76%;--awb-width-small:100%;--awb-order-small:0;--awb-spacing-right-small:1.92%;--awb-spacing-left-small:1.92%;\" data-scroll-devices=\"small-visibility,medium-visibility,large-visibility\"><div class=\"fusion-column-wrapper fusion-column-has-shadow fusion-flex-justify-content-flex-start fusion-content-layout-column\"><div class=\"fusion-image-element \" style=\"--awb-caption-title-font-family:var(--h2_typography-font-family);--awb-caption-title-font-weight:var(--h2_typography-font-weight);--awb-caption-title-font-style:var(--h2_typography-font-style);--awb-caption-title-size:var(--h2_typography-font-size);--awb-caption-title-transform:var(--h2_typography-text-transform);--awb-caption-title-line-height:var(--h2_typography-line-height);--awb-caption-title-letter-spacing:var(--h2_typography-letter-spacing);--awb-filter:opacity(100%);--awb-filter-transition:filter 0.3s ease;--awb-filter-hover:opacity(70%);\"><span class=\" fusion-imageframe imageframe-none imageframe-31 hover-type-none\"><img decoding=\"async\" width=\"800\" height=\"600\" alt=\"beiges L-Sofa NOVARA von ADA M\u00f6bel\" title=\"Novara_HU_800x600px\" src=\"https:\/\/www.ada.at\/wp-content\/uploads\/2025\/02\/Novara_HU_800x600px.png\" class=\"img-responsive wp-image-20309\"\/><\/span><\/div><div class=\"fusion-title title fusion-title-33 fusion-sep-none fusion-title-text fusion-title-size-three\" style=\"--awb-margin-right:20px;--awb-margin-left:20px;--awb-margin-top-small:10px;--awb-margin-right-small:0px;--awb-margin-bottom-small:10px;--awb-margin-left-small:0px;--awb-font-size:30pt;\"><h3 class=\"fusion-title-heading title-heading-left\" style=\"margin:0;font-size:1em;line-height:32px;\"><span style=\"font-size: 18pt;\">ADA Mindful Living: Tavaszi \u00fajrakezd\u00e9s3 inspir\u00e1l\u00f3 tipp az otthoni \u00e9s ment\u00e1lis megtisztul\u00e1shoz<\/span><\/h3><\/div><div class=\"fusion-text fusion-text-62\" style=\"--awb-margin-right:20px;--awb-margin-left:20px;\"><p>A tavasz a term\u00e9szet meg\u00fajul\u00e1s\u00e1t jelenti \u00e9s benn\u00fcnk is kiv\u00e1ltja az \u00fajrakezd\u00e9s sz\u00fcks\u00e9gess\u00e9g\u00e9t. Az ADA Mindful Living 3 inspir\u00e1l\u00f3 tippet ad arra, hogyan friss\u00edtheted id\u00e9n nemcsak a lak\u00e1st, de ment\u00e1lisan is \u00faj alapokra helyezheted magad.<\/p>\n<p><span style=\"font-size: 16px;\"><b><u><a href=\"https:\/\/www.ada.at\/wp-content\/uploads\/2025\/02\/2024-01-30_ADA-Mindful-Living_Tavaszi-ujrakezdes.pdf\" target=\"_blank\" rel=\"noopener noreferrer\">Sajt\u00f3k\u00f6zlem\u00e9ny let\u00f6lt\u00e9se<\/a><\/u><\/b><\/span><\/p>\n<\/div><div class=\"fusion-separator\" style=\"align-self: center;margin-left: auto;margin-right: auto;margin-top:0px;margin-bottom:20px;width:100%;max-width:90%;\"><div class=\"fusion-separator-border sep-single sep-solid\" style=\"--awb-height:20px;--awb-amount:20px;--awb-sep-color:var(--awb-color5);border-color:var(--awb-color5);border-top-width:1px;\"><\/div><\/div><div class=\"fusion-text fusion-text-63\" style=\"--awb-text-color:#b0b7b9;--awb-margin-right:20px;--awb-margin-left:20px;\"><p><span style=\"font-size: 12pt;\">2024. janu\u00e1r 30.<\/span><\/p>\n<\/div><\/div><\/div><div class=\"fusion-layout-column fusion_builder_column fusion-builder-column-36 fusion_builder_column_1_3 1_3 fusion-flex-column\" style=\"--awb-overflow:hidden;--awb-bg-color:#ffffff;--awb-bg-color-hover:#ffffff;--awb-bg-size:cover;--awb-border-radius:8px 8px 8px 8px;--awb-width-large:33.333333333333%;--awb-margin-top-large:0px;--awb-spacing-right-large:5.76%;--awb-margin-bottom-large:20px;--awb-spacing-left-large:5.76%;--awb-width-medium:33.333333333333%;--awb-order-medium:0;--awb-spacing-right-medium:5.76%;--awb-spacing-left-medium:5.76%;--awb-width-small:100%;--awb-order-small:0;--awb-spacing-right-small:1.92%;--awb-spacing-left-small:1.92%;\" data-scroll-devices=\"small-visibility,medium-visibility,large-visibility\"><div class=\"fusion-column-wrapper fusion-column-has-shadow fusion-flex-justify-content-flex-start fusion-content-layout-column\"><div class=\"fusion-image-element \" style=\"--awb-caption-title-font-family:var(--h2_typography-font-family);--awb-caption-title-font-weight:var(--h2_typography-font-weight);--awb-caption-title-font-style:var(--h2_typography-font-style);--awb-caption-title-size:var(--h2_typography-font-size);--awb-caption-title-transform:var(--h2_typography-text-transform);--awb-caption-title-line-height:var(--h2_typography-line-height);--awb-caption-title-letter-spacing:var(--h2_typography-letter-spacing);--awb-filter:opacity(100%);--awb-filter-transition:filter 0.3s ease;--awb-filter-hover:opacity(70%);\"><span class=\" fusion-imageframe imageframe-none imageframe-32 hover-type-none\"><img decoding=\"async\" width=\"800\" height=\"600\" alt=\"ADA Head of People &amp; Culture \u00fcber Mindful Working bei den ADA M\u00f6belwerken\" title=\"Thomas_Neumann_800x600px\" src=\"https:\/\/www.ada.at\/wp-content\/uploads\/2024\/01\/Thomas_Neumann_800x600px.jpg\" class=\"img-responsive wp-image-12747\"\/><\/span><\/div><div class=\"fusion-title title fusion-title-34 fusion-sep-none fusion-title-text fusion-title-size-three\" style=\"--awb-margin-right:20px;--awb-margin-left:20px;--awb-margin-top-small:10px;--awb-margin-right-small:0px;--awb-margin-bottom-small:10px;--awb-margin-left-small:0px;--awb-font-size:30pt;\"><h3 class=\"fusion-title-heading title-heading-left\" style=\"margin:0;font-size:1em;line-height:32px;\"><span style=\"font-size: 18pt;\">A munka vil\u00e1g\u00e1nak \u00fajragondol\u00e1sa: ADA Mindful Working<\/span><\/h3><\/div><div class=\"fusion-text fusion-text-64\" style=\"--awb-margin-right:20px;--awb-margin-left:20px;\"><p>Thomas Neumann, a Head of People &amp; Culture nyilatkozik egy interj\u00faban a sz\u00edvvel-l\u00e9lekkel \u00e9s innov\u00e1ci\u00f3val v\u00e9gzett tudatos munka koncepci\u00f3j\u00e1r\u00f3l az ADA-n\u00e1l.<\/p>\n<p><span style=\"font-size: 16px;\"><b><u><a href=\"https:\/\/www.ada.at\/wp-content\/uploads\/2024\/01\/2024-01-24-Mindful-Working_Interview_Thomas-Neumann.pdf\" target=\"_blank\" rel=\"noopener noreferrer\">Sajt\u00f3k\u00f6zlem\u00e9ny let\u00f6lt\u00e9se<\/a><\/u><\/b><\/span><\/p>\n<\/div><div class=\"fusion-separator\" style=\"align-self: center;margin-left: auto;margin-right: auto;margin-top:0px;margin-bottom:20px;width:100%;max-width:90%;\"><div class=\"fusion-separator-border sep-single sep-solid\" style=\"--awb-height:20px;--awb-amount:20px;--awb-sep-color:var(--awb-color5);border-color:var(--awb-color5);border-top-width:1px;\"><\/div><\/div><div class=\"fusion-text fusion-text-65\" style=\"--awb-text-color:#b0b7b9;--awb-margin-right:20px;--awb-margin-left:20px;\"><p><span style=\"font-size: 12pt;\">2024. 01. 23-\u00e1n<\/span><\/p>\n<\/div><\/div><\/div><div class=\"fusion-layout-column fusion_builder_column fusion-builder-column-37 fusion_builder_column_1_3 1_3 fusion-flex-column\" style=\"--awb-overflow:hidden;--awb-bg-color:#ffffff;--awb-bg-color-hover:#ffffff;--awb-bg-size:cover;--awb-border-radius:8px 8px 8px 8px;--awb-width-large:33.333333333333%;--awb-margin-top-large:0px;--awb-spacing-right-large:5.76%;--awb-margin-bottom-large:20px;--awb-spacing-left-large:5.76%;--awb-width-medium:33.333333333333%;--awb-order-medium:0;--awb-spacing-right-medium:5.76%;--awb-spacing-left-medium:5.76%;--awb-width-small:100%;--awb-order-small:0;--awb-spacing-right-small:1.92%;--awb-spacing-left-small:1.92%;\" data-scroll-devices=\"small-visibility,medium-visibility,large-visibility\"><div class=\"fusion-column-wrapper fusion-column-has-shadow fusion-flex-justify-content-flex-start fusion-content-layout-column\"><div class=\"fusion-image-element \" style=\"--awb-caption-title-font-family:var(--h2_typography-font-family);--awb-caption-title-font-weight:var(--h2_typography-font-weight);--awb-caption-title-font-style:var(--h2_typography-font-style);--awb-caption-title-size:var(--h2_typography-font-size);--awb-caption-title-transform:var(--h2_typography-text-transform);--awb-caption-title-line-height:var(--h2_typography-line-height);--awb-caption-title-letter-spacing:var(--h2_typography-letter-spacing);--awb-filter:opacity(100%);--awb-filter-transition:filter 0.3s ease;--awb-filter-hover:opacity(70%);\"><span class=\" fusion-imageframe imageframe-none imageframe-33 hover-type-none\"><img decoding=\"async\" width=\"800\" height=\"600\" alt=\"beiges Sofa in strahlender Fr\u00fchlingssonne der ADA M\u00f6belwerke\" title=\"Image_Fruehling_800x600px\" src=\"https:\/\/www.ada.at\/wp-content\/uploads\/2024\/01\/Image_Fruehling_800x600px.png\" class=\"img-responsive wp-image-12750\"\/><\/span><\/div><div class=\"fusion-title title fusion-title-35 fusion-sep-none fusion-title-text fusion-title-size-three\" style=\"--awb-margin-right:20px;--awb-margin-left:20px;--awb-margin-top-small:10px;--awb-margin-right-small:0px;--awb-margin-bottom-small:10px;--awb-margin-left-small:0px;--awb-font-size:30pt;\"><h3 class=\"fusion-title-heading title-heading-left\" style=\"margin:0;font-size:1em;line-height:32px;\"><span style=\"font-size: 18pt;\">Tavaszi (ment\u00e1lis) nagytakar\u00edt\u00e1s: \u00e9rted \u00e9s az otthonod\u00e9rt<\/span><\/h3><\/div><div class=\"fusion-text fusion-text-66\" style=\"--awb-margin-right:20px;--awb-margin-left:20px;\"><p>H\u00e1rom \u00f6tlet, hogy id\u00e9n ne csak a lak\u00e1st takar\u00edtsd ki \u00e9s az ablakokat pucold meg, hanem hogy ment\u00e1lisan is \u00fajra tudd kezdeni.<\/p>\n<p><span style=\"font-size: 16px;\"><b><u><a href=\"https:\/\/www.ada.at\/wp-content\/uploads\/2024\/01\/2024-01-23-Mentaler-Fruehjahrsputz.pdf\" target=\"_blank\" rel=\"noopener noreferrer\">Sajt\u00f3k\u00f6zlem\u00e9ny let\u00f6lt\u00e9se<\/a><\/u><\/b><\/span><\/p>\n<\/div><div class=\"fusion-separator\" style=\"align-self: center;margin-left: auto;margin-right: auto;margin-top:0px;margin-bottom:20px;width:100%;max-width:90%;\"><div class=\"fusion-separator-border sep-single sep-solid\" style=\"--awb-height:20px;--awb-amount:20px;--awb-sep-color:var(--awb-color5);border-color:var(--awb-color5);border-top-width:1px;\"><\/div><\/div><div class=\"fusion-text fusion-text-67\" style=\"--awb-text-color:#b0b7b9;--awb-margin-right:20px;--awb-margin-left:20px;\"><p><span style=\"font-size: 12pt;\">2024. 01. 23-\u00e1n<\/span><\/p>\n<\/div><\/div><\/div><div class=\"fusion-layout-column fusion_builder_column fusion-builder-column-38 fusion_builder_column_1_3 1_3 fusion-flex-column\" style=\"--awb-overflow:hidden;--awb-bg-color:#ffffff;--awb-bg-color-hover:#ffffff;--awb-bg-size:cover;--awb-border-radius:8px 8px 8px 8px;--awb-width-large:33.333333333333%;--awb-margin-top-large:0px;--awb-spacing-right-large:5.76%;--awb-margin-bottom-large:20px;--awb-spacing-left-large:5.76%;--awb-width-medium:33.333333333333%;--awb-order-medium:0;--awb-spacing-right-medium:5.76%;--awb-spacing-left-medium:5.76%;--awb-width-small:100%;--awb-order-small:0;--awb-spacing-right-small:1.92%;--awb-spacing-left-small:1.92%;\" data-scroll-devices=\"small-visibility,medium-visibility,large-visibility\"><div class=\"fusion-column-wrapper fusion-column-has-shadow fusion-flex-justify-content-flex-start fusion-content-layout-column\"><div class=\"fusion-image-element \" style=\"--awb-caption-title-font-family:var(--h2_typography-font-family);--awb-caption-title-font-weight:var(--h2_typography-font-weight);--awb-caption-title-font-style:var(--h2_typography-font-style);--awb-caption-title-size:var(--h2_typography-font-size);--awb-caption-title-transform:var(--h2_typography-text-transform);--awb-caption-title-line-height:var(--h2_typography-line-height);--awb-caption-title-letter-spacing:var(--h2_typography-letter-spacing);--awb-filter:opacity(100%);--awb-filter-transition:filter 0.3s ease;--awb-filter-hover:opacity(70%);\"><span class=\" fusion-imageframe imageframe-none imageframe-34 hover-type-none\"><img decoding=\"async\" width=\"800\" height=\"600\" title=\"ADA_Holzlogo_800x600px\" src=\"https:\/\/www.ada.at\/wp-content\/uploads\/2023\/12\/ADA_Holzlogo_800x600px.jpg\" alt class=\"img-responsive wp-image-12132\"\/><\/span><\/div><div class=\"fusion-title title fusion-title-36 fusion-sep-none fusion-title-text fusion-title-size-three\" style=\"--awb-margin-right:20px;--awb-margin-left:20px;--awb-margin-top-small:10px;--awb-margin-right-small:0px;--awb-margin-bottom-small:10px;--awb-margin-left-small:0px;--awb-font-size:30pt;\"><h3 class=\"fusion-title-heading title-heading-left\" style=\"margin:0;font-size:1em;line-height:32px;\"><span style=\"font-size: 18pt;\">Visszatekint\u00e9s \u00e9s kitekint\u00e9s 2023\/2024<\/span><\/h3><\/div><div class=\"fusion-text fusion-text-68\" style=\"--awb-margin-right:20px;--awb-margin-left:20px;\"><p>A tavalyi \u00e9v egyszerre volt izgalmas \u00e9s k\u00fczdelmes a sz\u00e1munkra. 2023 t\u00f6bb kih\u00edv\u00e1s el\u00e9 is \u00e1ll\u00edtott minket. M\u00e9gis bizakodva tekint\u00fcnk a 2024-es \u00e9vre.<\/p>\n<p><span style=\"font-size: 16px;\"><b><u><a href=\"https:\/\/www.ada.at\/wp-content\/uploads\/2023\/12\/2023-12-14-Rueck_Ausblick.pdf\" target=\"_blank\" rel=\"noopener noreferrer\">Sajt\u00f3k\u00f6zlem\u00e9ny let\u00f6lt\u00e9se<\/a><\/u><\/b><\/span><\/p>\n<\/div><div class=\"fusion-separator\" style=\"align-self: center;margin-left: auto;margin-right: auto;margin-top:0px;margin-bottom:20px;width:100%;max-width:90%;\"><div class=\"fusion-separator-border sep-single sep-solid\" style=\"--awb-height:20px;--awb-amount:20px;--awb-sep-color:var(--awb-color5);border-color:var(--awb-color5);border-top-width:1px;\"><\/div><\/div><div class=\"fusion-text fusion-text-69\" style=\"--awb-text-color:#b0b7b9;--awb-margin-right:20px;--awb-margin-left:20px;\"><p><span style=\"font-size: 12pt;\">2023. 12. 14-\u00e9n<\/span><\/p>\n<\/div><\/div><\/div><div class=\"fusion-layout-column fusion_builder_column fusion-builder-column-39 fusion_builder_column_1_3 1_3 fusion-flex-column\" style=\"--awb-overflow:hidden;--awb-bg-color:#ffffff;--awb-bg-color-hover:#ffffff;--awb-bg-size:cover;--awb-border-radius:8px 8px 8px 8px;--awb-width-large:33.333333333333%;--awb-margin-top-large:0px;--awb-spacing-right-large:5.76%;--awb-margin-bottom-large:20px;--awb-spacing-left-large:5.76%;--awb-width-medium:33.333333333333%;--awb-order-medium:0;--awb-spacing-right-medium:5.76%;--awb-spacing-left-medium:5.76%;--awb-width-small:100%;--awb-order-small:0;--awb-spacing-right-small:1.92%;--awb-spacing-left-small:1.92%;\" data-scroll-devices=\"small-visibility,medium-visibility,large-visibility\"><div class=\"fusion-column-wrapper fusion-column-has-shadow fusion-flex-justify-content-flex-start fusion-content-layout-column\"><div class=\"fusion-image-element \" style=\"--awb-caption-title-font-family:var(--h2_typography-font-family);--awb-caption-title-font-weight:var(--h2_typography-font-weight);--awb-caption-title-font-style:var(--h2_typography-font-style);--awb-caption-title-size:var(--h2_typography-font-size);--awb-caption-title-transform:var(--h2_typography-text-transform);--awb-caption-title-line-height:var(--h2_typography-line-height);--awb-caption-title-letter-spacing:var(--h2_typography-letter-spacing);--awb-filter:opacity(100%);--awb-filter-transition:filter 0.3s ease;--awb-filter-hover:opacity(70%);\"><span class=\" fusion-imageframe imageframe-none imageframe-35 hover-type-none\"><img decoding=\"async\" width=\"800\" height=\"600\" title=\"Verena Stadlhofer_Hoellerbauer_1_800x600px\" src=\"https:\/\/www.ada.at\/wp-content\/uploads\/2023\/12\/Verena-Stadlhofer_Hoellerbauer_1_800x600px.jpg\" alt class=\"img-responsive wp-image-12114\"\/><\/span><\/div><div class=\"fusion-title title fusion-title-37 fusion-sep-none fusion-title-text fusion-title-size-three\" style=\"--awb-margin-right:20px;--awb-margin-left:20px;--awb-margin-top-small:10px;--awb-margin-right-small:0px;--awb-margin-bottom-small:10px;--awb-margin-left-small:0px;--awb-font-size:30pt;\"><h3 class=\"fusion-title-heading title-heading-left\" style=\"margin:0;font-size:1em;line-height:32px;\"><span style=\"font-size: 18pt;\">Verena Stadlhofer megnyerte az orsz\u00e1gos szakmai di\u00e1kversenyt<\/span><\/h3><\/div><div class=\"fusion-text fusion-text-70\" style=\"--awb-margin-right:20px;--awb-margin-left:20px;\"><p>Verena Stadlhofer ADA-ipari tanul\u00f3ja tehets\u00e9g\u00e9vel \u00e9s \u00fcgyess\u00e9g\u00e9vel megnyerte az orsz\u00e1gos di\u00e1kversenyt.<\/p>\n<p><span style=\"font-size: 16px;\"><b><u><a href=\"https:\/\/www.ada.at\/wp-content\/uploads\/2023\/12\/2023-12-06-Verena-Stadlhofer_Bundeswettbewerb.pdf\" target=\"_blank\" rel=\"noopener noreferrer\">Sajt\u00f3k\u00f6zlem\u00e9ny let\u00f6lt\u00e9se<\/a><\/u><\/b><\/span><\/p>\n<\/div><div class=\"fusion-separator\" style=\"align-self: center;margin-left: auto;margin-right: auto;margin-top:0px;margin-bottom:20px;width:100%;max-width:90%;\"><div class=\"fusion-separator-border sep-single sep-solid\" style=\"--awb-height:20px;--awb-amount:20px;--awb-sep-color:var(--awb-color5);border-color:var(--awb-color5);border-top-width:1px;\"><\/div><\/div><div class=\"fusion-text fusion-text-71\" style=\"--awb-text-color:#b0b7b9;--awb-margin-right:20px;--awb-margin-left:20px;\"><p><span style=\"font-size: 12pt;\">2023. 12. 06-\u00e1n<\/span><\/p>\n<\/div><\/div><\/div><div class=\"fusion-layout-column fusion_builder_column fusion-builder-column-40 fusion_builder_column_1_3 1_3 fusion-flex-column\" style=\"--awb-overflow:hidden;--awb-bg-color:#ffffff;--awb-bg-color-hover:#ffffff;--awb-bg-size:cover;--awb-border-radius:8px 8px 8px 8px;--awb-width-large:33.333333333333%;--awb-margin-top-large:0px;--awb-spacing-right-large:5.76%;--awb-margin-bottom-large:20px;--awb-spacing-left-large:5.76%;--awb-width-medium:33.333333333333%;--awb-order-medium:0;--awb-spacing-right-medium:5.76%;--awb-spacing-left-medium:5.76%;--awb-width-small:100%;--awb-order-small:0;--awb-spacing-right-small:1.92%;--awb-spacing-left-small:1.92%;\" data-scroll-devices=\"small-visibility,medium-visibility,large-visibility\"><div class=\"fusion-column-wrapper fusion-column-has-shadow fusion-flex-justify-content-flex-start fusion-content-layout-column\"><div class=\"fusion-image-element \" style=\"--awb-caption-title-font-family:var(--h2_typography-font-family);--awb-caption-title-font-weight:var(--h2_typography-font-weight);--awb-caption-title-font-style:var(--h2_typography-font-style);--awb-caption-title-size:var(--h2_typography-font-size);--awb-caption-title-transform:var(--h2_typography-text-transform);--awb-caption-title-line-height:var(--h2_typography-line-height);--awb-caption-title-letter-spacing:var(--h2_typography-letter-spacing);--awb-filter:opacity(100%);--awb-filter-transition:filter 0.3s ease;--awb-filter-hover:opacity(70%);\"><span class=\" fusion-imageframe imageframe-none imageframe-36 hover-type-none\"><img decoding=\"async\" width=\"800\" height=\"600\" title=\"ADA-KOMMST_800x600px\" src=\"https:\/\/www.ada.at\/wp-content\/uploads\/2023\/11\/ADA-KOMMST_800x600px.jpg\" alt class=\"img-responsive wp-image-11998\"\/><\/span><\/div><div class=\"fusion-title title fusion-title-38 fusion-sep-none fusion-title-text fusion-title-size-three\" style=\"--awb-margin-right:20px;--awb-margin-left:20px;--awb-margin-top-small:10px;--awb-margin-right-small:0px;--awb-margin-bottom-small:10px;--awb-margin-left-small:0px;--awb-font-size:30pt;\"><h3 class=\"fusion-title-heading title-heading-left\" style=\"margin:0;font-size:1em;line-height:32px;\"><span style=\"font-size: 18pt;\">ADA &amp; KOMM.ST a t\u00edz\u00e9ves partners\u00e9g\u00e9t \u00fcnnepli<\/span><\/h3><\/div><div class=\"fusion-text fusion-text-72\" style=\"--awb-margin-right:20px;--awb-margin-left:20px;\"><p>Ha a m\u0171v\u00e9szet tal\u00e1lkozik a k\u00e9nyelemmel, akkor ott k\u00fcl\u00f6nlegess\u00e9g sz\u00fcletik. A KOMM.ST-vel egy\u00fctt a hangs\u00falyt fektet\u00fcnk az \u00fajj\u00e1\u00e9led\u0151 r\u00e9gi\u00f3 kultur\u00e1lis t\u00e1mogat\u00e1s\u00e1ra.<\/p>\n<p><span style=\"font-size: 16px;\"><b><u><a href=\"https:\/\/www.ada.at\/wp-content\/uploads\/2023\/11\/2023-11-23-KOMM.ST-Kooperation.pdf\" target=\"_blank\" rel=\"noopener noreferrer\">Sajt\u00f3k\u00f6zlem\u00e9ny let\u00f6lt\u00e9se<\/a><\/u><\/b><\/span><\/p>\n<\/div><div class=\"fusion-separator\" style=\"align-self: center;margin-left: auto;margin-right: auto;margin-top:0px;margin-bottom:20px;width:100%;max-width:90%;\"><div class=\"fusion-separator-border sep-single sep-solid\" style=\"--awb-height:20px;--awb-amount:20px;--awb-sep-color:var(--awb-color5);border-color:var(--awb-color5);border-top-width:1px;\"><\/div><\/div><div class=\"fusion-text fusion-text-73\" style=\"--awb-text-color:#b0b7b9;--awb-margin-right:20px;--awb-margin-left:20px;\"><p><span style=\"font-size: 12pt;\">2023. 11. 23-\u00e1n<\/span><\/p>\n<\/div><\/div><\/div><div class=\"fusion-layout-column fusion_builder_column fusion-builder-column-41 fusion_builder_column_1_3 1_3 fusion-flex-column\" style=\"--awb-overflow:hidden;--awb-bg-color:#ffffff;--awb-bg-color-hover:#ffffff;--awb-bg-size:cover;--awb-border-radius:8px 8px 8px 8px;--awb-width-large:33.333333333333%;--awb-margin-top-large:0px;--awb-spacing-right-large:5.76%;--awb-margin-bottom-large:20px;--awb-spacing-left-large:5.76%;--awb-width-medium:33.333333333333%;--awb-order-medium:0;--awb-spacing-right-medium:5.76%;--awb-spacing-left-medium:5.76%;--awb-width-small:100%;--awb-order-small:0;--awb-spacing-right-small:1.92%;--awb-spacing-left-small:1.92%;\" data-scroll-devices=\"small-visibility,medium-visibility,large-visibility\"><div class=\"fusion-column-wrapper fusion-column-has-shadow fusion-flex-justify-content-flex-start fusion-content-layout-column\"><div class=\"fusion-image-element \" style=\"--awb-caption-title-font-family:var(--h2_typography-font-family);--awb-caption-title-font-weight:var(--h2_typography-font-weight);--awb-caption-title-font-style:var(--h2_typography-font-style);--awb-caption-title-size:var(--h2_typography-font-size);--awb-caption-title-transform:var(--h2_typography-text-transform);--awb-caption-title-line-height:var(--h2_typography-line-height);--awb-caption-title-letter-spacing:var(--h2_typography-letter-spacing);--awb-filter:opacity(100%);--awb-filter-transition:filter 0.3s ease;--awb-filter-hover:opacity(70%);\"><span class=\" fusion-imageframe imageframe-none imageframe-37 hover-type-none\"><img decoding=\"async\" width=\"800\" height=\"600\" title=\"INA_800x600px\" src=\"https:\/\/www.ada.at\/wp-content\/uploads\/2023\/11\/INA_800x600px.png\" alt class=\"img-responsive wp-image-11936\"\/><\/span><\/div><div class=\"fusion-title title fusion-title-39 fusion-sep-none fusion-title-text fusion-title-size-three\" style=\"--awb-margin-right:20px;--awb-margin-left:20px;--awb-margin-top-small:10px;--awb-margin-right-small:0px;--awb-margin-bottom-small:10px;--awb-margin-left-small:0px;--awb-font-size:30pt;\"><h3 class=\"fusion-title-heading title-heading-left\" style=\"margin:0;font-size:1em;line-height:32px;\"><span style=\"font-size: 18pt;\">Dopamine Decor &amp; Co: n\u00e9gy lak\u00e1strend 2024-re<\/span><\/h3><\/div><div class=\"fusion-text fusion-text-74\" style=\"--awb-margin-right:20px;--awb-margin-left:20px;\"><p><span style=\"font-size: 12pt;\">A Dopamine Decor eset\u00e9n csak egy fontos k\u00e9rd\u00e9s van a lakberendez\u00e9sben: boldogg\u00e1 tesz? El\u00e1ruljuk, hogy milyen \u00faj trendek lesznek 2024-ben, \u00e9s milyen trendek maradnak tov\u00e1bbra is.<\/span><\/p>\n<p><span style=\"font-size: 16px;\"><b><u><a href=\"https:\/\/www.ada.at\/wp-content\/uploads\/2023\/11\/2023-11-14-Wohntrends-2024.pdf\" target=\"_blank\" rel=\"noopener noreferrer\">Sajt\u00f3k\u00f6zlem\u00e9ny let\u00f6lt\u00e9se<\/a><\/u><\/b><\/span><\/p>\n<\/div><div class=\"fusion-separator\" style=\"align-self: center;margin-left: auto;margin-right: auto;margin-top:0px;margin-bottom:20px;width:100%;max-width:90%;\"><div class=\"fusion-separator-border sep-single sep-solid\" style=\"--awb-height:20px;--awb-amount:20px;--awb-sep-color:var(--awb-color5);border-color:var(--awb-color5);border-top-width:1px;\"><\/div><\/div><div class=\"fusion-text fusion-text-75\" style=\"--awb-text-color:#b0b7b9;--awb-margin-right:20px;--awb-margin-left:20px;\"><p><span style=\"font-size: 12pt;\">2023. 11. 14-\u00e9n<\/span><\/p>\n<\/div><\/div><\/div><div class=\"fusion-layout-column fusion_builder_column fusion-builder-column-42 fusion_builder_column_1_3 1_3 fusion-flex-column\" style=\"--awb-overflow:hidden;--awb-bg-color:#ffffff;--awb-bg-color-hover:#ffffff;--awb-bg-size:cover;--awb-border-radius:8px 8px 8px 8px;--awb-width-large:33.333333333333%;--awb-margin-top-large:0px;--awb-spacing-right-large:5.76%;--awb-margin-bottom-large:20px;--awb-spacing-left-large:5.76%;--awb-width-medium:33.333333333333%;--awb-order-medium:0;--awb-spacing-right-medium:5.76%;--awb-spacing-left-medium:5.76%;--awb-width-small:100%;--awb-order-small:0;--awb-spacing-right-small:1.92%;--awb-spacing-left-small:1.92%;\" data-scroll-devices=\"small-visibility,medium-visibility,large-visibility\"><div class=\"fusion-column-wrapper fusion-column-has-shadow fusion-flex-justify-content-flex-start fusion-content-layout-column\"><div class=\"fusion-image-element \" style=\"--awb-caption-title-font-family:var(--h2_typography-font-family);--awb-caption-title-font-weight:var(--h2_typography-font-weight);--awb-caption-title-font-style:var(--h2_typography-font-style);--awb-caption-title-size:var(--h2_typography-font-size);--awb-caption-title-transform:var(--h2_typography-text-transform);--awb-caption-title-line-height:var(--h2_typography-line-height);--awb-caption-title-letter-spacing:var(--h2_typography-letter-spacing);--awb-filter:opacity(100%);--awb-filter-transition:filter 0.3s ease;--awb-filter-hover:opacity(70%);\"><span class=\" fusion-imageframe imageframe-none imageframe-38 hover-type-none\"><img decoding=\"async\" width=\"800\" height=\"600\" title=\"Cometa_400x300px\" src=\"https:\/\/www.ada.at\/wp-content\/uploads\/2023\/10\/Cometa_400x300px.png\" alt class=\"img-responsive wp-image-11304\"\/><\/span><\/div><div class=\"fusion-title title fusion-title-40 fusion-sep-none fusion-title-text fusion-title-size-three\" style=\"--awb-margin-right:20px;--awb-margin-left:20px;--awb-margin-top-small:10px;--awb-margin-right-small:0px;--awb-margin-bottom-small:10px;--awb-margin-left-small:0px;--awb-font-size:30pt;\"><h3 class=\"fusion-title-heading title-heading-left\" style=\"margin:0;font-size:1em;line-height:32px;\"><span style=\"font-size: 18pt;\">A j\u00f3 nap a j\u00f3 \u00e9jszak\u00e1val kezd\u0151dik<\/span><\/h3><\/div><div class=\"fusion-text fusion-text-76\" style=\"--awb-margin-right:20px;--awb-margin-left:20px;\"><p><span style=\"font-size: 12pt;\">Az \u00e9let\u00fcnk egyik legkev\u00e9sb\u00e9 ismert pillanata, pedig minden \u00e9jjel megesik vel\u00fcnk: az elalv\u00e1s. Az alv\u00e1ssal t\u00f6lt\u00f6tt id\u0151 nagyon fontos a k\u00f6z\u00e9rzet\u00fcnk szempontj\u00e1b\u00f3l. Hogy fog j\u00f3l siker\u00fclni?<br \/>\n<\/span><\/p>\n<p><span style=\"font-size: 16px;\"><b><u><a href=\"https:\/\/www.ada.at\/wp-content\/uploads\/2023\/10\/2023-10-24-Gesunder-Schlaf.pdf\" target=\"_blank\" rel=\"noopener noreferrer\">Sajt\u00f3k\u00f6zlem\u00e9ny let\u00f6lt\u00e9se<\/a><\/u><\/b><\/span><\/p>\n<\/div><div class=\"fusion-separator\" style=\"align-self: center;margin-left: auto;margin-right: auto;margin-top:0px;margin-bottom:20px;width:100%;max-width:90%;\"><div class=\"fusion-separator-border sep-single sep-solid\" style=\"--awb-height:20px;--awb-amount:20px;--awb-sep-color:var(--awb-color5);border-color:var(--awb-color5);border-top-width:1px;\"><\/div><\/div><div class=\"fusion-text fusion-text-77\" style=\"--awb-text-color:#b0b7b9;--awb-margin-right:20px;--awb-margin-left:20px;\"><p><span style=\"font-size: 12pt;\">2023. 10. 24-\u00e9n<\/span><\/p>\n<\/div><\/div><\/div><div class=\"fusion-layout-column fusion_builder_column fusion-builder-column-43 fusion_builder_column_1_3 1_3 fusion-flex-column\" style=\"--awb-overflow:hidden;--awb-bg-color:#ffffff;--awb-bg-color-hover:#ffffff;--awb-bg-size:cover;--awb-border-radius:8px 8px 8px 8px;--awb-width-large:33.333333333333%;--awb-margin-top-large:0px;--awb-spacing-right-large:5.76%;--awb-margin-bottom-large:20px;--awb-spacing-left-large:5.76%;--awb-width-medium:33.333333333333%;--awb-order-medium:0;--awb-spacing-right-medium:5.76%;--awb-spacing-left-medium:5.76%;--awb-width-small:100%;--awb-order-small:0;--awb-spacing-right-small:1.92%;--awb-spacing-left-small:1.92%;\" data-scroll-devices=\"small-visibility,medium-visibility,large-visibility\"><div class=\"fusion-column-wrapper fusion-column-has-shadow fusion-flex-justify-content-flex-start fusion-content-layout-column\"><div class=\"fusion-image-element \" style=\"--awb-caption-title-font-family:var(--h2_typography-font-family);--awb-caption-title-font-weight:var(--h2_typography-font-weight);--awb-caption-title-font-style:var(--h2_typography-font-style);--awb-caption-title-size:var(--h2_typography-font-size);--awb-caption-title-transform:var(--h2_typography-text-transform);--awb-caption-title-line-height:var(--h2_typography-line-height);--awb-caption-title-letter-spacing:var(--h2_typography-letter-spacing);--awb-filter:opacity(100%);--awb-filter-transition:filter 0.3s ease;--awb-filter-hover:opacity(70%);\"><span class=\" fusion-imageframe imageframe-none imageframe-39 hover-type-none\"><a class=\"fusion-no-lightbox\" href=\"https:\/\/www.ada.at\/wp-content\/uploads\/2023\/10\/2023-10-18-ADA-apartment_Besuchertage_Nachbericht.pdf\" target=\"_blank\" aria-label=\"DSC_0728_ADAapartment_Nachbericht_400x300px\" rel=\"noopener noreferrer\"><img decoding=\"async\" width=\"400\" height=\"300\" src=\"https:\/\/www.ada.at\/wp-content\/uploads\/2023\/10\/DSC_0728_ADAapartment_Nachbericht_400x300px.jpg\" alt class=\"img-responsive wp-image-10878\"\/><\/a><\/span><\/div><div class=\"fusion-title title fusion-title-41 fusion-sep-none fusion-title-text fusion-title-size-three\" style=\"--awb-margin-right:20px;--awb-margin-left:20px;--awb-margin-top-small:10px;--awb-margin-right-small:0px;--awb-margin-bottom-small:10px;--awb-margin-left-small:0px;--awb-font-size:30pt;\"><h3 class=\"fusion-title-heading title-heading-left\" style=\"margin:0;font-size:1em;line-height:32px;\"><span style=\"font-size: 18pt;\">Visszatekint\u00e9s az els\u0151 Mindful Living rendezv\u00e9nyre.<\/span><\/h3><\/div><div class=\"fusion-text fusion-text-78\" style=\"--awb-margin-right:20px;--awb-margin-left:20px;\"><p><span style=\"font-size: 12pt;\">Sikeres ADA-apartman B\u00e9csben: el\u0151sz\u00f6r nyitottunk meg pop-up apartmant, \u00e9s most t\u00edz sikeres b\u00e9csi napra tekint\u00fcnk vissza mintegy 300 l\u00e1togat\u00f3val.<br \/>\n<\/span><\/p>\n<p><span style=\"font-size: 16px;\"><b><u><a href=\"https:\/\/www.ada.at\/wp-content\/uploads\/2023\/10\/2023-10-18-ADA-apartment_Besuchertage_Nachbericht.pdf\" target=\"_blank\" rel=\"noopener noreferrer\">Sajt\u00f3k\u00f6zlem\u00e9ny let\u00f6lt\u00e9se<\/a><\/u><\/b><\/span><\/p>\n<\/div><div class=\"fusion-separator\" style=\"align-self: center;margin-left: auto;margin-right: auto;margin-top:0px;margin-bottom:20px;width:100%;max-width:90%;\"><div class=\"fusion-separator-border sep-single sep-solid\" style=\"--awb-height:20px;--awb-amount:20px;--awb-sep-color:var(--awb-color5);border-color:var(--awb-color5);border-top-width:1px;\"><\/div><\/div><div class=\"fusion-text fusion-text-79\" style=\"--awb-text-color:#b0b7b9;--awb-margin-right:20px;--awb-margin-left:20px;\"><p><span style=\"font-size: 12pt;\">2023. 10. 18-\u00e1n<\/span><\/p>\n<\/div><\/div><\/div><div class=\"fusion-layout-column fusion_builder_column fusion-builder-column-44 fusion_builder_column_1_3 1_3 fusion-flex-column\" style=\"--awb-overflow:hidden;--awb-bg-color:#ffffff;--awb-bg-color-hover:#ffffff;--awb-bg-size:cover;--awb-border-radius:8px 8px 8px 8px;--awb-width-large:33.333333333333%;--awb-margin-top-large:0px;--awb-spacing-right-large:5.76%;--awb-margin-bottom-large:20px;--awb-spacing-left-large:5.76%;--awb-width-medium:33.333333333333%;--awb-order-medium:0;--awb-spacing-right-medium:5.76%;--awb-spacing-left-medium:5.76%;--awb-width-small:100%;--awb-order-small:0;--awb-spacing-right-small:1.92%;--awb-spacing-left-small:1.92%;\" data-scroll-devices=\"small-visibility,medium-visibility,large-visibility\"><div class=\"fusion-column-wrapper fusion-column-has-shadow fusion-flex-justify-content-flex-start fusion-content-layout-column\"><div class=\"fusion-image-element \" style=\"--awb-caption-title-font-family:var(--h2_typography-font-family);--awb-caption-title-font-weight:var(--h2_typography-font-weight);--awb-caption-title-font-style:var(--h2_typography-font-style);--awb-caption-title-size:var(--h2_typography-font-size);--awb-caption-title-transform:var(--h2_typography-text-transform);--awb-caption-title-line-height:var(--h2_typography-line-height);--awb-caption-title-letter-spacing:var(--h2_typography-letter-spacing);--awb-filter:opacity(100%);--awb-filter-transition:filter 0.3s ease;--awb-filter-hover:opacity(70%);\"><span class=\" fusion-imageframe imageframe-none imageframe-40 hover-type-none\"><a class=\"fusion-no-lightbox\" href=\"https:\/\/www.ada.at\/wp-content\/uploads\/2023\/10\/2023-10-03-ADA-apartment_opening.pdf\" target=\"_blank\" aria-label=\"ADA apartment_Eroeffnung_400x300px\" rel=\"noopener noreferrer\"><img decoding=\"async\" width=\"400\" height=\"300\" src=\"https:\/\/www.ada.at\/wp-content\/uploads\/2023\/10\/ADA-apartment_Eroeffnung_400x300px.jpg\" alt class=\"img-responsive wp-image-10920\"\/><\/a><\/span><\/div><div class=\"fusion-title title fusion-title-42 fusion-sep-none fusion-title-text fusion-title-size-three\" style=\"--awb-margin-right:20px;--awb-margin-left:20px;--awb-margin-top-small:10px;--awb-margin-right-small:0px;--awb-margin-bottom-small:10px;--awb-margin-left-small:0px;--awb-font-size:30pt;\"><h3 class=\"fusion-title-heading title-heading-left\" style=\"margin:0;font-size:1em;line-height:32px;\"><span style=\"font-size: 18pt;\">Az ADA apartman sikeres megnyit\u00e1sa B\u00e9csben<\/span><\/h3><\/div><div class=\"fusion-text fusion-text-80\" style=\"--awb-margin-right:20px;--awb-margin-left:20px;\"><p><span style=\"font-size: 12pt;\">Okt\u00f3ber 2-\u00e1n \u00fcnnepelt\u00fck mintegy 60 vend\u00e9ggel Ausztri\u00e1b\u00f3l, N\u00e9metorsz\u00e1gb\u00f3l \u00e9s Magyarorsz\u00e1gr\u00f3l a m\u00e1rka \u00fajraind\u00edt\u00e1s\u00e1t: \u00fat az egyszer\u0171 b\u00fatorgy\u00e1rt\u00f3t\u00f3l a h\u00e9tk\u00f6znapok p\u00f6rg\u00e9s\u00e9nek lelass\u00edt\u00e1s\u00e1ig.<\/span><\/p>\n<p><span style=\"font-size: 16px;\"><b><u><a href=\"https:\/\/www.ada.at\/wp-content\/uploads\/2023\/10\/2023-10-03-ADA-apartment_opening.pdf\" target=\"_blank\" rel=\"noopener noreferrer\">Sajt\u00f3k\u00f6zlem\u00e9ny let\u00f6lt\u00e9se<\/a><\/u><\/b><\/span><\/p>\n<\/div><div class=\"fusion-separator\" style=\"align-self: center;margin-left: auto;margin-right: auto;margin-top:0px;margin-bottom:20px;width:100%;max-width:90%;\"><div class=\"fusion-separator-border sep-single sep-solid\" style=\"--awb-height:20px;--awb-amount:20px;--awb-sep-color:var(--awb-color5);border-color:var(--awb-color5);border-top-width:1px;\"><\/div><\/div><div class=\"fusion-text fusion-text-81\" style=\"--awb-text-color:#b0b7b9;--awb-margin-right:20px;--awb-margin-left:20px;\"><p><span style=\"font-size: 12pt;\">2023. 10. 03-\u00e1n<\/span><\/p>\n<\/div><\/div><\/div><div class=\"fusion-layout-column fusion_builder_column fusion-builder-column-45 fusion_builder_column_1_3 1_3 fusion-flex-column\" style=\"--awb-overflow:hidden;--awb-bg-color:#ffffff;--awb-bg-color-hover:#ffffff;--awb-bg-size:cover;--awb-border-radius:8px 8px 8px 8px;--awb-width-large:33.333333333333%;--awb-margin-top-large:0px;--awb-spacing-right-large:5.76%;--awb-margin-bottom-large:20px;--awb-spacing-left-large:5.76%;--awb-width-medium:33.333333333333%;--awb-order-medium:0;--awb-spacing-right-medium:5.76%;--awb-spacing-left-medium:5.76%;--awb-width-small:100%;--awb-order-small:0;--awb-spacing-right-small:1.92%;--awb-spacing-left-small:1.92%;\" data-scroll-devices=\"small-visibility,medium-visibility,large-visibility\"><div class=\"fusion-column-wrapper fusion-column-has-shadow fusion-flex-justify-content-flex-start fusion-content-layout-column\"><div class=\"fusion-image-element \" style=\"--awb-caption-title-font-family:var(--h2_typography-font-family);--awb-caption-title-font-weight:var(--h2_typography-font-weight);--awb-caption-title-font-style:var(--h2_typography-font-style);--awb-caption-title-size:var(--h2_typography-font-size);--awb-caption-title-transform:var(--h2_typography-text-transform);--awb-caption-title-line-height:var(--h2_typography-line-height);--awb-caption-title-letter-spacing:var(--h2_typography-letter-spacing);--awb-filter:opacity(100%);--awb-filter-transition:filter 0.3s ease;--awb-filter-hover:opacity(70%);\"><span class=\" fusion-imageframe imageframe-none imageframe-41 hover-type-none\"><a class=\"fusion-no-lightbox\" href=\"https:\/\/www.ada.at\/wp-content\/uploads\/2023\/10\/2023-09-28-Nachbericht-MOW.pdf\" target=\"_blank\" aria-label=\"MOW2023_ADA_Uebersicht_2\" rel=\"noopener noreferrer\"><img decoding=\"async\" width=\"400\" height=\"300\" src=\"https:\/\/www.ada.at\/wp-content\/uploads\/2023\/10\/MOW2023_ADA_Uebersicht_2.jpg\" alt class=\"img-responsive wp-image-10918\"\/><\/a><\/span><\/div><div class=\"fusion-title title fusion-title-43 fusion-sep-none fusion-title-text fusion-title-size-three\" style=\"--awb-margin-right:20px;--awb-margin-left:20px;--awb-margin-top-small:10px;--awb-margin-right-small:0px;--awb-margin-bottom-small:10px;--awb-margin-left-small:0px;--awb-font-size:30pt;\"><h3 class=\"fusion-title-heading title-heading-left\" style=\"margin:0;font-size:1em;line-height:32px;\"><span style=\"font-size: 18pt;\">M.O.W. 2023: az ADA \u00faj m\u00e1rkan\u00e9vvel lelkes\u00edti az \u00e9rdekl\u0151d\u0151ket<\/span><\/h3><\/div><div class=\"fusion-text fusion-text-82\" style=\"--awb-margin-right:20px;--awb-margin-left:20px;\"><p><span style=\"font-size: 12pt;\">A 85.000 m\u00b2 ki\u00e1ll\u00edt\u00e1si ter\u00fcleten a l\u00e1togat\u00f3k t\u00f6bb mint 40 nemzet jelent\u0151s lakberendez\u00e9si trendj\u00e9vel tal\u00e1lkozhattak. Ebben az inspir\u00e1l\u00f3 k\u00f6rnyezetben mutattuk be az \u00faj m\u00e1rkanev\u00fcnket, az ADA. Mindful Livinget.<br \/>\n<\/span><\/p>\n<p><span style=\"font-size: 16px;\"><b><u><a href=\"https:\/\/www.ada.at\/wp-content\/uploads\/2023\/10\/2023-09-28-Nachbericht-MOW.pdf\" target=\"_blank\" rel=\"noopener noreferrer\">Sajt\u00f3k\u00f6zlem\u00e9ny let\u00f6lt\u00e9se<\/a><\/u><\/b><\/span><\/p>\n<\/div><div class=\"fusion-separator\" style=\"align-self: center;margin-left: auto;margin-right: auto;margin-top:0px;margin-bottom:20px;width:100%;max-width:90%;\"><div class=\"fusion-separator-border sep-single sep-solid\" style=\"--awb-height:20px;--awb-amount:20px;--awb-sep-color:var(--awb-color5);border-color:var(--awb-color5);border-top-width:1px;\"><\/div><\/div><div class=\"fusion-text fusion-text-83\" style=\"--awb-text-color:#b0b7b9;--awb-margin-right:20px;--awb-margin-left:20px;\"><p><span style=\"font-size: 12pt;\">2023. 09. 28-\u00e1n<\/span><\/p>\n<\/div><\/div><\/div><div class=\"fusion-layout-column fusion_builder_column fusion-builder-column-46 fusion_builder_column_1_3 1_3 fusion-flex-column\" style=\"--awb-overflow:hidden;--awb-bg-color:#ffffff;--awb-bg-color-hover:#ffffff;--awb-bg-size:cover;--awb-border-radius:8px 8px 8px 8px;--awb-width-large:33.333333333333%;--awb-margin-top-large:0px;--awb-spacing-right-large:5.76%;--awb-margin-bottom-large:20px;--awb-spacing-left-large:5.76%;--awb-width-medium:33.333333333333%;--awb-order-medium:0;--awb-spacing-right-medium:5.76%;--awb-spacing-left-medium:5.76%;--awb-width-small:100%;--awb-order-small:0;--awb-spacing-right-small:1.92%;--awb-spacing-left-small:1.92%;\" data-scroll-devices=\"small-visibility,medium-visibility,large-visibility\"><div class=\"fusion-column-wrapper fusion-column-has-shadow fusion-flex-justify-content-flex-start fusion-content-layout-column\"><div class=\"fusion-image-element \" style=\"--awb-caption-title-font-family:var(--h2_typography-font-family);--awb-caption-title-font-weight:var(--h2_typography-font-weight);--awb-caption-title-font-style:var(--h2_typography-font-style);--awb-caption-title-size:var(--h2_typography-font-size);--awb-caption-title-transform:var(--h2_typography-text-transform);--awb-caption-title-line-height:var(--h2_typography-line-height);--awb-caption-title-letter-spacing:var(--h2_typography-letter-spacing);--awb-filter:opacity(100%);--awb-filter-transition:filter 0.3s ease;--awb-filter-hover:opacity(70%);\"><span class=\" fusion-imageframe imageframe-none imageframe-42 hover-type-none\"><a class=\"fusion-no-lightbox\" href=\"\/wp-content\/uploads\/2023\/09\/2023-09-12-Eventvorstellung-ADA-apartment.pdf\" target=\"_blank\" aria-label=\"ADAapartment_presse_363x272px\" rel=\"noopener noreferrer\"><img decoding=\"async\" width=\"484\" height=\"363\" src=\"\/wp-content\/uploads\/2023\/09\/ADAapartment_presse_363x272px.jpg\" alt class=\"img-responsive wp-image-9326\"\/><\/a><\/span><\/div><div class=\"fusion-title title fusion-title-44 fusion-sep-none fusion-title-text fusion-title-size-three\" style=\"--awb-margin-right:20px;--awb-margin-left:20px;--awb-margin-top-small:10px;--awb-margin-right-small:0px;--awb-margin-bottom-small:10px;--awb-margin-left-small:0px;--awb-font-size:30pt;\"><h3 class=\"fusion-title-heading title-heading-left\" style=\"margin:0;font-size:1em;line-height:32px;\"><span style=\"font-size: 18pt;\">Az ADA apartman: a Mindful Living rendezv\u00e9ny B\u00e9csben<\/span><\/h3><\/div><div class=\"fusion-text fusion-text-84\" style=\"--awb-margin-right:20px;--awb-margin-left:20px;\"><p><span style=\"font-size: 12pt;\">4 nap, 200 m\u00b2, 10 alkot\u00f3m\u0171hely \u00e9s b\u00fatorok, megh\u00edv\u00f3 a h\u00e9tk\u00f6znapok rohan\u00e1s\u00e1nak a lelass\u00edt\u00e1s\u00e1ra: ADA apartman. Megh\u00edvunk egy rendk\u00edv\u00fcli Image Eventre okt\u00f3ber 5. \u00e9s 8. k\u00f6z\u00f6tt a b\u00e9csi Filmquartierbe.<br \/>\n<\/span><\/p>\n<p><span style=\"font-size: 16px;\"><b><a href=\"..\/wp-content\/uploads\/2023\/09\/2023-09-12-Eventvorstellung-ADA-apartment.pdf\" target=\"_blank\" rel=\"noopener noreferrer\"><u>Sajt\u00f3k\u00f6zlem\u00e9ny let\u00f6lt\u00e9se<\/u><\/a><\/b><\/span><\/p>\n<\/div><div class=\"fusion-separator\" style=\"align-self: center;margin-left: auto;margin-right: auto;margin-top:0px;margin-bottom:20px;width:100%;max-width:90%;\"><div class=\"fusion-separator-border sep-single sep-solid\" style=\"--awb-height:20px;--awb-amount:20px;--awb-sep-color:var(--awb-color5);border-color:var(--awb-color5);border-top-width:1px;\"><\/div><\/div><div class=\"fusion-text fusion-text-85\" style=\"--awb-text-color:#b0b7b9;--awb-margin-right:20px;--awb-margin-left:20px;\"><p><span style=\"font-size: 12pt;\">2023. 09. 12-\u00e9n<\/span><\/p>\n<\/div><\/div><\/div><div class=\"fusion-layout-column fusion_builder_column fusion-builder-column-47 fusion_builder_column_1_3 1_3 fusion-flex-column\" style=\"--awb-overflow:hidden;--awb-bg-color:#ffffff;--awb-bg-color-hover:#ffffff;--awb-bg-size:cover;--awb-border-radius:8px 8px 8px 8px;--awb-width-large:33.333333333333%;--awb-margin-top-large:0px;--awb-spacing-right-large:5.76%;--awb-margin-bottom-large:20px;--awb-spacing-left-large:5.76%;--awb-width-medium:33.333333333333%;--awb-order-medium:0;--awb-spacing-right-medium:5.76%;--awb-spacing-left-medium:5.76%;--awb-width-small:100%;--awb-order-small:0;--awb-spacing-right-small:1.92%;--awb-spacing-left-small:1.92%;\" data-scroll-devices=\"small-visibility,medium-visibility,large-visibility\"><div class=\"fusion-column-wrapper fusion-column-has-shadow fusion-flex-justify-content-flex-start fusion-content-layout-column\"><div class=\"fusion-image-element \" style=\"--awb-caption-title-font-family:var(--h2_typography-font-family);--awb-caption-title-font-weight:var(--h2_typography-font-weight);--awb-caption-title-font-style:var(--h2_typography-font-style);--awb-caption-title-size:var(--h2_typography-font-size);--awb-caption-title-transform:var(--h2_typography-text-transform);--awb-caption-title-line-height:var(--h2_typography-line-height);--awb-caption-title-letter-spacing:var(--h2_typography-letter-spacing);--awb-filter:opacity(100%);--awb-filter-transition:filter 0.3s ease;--awb-filter-hover:opacity(70%);\"><span class=\" fusion-imageframe imageframe-none imageframe-43 hover-type-none\"><a class=\"fusion-no-lightbox\" href=\"..\/wp-content\/uploads\/2023\/09\/2023-09-05-Styrian-Skills_Verena-Stadlhofer.pdf\" target=\"_self\" aria-label=\"23StyrianSkills 03.07.2023\"><img decoding=\"async\" width=\"363\" height=\"272\" src=\"\/wp-content\/uploads\/2023\/09\/Styrian-Skills_363x272px.jpg\" alt class=\"img-responsive wp-image-9330\"\/><\/a><\/span><\/div><div class=\"fusion-title title fusion-title-45 fusion-sep-none fusion-title-text fusion-title-size-three\" style=\"--awb-margin-right:20px;--awb-margin-left:20px;--awb-margin-top-small:10px;--awb-margin-right-small:0px;--awb-margin-bottom-small:10px;--awb-margin-left-small:0px;--awb-font-size:30pt;\"><h3 class=\"fusion-title-heading title-heading-left\" style=\"margin:0;font-size:1em;line-height:32px;\"><span style=\"font-size: 18pt;\">Az ADA ipari tanul\u00f3ja nyerte a st\u00e1jerorsz\u00e1gi di\u00e1kversenyt (Styrian Skills).<\/span><\/h3><\/div><div class=\"fusion-text fusion-text-86\" style=\"--awb-margin-right:20px;--awb-margin-left:20px;\"><p><span style=\"font-size: 12pt;\">Az ADA ipari tanul\u00f3ja, Verena Stadlhofer kiemelked\u0151 teljes\u00edtm\u00e9ny\u00e9vel a tap\u00e9t\u00e1z\u00e1s \u00e9s a dekor\u00e1ci\u00f3 ter\u00fclet\u00e9n megszerezte a tartom\u00e1nyi gy\u0151ztes c\u00edmet a st\u00e1jerorsz\u00e1gi di\u00e1kversenyen<\/span><\/p>\n<p><span style=\"font-size: 16px;\"><b><a href=\"..\/wp-content\/uploads\/2023\/09\/2023-09-05-Styrian-Skills_Verena-Stadlhofer.pdf\" target=\"_blank\" rel=\"noopener noreferrer\"><u>Sajt\u00f3k\u00f6zlem\u00e9ny let\u00f6lt\u00e9se<\/u><\/a><\/b><\/span><\/p>\n<\/div><div class=\"fusion-separator\" style=\"align-self: center;margin-left: auto;margin-right: auto;margin-top:0px;margin-bottom:20px;width:100%;max-width:90%;\"><div class=\"fusion-separator-border sep-single sep-solid\" style=\"--awb-height:20px;--awb-amount:20px;--awb-sep-color:var(--awb-color5);border-color:var(--awb-color5);border-top-width:1px;\"><\/div><\/div><div class=\"fusion-text fusion-text-87\" style=\"--awb-text-color:#b0b7b9;--awb-margin-right:20px;--awb-margin-left:20px;\"><p><span style=\"font-size: 12pt;\">2023. 09. 05-\u00e9n<\/span><\/p>\n<\/div><\/div><\/div><\/div><\/div><div class=\"fusion-fullwidth fullwidth-box fusion-builder-row-4 fusion-flex-container has-pattern-background has-mask-background nonhundred-percent-fullwidth non-hundred-percent-height-scrolling cp-nachhaltigkeitselement bottom200\" style=\"--awb-border-radius-top-left:0px;--awb-border-radius-top-right:0px;--awb-border-radius-bottom-right:0px;--awb-border-radius-bottom-left:0px;--awb-flex-wrap:wrap;\" ><div class=\"fusion-builder-row fusion-row fusion-flex-align-items-flex-start fusion-flex-content-wrap\" style=\"max-width:1248px;margin-left: calc(-4% \/ 2 );margin-right: calc(-4% \/ 2 );\"><div class=\"fusion-layout-column fusion_builder_column fusion-builder-column-48 fusion_builder_column_1_3 1_3 fusion-flex-column\" style=\"--awb-bg-size:cover;--awb-width-large:33.333333333333%;--awb-margin-top-large:0px;--awb-spacing-right-large:5.76%;--awb-margin-bottom-large:20px;--awb-spacing-left-large:5.76%;--awb-width-medium:33.333333333333%;--awb-order-medium:0;--awb-spacing-right-medium:5.76%;--awb-spacing-left-medium:5.76%;--awb-width-small:100%;--awb-order-small:0;--awb-spacing-right-small:1.92%;--awb-spacing-left-small:1.92%;\"><div class=\"fusion-column-wrapper fusion-column-has-shadow fusion-flex-justify-content-flex-start fusion-content-layout-column\"><div class=\"fusion-title title fusion-title-46 fusion-sep-none fusion-title-text fusion-title-size-two\" style=\"--awb-text-color:var(--awb-color5);--awb-margin-top-small:10px;--awb-margin-right-small:0px;--awb-margin-bottom-small:10px;--awb-margin-left-small:0px;\"><h2 class=\"fusion-title-heading title-heading-left\" style=\"margin:0;\">Sajt\u00f3felel\u0151s<\/h2><\/div><\/div><\/div><div class=\"fusion-layout-column fusion_builder_column fusion-builder-column-49 fusion_builder_column_2_3 2_3 fusion-flex-column\" style=\"--awb-padding-top:15px;--awb-bg-size:cover;--awb-width-large:66.666666666667%;--awb-margin-top-large:0px;--awb-spacing-right-large:2.88%;--awb-margin-bottom-large:20px;--awb-spacing-left-large:2.88%;--awb-width-medium:66.666666666667%;--awb-order-medium:0;--awb-spacing-right-medium:2.88%;--awb-spacing-left-medium:2.88%;--awb-width-small:100%;--awb-order-small:0;--awb-spacing-right-small:1.92%;--awb-spacing-left-small:1.92%;\"><div class=\"fusion-column-wrapper fusion-column-has-shadow fusion-flex-justify-content-flex-start fusion-content-layout-column\"><div class=\"fusion-text fusion-text-88\" style=\"--awb-text-color:var(--awb-color5);\"><p><b>Verena Inschlag<\/b><br \/>\nPR &amp; Media Marketing menedzser<\/p>\n<p><b><u><a href=\"mailto:press@ada.at\">press@ada.at<\/a><\/u><\/b><\/p>\n<\/div><\/div><\/div><div class=\"fusion-layout-column fusion_builder_column fusion-builder-column-50 fusion_builder_column_1_1 1_1 fusion-flex-column\" style=\"--awb-bg-size:cover;--awb-width-large:100%;--awb-margin-top-large:0px;--awb-spacing-right-large:1.92%;--awb-margin-bottom-large:20px;--awb-spacing-left-large:1.92%;--awb-width-medium:100%;--awb-order-medium:0;--awb-spacing-right-medium:1.92%;--awb-spacing-left-medium:1.92%;--awb-width-small:100%;--awb-order-small:0;--awb-spacing-right-small:1.92%;--awb-spacing-left-small:1.92%;\" data-scroll-devices=\"small-visibility,medium-visibility,large-visibility\"><div class=\"fusion-column-wrapper fusion-column-has-shadow fusion-flex-justify-content-flex-start fusion-content-layout-column\"><div class=\"fusion-image-element \" style=\"text-align:center;--awb-caption-title-font-family:var(--h2_typography-font-family);--awb-caption-title-font-weight:var(--h2_typography-font-weight);--awb-caption-title-font-style:var(--h2_typography-font-style);--awb-caption-title-size:var(--h2_typography-font-size);--awb-caption-title-transform:var(--h2_typography-text-transform);--awb-caption-title-line-height:var(--h2_typography-line-height);--awb-caption-title-letter-spacing:var(--h2_typography-letter-spacing);\"><span class=\" fusion-imageframe imageframe-none imageframe-44 hover-type-none bottom-250 top50\" style=\"border-radius:8px;\"><img decoding=\"async\" width=\"1200\" height=\"675\" title=\"Inschlag Verena_02_1200x675px\" src=\"https:\/\/www.ada.at\/wp-content\/uploads\/2023\/10\/Inschlag-Verena_02_1200x675px.png\" alt class=\"img-responsive wp-image-10880\"\/><\/span><\/div><\/div><\/div><\/div><\/div><div class=\"fusion-fullwidth fullwidth-box fusion-builder-row-5 fusion-flex-container has-pattern-background has-mask-background nonhundred-percent-fullwidth non-hundred-percent-height-scrolling bg-blau top50 bottom-100\" style=\"--awb-border-radius-top-left:0px;--awb-border-radius-top-right:0px;--awb-border-radius-bottom-right:0px;--awb-border-radius-bottom-left:0px;--awb-padding-top:100px;--awb-padding-bottom:100px;--awb-margin-bottom:0px;--awb-flex-wrap:wrap;\" ><div class=\"fusion-builder-row fusion-row fusion-flex-align-items-flex-start fusion-flex-content-wrap\" style=\"max-width:1248px;margin-left: calc(-4% \/ 2 );margin-right: calc(-4% \/ 2 );\"><div class=\"fusion-layout-column fusion_builder_column fusion-builder-column-51 fusion_builder_column_1_1 1_1 fusion-flex-column\" style=\"--awb-bg-size:cover;--awb-width-large:100%;--awb-margin-top-large:0px;--awb-spacing-right-large:1.92%;--awb-margin-bottom-large:20px;--awb-spacing-left-large:1.92%;--awb-width-medium:100%;--awb-order-medium:0;--awb-spacing-right-medium:1.92%;--awb-spacing-left-medium:1.92%;--awb-width-small:100%;--awb-order-small:0;--awb-spacing-right-small:1.92%;--awb-spacing-left-small:1.92%;\"><div class=\"fusion-column-wrapper fusion-column-has-shadow fusion-flex-justify-content-flex-start fusion-content-layout-column\"><div class=\"fusion-title title fusion-title-47 fusion-sep-none fusion-title-text fusion-title-size-two\" style=\"--awb-text-color:#ffffff;--awb-margin-top-small:10px;--awb-margin-right-small:0px;--awb-margin-bottom-small:10px;--awb-margin-left-small:0px;\"><h2 class=\"fusion-title-heading title-heading-left\" style=\"margin:0;\"><span style=\"font-size: 24pt;\">Tov\u00e1bbi let\u00f6lt\u00e9sek<\/span><\/h2><\/div><\/div><\/div><div class=\"fusion-layout-column fusion_builder_column fusion-builder-column-52 fusion_builder_column_1_2 1_2 fusion-flex-column\" style=\"--awb-bg-size:cover;--awb-width-large:50%;--awb-margin-top-large:0px;--awb-spacing-right-large:3.84%;--awb-margin-bottom-large:20px;--awb-spacing-left-large:3.84%;--awb-width-medium:50%;--awb-order-medium:0;--awb-spacing-right-medium:3.84%;--awb-spacing-left-medium:3.84%;--awb-width-small:100%;--awb-order-small:0;--awb-spacing-right-small:1.92%;--awb-spacing-left-small:1.92%;\"><div class=\"fusion-column-wrapper fusion-column-has-shadow fusion-flex-justify-content-flex-start fusion-content-layout-column\"><div class=\"fusion-image-element \" style=\"text-align:left;--awb-aspect-ratio: 100 \/ 49;--awb-caption-title-font-family:var(--h2_typography-font-family);--awb-caption-title-font-weight:var(--h2_typography-font-weight);--awb-caption-title-font-style:var(--h2_typography-font-style);--awb-caption-title-size:var(--h2_typography-font-size);--awb-caption-title-transform:var(--h2_typography-text-transform);--awb-caption-title-line-height:var(--h2_typography-line-height);--awb-caption-title-letter-spacing:var(--h2_typography-letter-spacing);--awb-filter:brightness(100%);--awb-filter-transition:filter 0.3s ease;--awb-filter-hover:brightness(135%);\"><span class=\" fusion-imageframe imageframe-none imageframe-45 hover-type-none has-aspect-ratio\" style=\"border:1px solid var(--awb-color3);\"><a class=\"fusion-no-lightbox\" href=\"https:\/\/www.ada.at\/wp-content\/uploads\/2023\/10\/ADA-.-Mindful-Living-Logos.zip\" target=\"_blank\" aria-label=\"partnerportal-logos\" rel=\"noopener noreferrer\"><img decoding=\"async\" width=\"800\" height=\"400\" alt=\"Log\u00f3 ADA Mindful Living\" src=\"https:\/\/www.ada.at\/wp-content\/uploads\/2023\/10\/partnerportal-logos.jpg\" class=\"img-responsive wp-image-10046 img-with-aspect-ratio\" data-parent-fit=\"cover\" data-parent-container=\".fusion-image-element\" \/><\/a><\/span><\/div><div class=\"fusion-title title fusion-title-48 fusion-sep-none fusion-title-text fusion-title-size-three\" style=\"--awb-text-color:#ffffff;--awb-margin-bottom:-10px;--awb-margin-top-small:10px;--awb-margin-right-small:0px;--awb-margin-bottom-small:10px;--awb-margin-left-small:0px;\"><h3 class=\"fusion-title-heading title-heading-left\" style=\"margin:0;line-height:1px;\"><span style=\"font-size: 18pt;\">Log\u00f3<\/span><\/h3><\/div><div class=\"fusion-text fusion-text-89\"><p><a style=\"font-family: var(--awb-text-font-family); font-size: var(--awb-font-size); font-style: var(--awb-text-font-style); font-weight: var(--awb-text-font-weight); letter-spacing: var(--awb-letter-spacing); text-align: var(--awb-content-alignment); text-transform: var(--awb-text-transform); background-color: var(--awb-bg-color); color: #ffffff;\" href=\"https:\/\/www.ada.at\/wp-content\/uploads\/2023\/10\/ADA-.-Mindful-Living-Logos.zip\" target=\"_blank\" rel=\"noopener noreferrer\">ADA Mindful Living<\/a><\/p>\n<\/div><\/div><\/div><div class=\"fusion-layout-column fusion_builder_column fusion-builder-column-53 fusion_builder_column_1_2 1_2 fusion-flex-column\" style=\"--awb-bg-size:cover;--awb-width-large:50%;--awb-margin-top-large:0px;--awb-spacing-right-large:3.84%;--awb-margin-bottom-large:20px;--awb-spacing-left-large:3.84%;--awb-width-medium:50%;--awb-order-medium:0;--awb-spacing-right-medium:3.84%;--awb-spacing-left-medium:3.84%;--awb-width-small:100%;--awb-order-small:0;--awb-spacing-right-small:1.92%;--awb-spacing-left-small:1.92%;\"><div class=\"fusion-column-wrapper fusion-column-has-shadow fusion-flex-justify-content-flex-start fusion-content-layout-column\"><div class=\"fusion-image-element \" style=\"text-align:left;--awb-caption-title-font-family:var(--h2_typography-font-family);--awb-caption-title-font-weight:var(--h2_typography-font-weight);--awb-caption-title-font-style:var(--h2_typography-font-style);--awb-caption-title-size:var(--h2_typography-font-size);--awb-caption-title-transform:var(--h2_typography-text-transform);--awb-caption-title-line-height:var(--h2_typography-line-height);--awb-caption-title-letter-spacing:var(--h2_typography-letter-spacing);--awb-filter:brightness(100%);--awb-filter-transition:filter 0.3s ease;--awb-filter-hover:brightness(109%);\"><span class=\" fusion-imageframe imageframe-none imageframe-46 hover-type-none\" style=\"border:1px solid var(--awb-color3);\"><a class=\"fusion-no-lightbox\" href=\"https:\/\/www.ada.at\/wp-content\/uploads\/2023\/11\/ADA_Unternehmensportrait-1.pdf\" target=\"_blank\" aria-label=\"media-kit\" rel=\"noopener noreferrer\"><img decoding=\"async\" width=\"800\" height=\"400\" alt=\"Log\u00f3 ADA Mindful Living\" src=\"https:\/\/www.ada.at\/wp-content\/uploads\/2023\/11\/media-kit-1.jpg\" class=\"img-responsive wp-image-11886\"\/><\/a><\/span><\/div><div class=\"fusion-title title fusion-title-49 fusion-sep-none fusion-title-text fusion-title-size-three\" style=\"--awb-text-color:#ffffff;--awb-margin-bottom:-10px;--awb-margin-top-small:10px;--awb-margin-right-small:0px;--awb-margin-bottom-small:10px;--awb-margin-left-small:0px;\"><h3 class=\"fusion-title-heading title-heading-left\" style=\"margin:0;line-height:1px;\"><span style=\"font-size: 18pt;\">V\u00e1llalati portr\u00e9<\/span><\/h3><\/div><div class=\"fusion-text fusion-text-90\" style=\"--awb-text-color:#ffffff;\"><p><a style=\"color: #ffffff;\" href=\"https:\/\/www.ada.at\/wp-content\/uploads\/2023\/11\/ADA_Unternehmensportrait-1.pdf\">Let\u00f6lt\u00e9s<\/a><\/p>\n<\/div><\/div><\/div><\/div><\/div><\/p>\n","protected":false},"excerpt":{"rendered":"","protected":false},"author":2,"featured_media":11626,"parent":0,"menu_order":0,"comment_status":"closed","ping_status":"closed","template":"100-width.php","meta":{"_acf_changed":false,"footnotes":""},"class_list":["post-14265","page","type-page","status-publish","has-post-thumbnail","hentry","post-status-publish"],"acf":[],"_links":{"self":[{"href":"https:\/\/www.ada.at\/hu\/wp-json\/wp\/v2\/pages\/14265","targetHints":{"allow":["GET"]}}],"collection":[{"href":"https:\/\/www.ada.at\/hu\/wp-json\/wp\/v2\/pages"}],"about":[{"href":"https:\/\/www.ada.at\/hu\/wp-json\/wp\/v2\/types\/page"}],"author":[{"embeddable":true,"href":"https:\/\/www.ada.at\/hu\/wp-json\/wp\/v2\/users\/2"}],"replies":[{"embeddable":true,"href":"https:\/\/www.ada.at\/hu\/wp-json\/wp\/v2\/comments?post=14265"}],"version-history":[{"count":5,"href":"https:\/\/www.ada.at\/hu\/wp-json\/wp\/v2\/pages\/14265\/revisions"}],"predecessor-version":[{"id":25622,"href":"https:\/\/www.ada.at\/hu\/wp-json\/wp\/v2\/pages\/14265\/revisions\/25622"}],"wp:featuredmedia":[{"embeddable":true,"href":"https:\/\/www.ada.at\/hu\/wp-json\/wp\/v2\/media\/11626"}],"wp:attachment":[{"href":"https:\/\/www.ada.at\/hu\/wp-json\/wp\/v2\/media?parent=14265"}],"curies":[{"name":"wp","href":"https:\/\/api.w.org\/{rel}","templated":true}]}}